{"id":23925,"date":"2025-07-08T12:32:31","date_gmt":"2025-07-08T10:32:31","guid":{"rendered":"https:\/\/www.vadib.de\/?page_id=23925"},"modified":"2026-04-14T16:50:17","modified_gmt":"2026-04-14T14:50:17","slug":"dezentrale-messe-ost-2023-3-2-2-7","status":"publish","type":"page","link":"https:\/\/www.vadib.de\/?page_id=23925","title":{"rendered":"Messe NORD (Jan_2026)"},"content":{"rendered":"\n<p>Unser Messeformat \u2212 Schauen Sie <strong><a href=\"https:\/\/vimeo.com\/885919613\/fd9cd6fe7a?ts=0&amp;share=copy\">HIER<\/a><\/strong> (VIDEO)<\/p>\n\n\n\n<hr class=\"wp-block-separator has-alpha-channel-opacity is-style-wide\"\/>\n\n\n\n<div class=\"wp-block-columns alignwide are-vertically-aligned-bottom is-layout-flex wp-container-core-columns-is-layout-9d6595d7 wp-block-columns-is-layout-flex\">\n<div class=\"wp-block-column is-layout-flow wp-block-column-is-layout-flow\" style=\"flex-basis:80%\">\n<div class=\"wp-block-media-text is-stacked-on-mobile is-vertically-aligned-center\" style=\"grid-template-columns:21% auto\"><figure class=\"wp-block-media-text__media\"><a href=\"https:\/\/www.vadib.de\/wp-content\/uploads\/2025\/11\/Schroeders-Buero_Plakat_A4_NORD_22.png\"><img loading=\"lazy\" decoding=\"async\" width=\"707\" height=\"1000\" src=\"https:\/\/www.vadib.de\/wp-content\/uploads\/2025\/11\/Schroeders-Buero_Plakat_A4_NORD_22.png\" alt=\"\" class=\"wp-image-25307 size-full\" srcset=\"https:\/\/www.vadib.de\/wp-content\/uploads\/2025\/11\/Schroeders-Buero_Plakat_A4_NORD_22.png 707w, https:\/\/www.vadib.de\/wp-content\/uploads\/2025\/11\/Schroeders-Buero_Plakat_A4_NORD_22-212x300.png 212w\" sizes=\"auto, (max-width: 707px) 100vw, 707px\" \/><\/a><\/figure><div class=\"wp-block-media-text__content\">\n<p> <br>Die Messe \u201cQualifizieren f\u00fcr Besch\u00e4ftiguung\u201d <br>f\u00fcr die Region NORD in Bremen hat am 22. Januar 2026 im Gustav-Heinemann-B\u00fcrgerhaus in Vegesack stattgefunden.<\/p>\n<\/div><\/div>\n<\/div>\n<\/div>\n\n\n\n<hr class=\"wp-block-separator has-alpha-channel-opacity is-style-wide\"\/>\n\n\n\n<h1 class=\"wp-block-heading\">Eindr\u00fccke<\/h1>\n\n\n\n<p>Die Messe &#8222;Qualifizieren f\u00fcr Besch\u00e4ftigung&#8220; im Gustav-Heinemann-B\u00fcrgerhaus in Vegesack war inzwischen die elfte Veranstaltung in diesem Format. Die dezentrale Messe hat sich inzwischen etabliert. Insbesondere f\u00fcr Arbeitslose, Menschen mit Migrationshintergrund oder Schutzsuchende ist der Weg zu einer zentralen Veranstaltung weit au\u00dferhalb ihres Quartiers oft eine zu gro\u00dfe H\u00fcrde. F\u00fcr ausstellende Organisationen bietet dieses Messeformat eine Plattform f\u00fcr Gespr\u00e4che mit interessierten Menschen im Stadtteil.<\/p>\n\n\n\n<figure class=\"wp-block-image size-full is-style-default\"><a href=\"https:\/\/www.vadib.de\/wp-content\/uploads\/2026\/01\/NORD_2026_01.jpg\"><img loading=\"lazy\" decoding=\"async\" width=\"1333\" height=\"1000\" src=\"https:\/\/www.vadib.de\/wp-content\/uploads\/2026\/01\/NORD_2026_01.jpg\" alt=\"\" class=\"wp-image-26161\" srcset=\"https:\/\/www.vadib.de\/wp-content\/uploads\/2026\/01\/NORD_2026_01.jpg 1333w, https:\/\/www.vadib.de\/wp-content\/uploads\/2026\/01\/NORD_2026_01-300x225.jpg 300w, https:\/\/www.vadib.de\/wp-content\/uploads\/2026\/01\/NORD_2026_01-1024x768.jpg 1024w, https:\/\/www.vadib.de\/wp-content\/uploads\/2026\/01\/NORD_2026_01-768x576.jpg 768w\" sizes=\"auto, (max-width: 767px) 89vw, (max-width: 1000px) 54vw, (max-width: 1071px) 543px, 580px\" \/><\/a><\/figure>\n\n\n\n<figure class=\"wp-block-gallery has-nested-images columns-default is-cropped wp-block-gallery-1 is-layout-flex wp-block-gallery-is-layout-flex\">\n<figure class=\"wp-block-image size-full\"><a href=\"https:\/\/www.vadib.de\/wp-content\/uploads\/2026\/01\/NORD_2026_02.jpg\"><img loading=\"lazy\" decoding=\"async\" width=\"1000\" height=\"1500\" data-id=\"26162\" src=\"https:\/\/www.vadib.de\/wp-content\/uploads\/2026\/01\/NORD_2026_02.jpg\" alt=\"\" class=\"wp-image-26162\" srcset=\"https:\/\/www.vadib.de\/wp-content\/uploads\/2026\/01\/NORD_2026_02.jpg 1000w, https:\/\/www.vadib.de\/wp-content\/uploads\/2026\/01\/NORD_2026_02-200x300.jpg 200w, https:\/\/www.vadib.de\/wp-content\/uploads\/2026\/01\/NORD_2026_02-683x1024.jpg 683w, https:\/\/www.vadib.de\/wp-content\/uploads\/2026\/01\/NORD_2026_02-768x1152.jpg 768w\" sizes=\"auto, (max-width: 767px) 89vw, (max-width: 1000px) 54vw, (max-width: 1071px) 543px, 580px\" \/><\/a><\/figure>\n\n\n\n<figure class=\"wp-block-image size-full\"><a href=\"https:\/\/www.vadib.de\/wp-content\/uploads\/2026\/01\/NORD_2026_04.jpg\"><img loading=\"lazy\" decoding=\"async\" width=\"1000\" height=\"1500\" data-id=\"26163\" src=\"https:\/\/www.vadib.de\/wp-content\/uploads\/2026\/01\/NORD_2026_04.jpg\" alt=\"\" class=\"wp-image-26163\" srcset=\"https:\/\/www.vadib.de\/wp-content\/uploads\/2026\/01\/NORD_2026_04.jpg 1000w, https:\/\/www.vadib.de\/wp-content\/uploads\/2026\/01\/NORD_2026_04-200x300.jpg 200w, https:\/\/www.vadib.de\/wp-content\/uploads\/2026\/01\/NORD_2026_04-683x1024.jpg 683w, https:\/\/www.vadib.de\/wp-content\/uploads\/2026\/01\/NORD_2026_04-768x1152.jpg 768w\" sizes=\"auto, (max-width: 767px) 89vw, (max-width: 1000px) 54vw, (max-width: 1071px) 543px, 580px\" \/><\/a><\/figure>\n\n\n\n<figure class=\"wp-block-image size-full\"><a href=\"https:\/\/www.vadib.de\/wp-content\/uploads\/2026\/01\/NORD_2026_05.jpg\"><img loading=\"lazy\" decoding=\"async\" width=\"1000\" height=\"1500\" data-id=\"26164\" src=\"https:\/\/www.vadib.de\/wp-content\/uploads\/2026\/01\/NORD_2026_05.jpg\" alt=\"\" class=\"wp-image-26164\" srcset=\"https:\/\/www.vadib.de\/wp-content\/uploads\/2026\/01\/NORD_2026_05.jpg 1000w, https:\/\/www.vadib.de\/wp-content\/uploads\/2026\/01\/NORD_2026_05-200x300.jpg 200w, https:\/\/www.vadib.de\/wp-content\/uploads\/2026\/01\/NORD_2026_05-683x1024.jpg 683w, https:\/\/www.vadib.de\/wp-content\/uploads\/2026\/01\/NORD_2026_05-768x1152.jpg 768w\" sizes=\"auto, (max-width: 767px) 89vw, (max-width: 1000px) 54vw, (max-width: 1071px) 543px, 580px\" \/><\/a><\/figure>\n<\/figure>\n\n\n\n<p><br><strong>Unser Fazit \u2013 nach nunmehr elf Messen \u2013 f\u00e4llt nach wie vor positiv aus. <\/strong><\/p>\n\n\n\n<ul class=\"wp-block-list\">\n<li>F\u00fcr diese Messen bekommen wir seit mehreren Messen <strong>keine F\u00f6rderung durch ESF-Mittel<\/strong> mehr. <\/li>\n\n\n\n<li>Dennoch hatten wir uns f\u00fcr die Durchf\u00fchrung weiterer Messe entschieden, um ein Ende dieses Formats zu verhindern.<\/li>\n\n\n\n<li>Trotz einer weiteren Erh\u00f6hung der Standgeb\u00fchr und damit schwierigeren Rahmenbedingungen f\u00fcr Aussteller haben sich einschlie\u00dflich der Agentur f\u00fcr Arbeit und dem Jobcenter 30 Organisationen an dieser Messe beteiligt.<\/li>\n\n\n\n<li>Die Messe wurde von rd. 150 Personen besucht.<\/li>\n\n\n\n<li>Mit rd. 70 Prozent \u00fcberwog der Frauenanteil, wie auf bislang allen vorausgegangenen Messen.<\/li>\n\n\n\n<li>Einhellige Wahrnehmung der ausstellenden Organisationen war, dass wir schon bessere Besucherzahlen hatten, aber daf\u00fcr die Interessenten lange vor Ort und die Aussteller mit den Gespr\u00e4chen zufrieden waren.<\/li>\n\n\n\n<li>Wir waren wieder mehrsprachig \u2212 Deutsch, Englisch, Arabisch, T\u00fcrkisch, Ukrainisch und Russisch \u2212 auf der Messe-WebSite und auf einem Monitor am Eingang zur Messe.<\/li>\n\n\n\n<li>Das Gustav-Heinemann-B\u00fcrgerhaus in Bremen-Vegesack war ein ausgezeichneter Ort f\u00fcr diese Veranstaltung. Die Unterst\u00fctzung durch das Team des B\u00fcrgerhauses vor Ort hat uns sehr geholfen. Vielen Dank daf\u00fcr.<\/li>\n\n\n\n<li>Ebenso war die Unterst\u00fctzung, die Zielgruppe auf diese Messe aufmerksam zu machen, durch die Agentur f\u00fcr Arbeit und das Jobcenter sehr hilfreich. Auch daf\u00fcr vielen Dank.<\/li>\n<\/ul>\n\n\n\n<p><em>Schlussfolgerungen<\/em><\/p>\n\n\n\n<ul class=\"wp-block-list\">\n<li>Neben dem Quartiersbezug sehen wir im wenig aufwendigen Format der Messe (Tisch, Stuhl und Roll-Up) einen ganz wesentlichen Grund f\u00fcr eine ungezwungene Gespr\u00e4chsatmosph\u00e4re. Offensichtlich ist die Distanz geringer als mit einem aufwendigen Messestand. Das Format hat sich bew\u00e4hrt.<\/li>\n\n\n\n<li>Wir k\u00f6nnen feststellen, mit dem regionalen Angebot erreichen wir mehr Menschen, wie zuvor auf einer j\u00e4hrlich stattfindenden zentralen Veranstaltung, wobei der organisatorische und finanzielle Aufwand f\u00fcr ausstellende Organisationen sowie f\u00fcr uns als Veranstalter deutlich geringer und die Ansprache der Besucherinnen und Besucher viel intensiver sind.<\/li>\n\n\n\n<li>Nach wie vor hat f\u00fcr uns als Veranstalter oberste Priorit\u00e4t, mehr Menschen davon zu \u00fcberzeugen, eine solche Messe in ihrer Region zu besuchen. Denn wir wissen, bei den Personengruppen, die wir damit ansprechen wollen, ist es nicht so einfach, die H\u00fcrde f\u00fcr eine solche Aktivit\u00e4t zu \u00fcberwinden. Ganz wichtig ist die direkte Ansprache im pers\u00f6nlichen Umfeld im Stadtteil.<\/li>\n<\/ul>\n\n\n\n<hr class=\"wp-block-separator has-alpha-channel-opacity is-style-wide\"\/>\n\n\n\n<p><strong>Vielen Dank an alle ausstellenden Organisationen, die mit uns diesen Weg gehen.<\/strong><\/p>\n\n\n\n<h1 class=\"wp-block-heading\">Liste der Aussteller<\/h1>\n\n\n\n<p>Ein Klick auf das Logo bringt Sie direkt auf die Seite des Ausstellers.<\/p>\n\n\n\n<hr class=\"wp-block-separator has-alpha-channel-opacity is-style-wide\"\/>\n\n\n\n<h2 class=\"wp-block-heading has-text-color\" style=\"color:#dc5642\">Agentur f\u00fcr Arbeit Bremen-Bremerhaven<\/h2>\n\n\n\n<p class=\"has-text-color has-small-font-size\" style=\"color:#016ca3\">Doventorsteinweg 48-52, 28195 Bremen<\/p>\n\n\n\n<div class=\"wp-block-media-text alignwide is-stacked-on-mobile\" style=\"grid-template-columns:30% auto\"><figure class=\"wp-block-media-text__media\"><a href=\"https:\/\/www.arbeitsagentur.de\/vor-ort\/bremen-bremerhaven\"><img decoding=\"async\" src=\"https:\/\/www.vadib.de\/wp-content\/uploads\/2023\/03\/Agentur-fuer-Arbeit.png\" alt=\"\" class=\"wp-image-15041 size-full\"\/><\/a><\/figure><div class=\"wp-block-media-text__content\">\n<p id=\"block-2fee710a-c14a-45af-91da-ab70ba28f3c9\"><br>Karriereplanung, Weiterbildung, Berufsabschluss oder einfach schnell eine neue Stelle finden &#8211; die Agentur f\u00fcr Arbeit ber\u00e4t Sie bei Fragen zur beruflichen Orientierung und Entwicklung.<\/p>\n\n\n\n<p id=\"block-2fee710a-c14a-45af-91da-ab70ba28f3c9\">Wir informieren zu m\u00f6glichen F\u00f6rderungen und geben Entscheidungshilfen. Dabei ist es egal, ob Sie arbeitslos oder besch\u00e4ftigt sind oder ob Sie nach Zeiten der Familienarbeit wieder in das Erwerbsleben einsteigen wollen.<\/p>\n<\/div><\/div>\n\n\n\n<hr class=\"wp-block-separator has-alpha-channel-opacity is-style-wide\"\/>\n\n\n\n<h2 class=\"wp-block-heading has-text-color\" style=\"color:#dc5642\">Akademie \u00dcberlingen N. Glasmeyer GmbH<\/h2>\n\n\n\n<p class=\"has-text-color has-small-font-size\" style=\"color:#016ca3\">An der Weide 50c, 28195 Bremen<\/p>\n\n\n\n<div class=\"wp-block-media-text alignwide is-stacked-on-mobile\" style=\"grid-template-columns:30% auto\"><figure class=\"wp-block-media-text__media\"><a href=\"https:\/\/www.akademie-ueberlingen.de\/\"><img loading=\"lazy\" decoding=\"async\" width=\"1024\" height=\"123\" src=\"https:\/\/www.vadib.de\/wp-content\/uploads\/2023\/10\/logoAkaUE3000-1024x123.jpg\" alt=\"\" class=\"wp-image-16665 size-full\" srcset=\"https:\/\/www.vadib.de\/wp-content\/uploads\/2023\/10\/logoAkaUE3000-1024x123.jpg 1024w, https:\/\/www.vadib.de\/wp-content\/uploads\/2023\/10\/logoAkaUE3000-300x36.jpg 300w, https:\/\/www.vadib.de\/wp-content\/uploads\/2023\/10\/logoAkaUE3000-768x92.jpg 768w, https:\/\/www.vadib.de\/wp-content\/uploads\/2023\/10\/logoAkaUE3000-1536x184.jpg 1536w, https:\/\/www.vadib.de\/wp-content\/uploads\/2023\/10\/logoAkaUE3000-2048x245.jpg 2048w\" sizes=\"auto, (max-width: 767px) 89vw, (max-width: 1000px) 54vw, (max-width: 1071px) 543px, 580px\" \/><\/a><\/figure><div class=\"wp-block-media-text__content\">\n<p><strong> <\/strong><br>Wir kennen die Herausforderungen des Arbeitsmarktes in der Region. Wir bieten bedarfsgerechte L\u00f6sungen f\u00fcr Menschen und den Arbeitsmarkt. Die berufliche und pers\u00f6nliche Weiterentwicklung unserer Teilnehmenden spornt uns an und bildet die Messlatte unseres qualitativen Anspruchs.<br>Unsere Leistungen sind auf IHRE individuellen Ziele \/ Umst\u00e4nde zugeschnitten. Wir bieten Ihnen Fort- und Weiterbildungen, die genau auf Ihre Kenntnisse und Ihren Wissensstand abgestimmt sind, &nbsp;sowie auch Einzel- und Gruppencoachings.<br>Wir helfen dabei, IHRE Potenziale voll zu entfalten!<\/p>\n<\/div><\/div>\n\n\n\n<hr class=\"wp-block-separator has-alpha-channel-opacity is-style-wide\"\/>\n\n\n\n<h2 class=\"wp-block-heading has-text-color\" style=\"color:#dc5642\">alfatraining Bildungszentrum GmbH<\/h2>\n\n\n\n<p class=\"has-text-color has-small-font-size\" style=\"color:#016ca3\">Eduard-Schopf-Allee 1a, 28217 Bremen<\/p>\n\n\n\n<div class=\"wp-block-media-text alignwide is-stacked-on-mobile\" style=\"grid-template-columns:30% auto\"><figure class=\"wp-block-media-text__media\"><a href=\"https:\/\/www.alfatraining.de\/\"><img loading=\"lazy\" decoding=\"async\" width=\"887\" height=\"577\" src=\"https:\/\/www.vadib.de\/wp-content\/uploads\/2025\/05\/alfatrain_300dpi.jpg\" alt=\"\" class=\"wp-image-23321 size-full\" srcset=\"https:\/\/www.vadib.de\/wp-content\/uploads\/2025\/05\/alfatrain_300dpi.jpg 887w, https:\/\/www.vadib.de\/wp-content\/uploads\/2025\/05\/alfatrain_300dpi-300x195.jpg 300w, https:\/\/www.vadib.de\/wp-content\/uploads\/2025\/05\/alfatrain_300dpi-768x500.jpg 768w\" sizes=\"auto, (max-width: 767px) 89vw, (max-width: 1000px) 54vw, (max-width: 1071px) 543px, 580px\" \/><\/a><\/figure><div class=\"wp-block-media-text__content\">\n<p><br>Sie wollen sich beruflich umorientieren? Als f\u00fchrendes berufliches Weiterbildungsunternehmen bieten wir ein breites Portfolio hochkar\u00e4tiger Kurse mit einem Schwerpunkt im Bereich der digitalen Transformation. Die von qualifizierten Expertinnen und Experten live und online durchgef\u00fchrten Lehrg\u00e4nge k\u00f6nnen von zu Hause aus oder an einem unserer \u00fcber 200 Standorte besucht werden.<\/p>\n<\/div><\/div>\n\n\n\n<hr class=\"wp-block-separator has-alpha-channel-opacity is-style-wide\"\/>\n\n\n\n<h2 class=\"wp-block-heading has-text-color\" style=\"color:#dc5642\">Arbeitnehmerkammer Bremen<\/h2>\n\n\n\n<p class=\"has-text-color has-small-font-size\" style=\"color:#016ca3\">B\u00fcrgerstra\u00dfe 1, 28195 Bremen<\/p>\n\n\n\n<div class=\"wp-block-media-text alignwide is-stacked-on-mobile\" style=\"grid-template-columns:30% auto\"><figure class=\"wp-block-media-text__media\"><a href=\"https:\/\/www.arbeitnehmerkammer.de\/\"><img loading=\"lazy\" decoding=\"async\" width=\"230\" height=\"50\" src=\"https:\/\/www.vadib.de\/wp-content\/uploads\/2023\/10\/Arbeitnehmerkammer_Logo.jpg\" alt=\"\" class=\"wp-image-17001 size-full\"\/><\/a><\/figure><div class=\"wp-block-media-text__content\">\n<p> <br>Mitglieder der Arbeitnehmerkammer sind \u2013 so bestimmt es das Gesetz \u00fcber die Arbeitnehmerkammer im Lande Bremen \u2013 alle im Bundesland Bremen abh\u00e4ngig Besch\u00e4ftigten (mit Ausnahme der Beamten). Zurzeit sind dies \u00fcber 400.000 sozialversicherungspflichtig Besch\u00e4ftigte sowie Minijobberinnen und Minijobber. Auch Arbeitslose, die zuletzt ihren Arbeitsplatz im Land Bremen hatten, sind Mitglieder der Arbeitnehmerkammer. Die Kammer vertritt als K\u00f6rperschaft des \u00f6ffentlichen Rechts die Interessen ihrer Mitglieder. Hervorgegangen ist die Arbeitnehmerkammer aus den 1921 gegr\u00fcndeten, urspr\u00fcnglich selbstst\u00e4ndigen Kammern f\u00fcr Arbeiter und Angestellte. Diese vereinigten sich im Jahr 2001 zur neuen Arbeitnehmerkammer Bremen. Sie haben Fragen zum Thema berufliche Weiterbildung, wie zum Beispiel:<\/p>\n\n\n\n<ul class=\"wp-block-list\">\n<li>Wie kann ich meinen Berufswegeplan weiter gestalten?<\/li>\n\n\n\n<li>Welche Lernbedarfe habe ich?<\/li>\n\n\n\n<li>Welches Weiterbildungsangebot ist das richtige f\u00fcr mich?<\/li>\n\n\n\n<li>Welche Finanzierungsm\u00f6glichkeiten gibt es?<\/li>\n<\/ul>\n\n\n\n<p>Dann nutzen Sie die kostenlose Weiterbildungsberatung des Landes Bremen in der Arbeitnehmerkammer Bremen.&nbsp;<\/p>\n<\/div><\/div>\n\n\n\n<hr class=\"wp-block-separator has-alpha-channel-opacity is-style-wide\"\/>\n\n\n\n<h2 class=\"wp-block-heading has-text-color\" style=\"color:#dc5642\">Arbeit und Lernzentrum e.V. (alz)<\/h2>\n\n\n\n<p class=\"has-text-color has-small-font-size\" style=\"color:#016ca3\">Hermann-Fortmann-Stra\u00dfe 18, 28759 Bremen<\/p>\n\n\n\n<div class=\"wp-block-media-text alignwide is-stacked-on-mobile\" style=\"grid-template-columns:30% auto\"><figure class=\"wp-block-media-text__media\"><a href=\"http:\/\/www.alz-bremen.de\/\" target=\"_blank\" rel=\"noreferrer noopener\"><img loading=\"lazy\" decoding=\"async\" width=\"172\" height=\"171\" src=\"https:\/\/www.vadib.de\/wp-content\/uploads\/2017\/08\/Logo_ALZ_WebSite.jpg\" alt=\"\" class=\"wp-image-221 size-full\" srcset=\"https:\/\/www.vadib.de\/wp-content\/uploads\/2017\/08\/Logo_ALZ_WebSite.jpg 172w, https:\/\/www.vadib.de\/wp-content\/uploads\/2017\/08\/Logo_ALZ_WebSite-150x150.jpg 150w, https:\/\/www.vadib.de\/wp-content\/uploads\/2017\/08\/Logo_ALZ_WebSite-100x100.jpg 100w\" sizes=\"auto, (max-width: 172px) 100vw, 172px\" \/><\/a><\/figure><div class=\"wp-block-media-text__content\">\n<p> <br>In verschiedenen Zweckbetrieben und Projekten bieten wir eine Vielzahl von T\u00e4tigkeiten in der Produktion und im Dienstleistungssektor an. Sie verbinden die berufliche Erfahrung der Teilnehmer:innen mit dem Erwerb von neuen Kenntnissen und eignen sich gut f\u00fcr eine arbeitsplatznahe Qualifizierung. Dabei ber\u00fccksichtigen wir bei unserer Arbeit ganz besonders die Auswirkungen auf unsere Umwelt und achten auf die Nachhaltigkeit unseres Wirkens.<\/p>\n\n\n\n<p>Wir qualifizieren arbeitsmarktbezogen unter anderem in den Berufsbereichen:<\/p>\n\n\n\n<ul class=\"wp-block-list\">\n<li>Verkauf<\/li>\n\n\n\n<li>Lager\/Transport\/Logistik<\/li>\n\n\n\n<li>Up- und Recycling<\/li>\n\n\n\n<li>Gastronomie<\/li>\n\n\n\n<li>Holz<\/li>\n\n\n\n<li>Farbe<\/li>\n\n\n\n<li>Garten- und Landschaftsbau<\/li>\n<\/ul>\n<\/div><\/div>\n\n\n\n<hr class=\"wp-block-separator has-alpha-channel-opacity is-style-wide\"\/>\n\n\n\n<h2 class=\"wp-block-heading has-text-color\" style=\"color:#dc5642\">Beratungsteam Pflegeausbildung des Bundesamtes f\u00fcr Familie und zvilgesellschaftliche Aufgaben<\/h2>\n\n\n\n<p class=\"has-text-color has-small-font-size\" style=\"color:#016ca3\">An den Gelenkbogenhallen 2-6, 50679 K\u00f6ln<\/p>\n\n\n\n<div class=\"wp-block-media-text alignwide is-stacked-on-mobile\" style=\"grid-template-columns:30% auto\"><figure class=\"wp-block-media-text__media\"><a href=\"http:\/\/www.pflegeausbildung.net\/\"><img loading=\"lazy\" decoding=\"async\" width=\"1004\" height=\"272\" src=\"https:\/\/www.vadib.de\/wp-content\/uploads\/2023\/10\/Logo_Beratungsteam_PflegeausbildunG.jpg\" alt=\"\" class=\"wp-image-16612 size-full\" srcset=\"https:\/\/www.vadib.de\/wp-content\/uploads\/2023\/10\/Logo_Beratungsteam_PflegeausbildunG.jpg 1004w, https:\/\/www.vadib.de\/wp-content\/uploads\/2023\/10\/Logo_Beratungsteam_PflegeausbildunG-300x81.jpg 300w, https:\/\/www.vadib.de\/wp-content\/uploads\/2023\/10\/Logo_Beratungsteam_PflegeausbildunG-768x208.jpg 768w\" sizes=\"auto, (max-width: 767px) 89vw, (max-width: 1000px) 54vw, (max-width: 1071px) 543px, 580px\" \/><\/a><\/figure><div class=\"wp-block-media-text__content\">\n<p> <br>Wir beraten Dich unabh\u00e4ngig und kostenfrei bei Fragen rund um die Pflegeausbildung!  <br>Das \u201eBeratungsteam Pflegeausbildung\u201c des Bundesamtes f\u00fcr Familie und zivilgesellschaftliche Aufgaben besteht derzeit aus rund 40 Mitarbeiterinnen und Mitarbeitern, die in allen Regionen Deutschlands vor Ort in Einsatz sind. Wir beraten im gesamten Bundesgebiet Interessierte, Pflegeeinrichtungen und Pflegeschulen zum Themenkomplex Pflegeausbildung und zu allen Pflegeberufen nach dem Pflegeberufegesetz (PflBG).<br>Au\u00dferdem unterst\u00fctzen und initiieren wir Netzwerke, Lernortkooperationen und Ausbildungsverb\u00fcnde, sind auf Ausbildungsmessen vertreten und halten Vortr\u00e4ge im Rahmen von Tagungen, Workshops und Fortbildungen.<\/p>\n<\/div><\/div>\n\n\n\n<hr class=\"wp-block-separator has-alpha-channel-opacity is-style-wide\"\/>\n\n\n\n<h2 class=\"wp-block-heading has-text-color\" style=\"color:#dc5642\">Berufsf\u00f6rderungswerk Friedehorst gGmbH<\/h2>\n\n\n\n<p class=\"has-text-color has-small-font-size\" style=\"color:#016ca3\">Rotdornallee 64, 28717 Bremen-Lesum<\/p>\n\n\n\n<div class=\"wp-block-media-text alignwide is-stacked-on-mobile\" style=\"grid-template-columns:30% auto\"><figure class=\"wp-block-media-text__media\"><a href=\"https:\/\/www.friedehorst.de\/bfw\/\"><img loading=\"lazy\" decoding=\"async\" width=\"560\" height=\"85\" src=\"https:\/\/www.vadib.de\/wp-content\/uploads\/2023\/03\/Logo_Friedehorst.png\" alt=\"\" class=\"wp-image-15106 size-full\" srcset=\"https:\/\/www.vadib.de\/wp-content\/uploads\/2023\/03\/Logo_Friedehorst.png 560w, https:\/\/www.vadib.de\/wp-content\/uploads\/2023\/03\/Logo_Friedehorst-300x46.png 300w\" sizes=\"auto, (max-width: 560px) 100vw, 560px\" \/><\/a><\/figure><div class=\"wp-block-media-text__content\">\n<p> <br>Unser Ziel ist es, Menschen mit gesundheitlichen Einschr\u00e4nkungen zu integrieren und zu qualifizieren bzw. ihre Weiterbesch\u00e4ftigung auf dem Arbeitsmarkt zu sichern. Wir verstehen uns als partnerschaftliche Beratende f\u00fcr alle am Rehabilitationsprozess Beteiligten und verfolgen gemeinsam das Ziel der dauerhaften Eingliederung unserer Teilnehmenden in Arbeit, Beruf und Gesellschaft. Wir begleiten sie kontinuierlich und individuell durch unsere Reha-Fachdienste.<\/p>\n<\/div><\/div>\n\n\n\n<hr class=\"wp-block-separator has-alpha-channel-opacity is-style-wide\"\/>\n\n\n\n<h2 class=\"wp-block-heading has-text-color\" style=\"color:#dc5642\">bfw \u2212 Unternehmen f\u00fcr Bildung<\/h2>\n\n\n\n<p class=\"has-text-color has-small-font-size\" style=\"color:#016ca3\">L\u00f6tzener Str. 3, 28207 Bremen<\/p>\n\n\n\n<div class=\"wp-block-media-text alignwide is-stacked-on-mobile\" style=\"grid-template-columns:30% auto\"><figure class=\"wp-block-media-text__media\"><a href=\"https:\/\/www.bfw.de\/bremen\/\"><img loading=\"lazy\" decoding=\"async\" width=\"1024\" height=\"477\" src=\"https:\/\/www.vadib.de\/wp-content\/uploads\/2023\/09\/bfw_Cyan_Bildung_Update-1024x477.png\" alt=\"\" class=\"wp-image-16560 size-full\" srcset=\"https:\/\/www.vadib.de\/wp-content\/uploads\/2023\/09\/bfw_Cyan_Bildung_Update-1024x477.png 1024w, https:\/\/www.vadib.de\/wp-content\/uploads\/2023\/09\/bfw_Cyan_Bildung_Update-300x140.png 300w, https:\/\/www.vadib.de\/wp-content\/uploads\/2023\/09\/bfw_Cyan_Bildung_Update-768x358.png 768w, https:\/\/www.vadib.de\/wp-content\/uploads\/2023\/09\/bfw_Cyan_Bildung_Update-1536x716.png 1536w, https:\/\/www.vadib.de\/wp-content\/uploads\/2023\/09\/bfw_Cyan_Bildung_Update.png 1708w\" sizes=\"auto, (max-width: 767px) 89vw, (max-width: 1000px) 54vw, (max-width: 1071px) 543px, 580px\" \/><\/a><\/figure><div class=\"wp-block-media-text__content\">\n<p> <br>Seit 1953 qualifizieren wir in Bremen Menschen f\u00fcr die Zukunft, helfen bei der Vermittlung von Arbeitspl\u00e4tzen und bieten ihnen neue M\u00f6glichkeiten f\u00fcr ein erfolgreiches Berufsleben. <br>Wir sehen unsere Verantwortung darin, Aus-, Fort- und Weiterbildungen sowie Seminare und Umschulungen f\u00fcr zukunftsf\u00e4\u00adhige Berufe anzubieten. Unser Bildungsangebot in den Bereichen IT, Logistik, in den kaufm\u00e4nnischen sowie gewerblich-technischen Berufen verbindet seit 70 Jahren bew\u00e4hrte Fachkompetenz mit kreativen L\u00f6sungen. Mit unseren regionalen Kooperationspartnern bietet das bfw \u2013 Unternehmen f\u00fcr Bildung Arbeitssuchen\u00adden und Besch\u00e4ftigten mit dem Wunsch nach neuen Perspektiven, geeignete Arbeitsangebote im Bremen und Niedersachsen. Pro Jahr verbessern wir f\u00fcr unsere Teilnehmenden die Chancen auf dem Arbeitsmarkt und bieten auch Unternehmenskunden ein attraktives Portfolio.<\/p>\n<\/div><\/div>\n\n\n\n<hr class=\"wp-block-separator has-alpha-channel-opacity is-style-wide\"\/>\n\n\n\n<h2 class=\"wp-block-heading has-text-color\" style=\"color:#dc5642\">cbm GmbH<\/h2>\n\n\n\n<p class=\"has-text-color has-small-font-size\" style=\"color:#016ca3\">Wegesende 3-4, 28195 Bremen<\/p>\n\n\n\n<div class=\"wp-block-media-text alignwide is-stacked-on-mobile\" style=\"grid-template-columns:30% auto\"><figure class=\"wp-block-media-text__media\"><a href=\"https:\/\/cbm-bremen.de\/\" target=\"_blank\" rel=\"noreferrer noopener\"><img loading=\"lazy\" decoding=\"async\" width=\"1024\" height=\"303\" src=\"https:\/\/www.vadib.de\/wp-content\/uploads\/2023\/09\/cbm_Logo_4c_blaue_Typo2017_weisserHintergrund-1024x303.jpg\" alt=\"\" class=\"wp-image-16405 size-full\" srcset=\"https:\/\/www.vadib.de\/wp-content\/uploads\/2023\/09\/cbm_Logo_4c_blaue_Typo2017_weisserHintergrund-1024x303.jpg 1024w, https:\/\/www.vadib.de\/wp-content\/uploads\/2023\/09\/cbm_Logo_4c_blaue_Typo2017_weisserHintergrund-300x89.jpg 300w, https:\/\/www.vadib.de\/wp-content\/uploads\/2023\/09\/cbm_Logo_4c_blaue_Typo2017_weisserHintergrund-768x227.jpg 768w, https:\/\/www.vadib.de\/wp-content\/uploads\/2023\/09\/cbm_Logo_4c_blaue_Typo2017_weisserHintergrund.jpg 1140w\" sizes=\"auto, (max-width: 767px) 89vw, (max-width: 1000px) 54vw, (max-width: 1071px) 543px, 580px\" \/><\/a><\/figure><div class=\"wp-block-media-text__content\">\n<p> <br>Wir lieben Bildung! Und wir schulen seit 1994 als Erste in Bremen die Fachinformatik:&nbsp; Anwendungsentwicklung, Systemintegration und Mediengestaltung. Und das erkennt man in den Bestnoten unserer Absolventinnen und Absolventen bei den Abschlusspr\u00fcfungen. Bei uns lernen Sie, dass neben IT-Kompetenz auch direkte Kommunikation und Teamarbeit unverzichtbar sind. Au\u00dferdem stehen wir f\u00fcr ein freundliches und respektvolles Miteinander und eine konstruktive Feedback-Kultur. Was wir Ihnen bieten:&nbsp;<\/p>\n\n\n\n<ul class=\"wp-block-list\">\n<li>Umschulungen Fachinformatik und Medien&nbsp;<\/li>\n\n\n\n<li>Weiterbildungen IT &amp; Medien&nbsp;<\/li>\n\n\n\n<li>Weiterbildung Wirtschaft &amp; Verwaltung&nbsp;<\/li>\n\n\n\n<li>Spezialkurse: Frauen in die IT &amp; Einstieg in die Informatik&nbsp;<\/li>\n\n\n\n<li>Lerncenter: Blended Learning mit insgesamt 39 verschiedenen Modulen aus IT, Medien und Wirtschaft &amp; Verwaltung&nbsp;<\/li>\n\n\n\n<li>Jobcoaching &amp; Jobcoaching f\u00fcr ImmigrantInnen<\/li>\n<\/ul>\n<\/div><\/div>\n\n\n\n<hr class=\"wp-block-separator has-alpha-channel-opacity is-style-wide\"\/>\n\n\n\n<h2 class=\"wp-block-heading has-text-color\" style=\"color:#dc5642\">cimdata Bildungsakademie GmbH<\/h2>\n\n\n\n<p class=\"has-text-color has-small-font-size\" style=\"color:#016ca3\">Langenstr. 30, 28195 Bremen<\/p>\n\n\n\n<div class=\"wp-block-media-text alignwide is-stacked-on-mobile\" style=\"grid-template-columns:30% auto\"><figure class=\"wp-block-media-text__media\"><a href=\"https:\/\/www.cimdata.de\/bremen\/\"><img loading=\"lazy\" decoding=\"async\" width=\"461\" height=\"109\" src=\"https:\/\/www.vadib.de\/wp-content\/uploads\/2024\/12\/Logo_cimdata.png\" alt=\"\" class=\"wp-image-21675 size-full\" srcset=\"https:\/\/www.vadib.de\/wp-content\/uploads\/2024\/12\/Logo_cimdata.png 461w, https:\/\/www.vadib.de\/wp-content\/uploads\/2024\/12\/Logo_cimdata-300x71.png 300w\" sizes=\"auto, (max-width: 461px) 100vw, 461px\" \/><\/a><\/figure><div class=\"wp-block-media-text__content\">\n<p> <br>Die cimdata Bildungsakademie wurde 1983 gegr\u00fcndet und steht seit jeher f\u00fcr Weiterbildungen, die praxisorientiert und nah den Anforderungen von Unternehmen sind.<br>Unser Bildungsangebot entwickeln wir in enger Zusammenarbeit mit erfahrenen Dozent*innen aus der Praxis stetig weiter und haben dabei die aktuellen Entwicklungen stets im Blick.<\/p>\n\n\n\n<p>Die Bildungsangebote von cimdata sind von den Jobcentern und Agenturen f\u00fcr Arbeit anerkannt.<br>In fast allen unseren Instituten bieten wir u. a. folgende Dienstleistungen an:<\/p>\n\n\n\n<ul class=\"wp-block-list\">\n<li>Weiterbildungen in 9 verschiedenen Themenbereichen<\/li>\n\n\n\n<li>11 verschiedene Umschulungen aus den Bereichen IT, Medien und kaufm\u00e4nnischer Sektor<\/li>\n\n\n\n<li>Individuelles Coaching<\/li>\n<\/ul>\n\n\n\n<p>Wir qualifizieren Sie f\u00fcr den Arbeitsmarkt, und unser Coaching-Team unterst\u00fctzt Sie bei Ihrer Bewerbung &#8211; f\u00fcr Ihre pers\u00f6nliche und berufliche Entwicklung!<br><\/p>\n<\/div><\/div>\n\n\n\n<hr class=\"wp-block-separator has-alpha-channel-opacity is-style-wide\"\/>\n\n\n\n<h2 class=\"wp-block-heading has-text-color\" style=\"color:#dc5642\">ComFair GmbH<\/h2>\n\n\n\n<p class=\"has-text-color has-small-font-size\" style=\"color:#016ca3\">An der Weide 27-29, 28195 Bremen<\/p>\n\n\n\n<div class=\"wp-block-media-text alignwide is-stacked-on-mobile\" style=\"grid-template-columns:30% auto\"><figure class=\"wp-block-media-text__media\"><a href=\"http:\/\/www.comfair.de\/\"><img loading=\"lazy\" decoding=\"async\" width=\"641\" height=\"181\" src=\"https:\/\/www.vadib.de\/wp-content\/uploads\/2023\/03\/Logo_ComFair.png\" alt=\"\" class=\"wp-image-15131 size-full\" srcset=\"https:\/\/www.vadib.de\/wp-content\/uploads\/2023\/03\/Logo_ComFair.png 641w, https:\/\/www.vadib.de\/wp-content\/uploads\/2023\/03\/Logo_ComFair-300x85.png 300w\" sizes=\"auto, (max-width: 641px) 100vw, 641px\" \/><\/a><\/figure><div class=\"wp-block-media-text__content\">\n<p> <br>Wir sind Ihr Bildungspartner im Herzen von Bremen. Unsere Schwerpunkte liegen seit 1998 in der beruflichen Neuorientierung und Umschulung\/Weiterbildung f\u00fcr Arbeitsuchende und Rehabilitanden. Haben Sie Fragen zu unseren Angeboten? Wir bieten Ihnen eine kostenfreie und unverbindliche Beratung. Kontaktieren Sie uns gern \u2013 ob telefonisch, per E-Mail oder im pers\u00f6nlichen Gespr\u00e4ch vor Ort. Wir freuen uns auf Sie!<\/p>\n<\/div><\/div>\n\n\n\n<hr class=\"wp-block-separator has-alpha-channel-opacity is-style-wide\"\/>\n\n\n\n<h2 class=\"wp-block-heading has-text-color\" style=\"color:#dc5642\">dandelion Bildung GmbH<\/h2>\n\n\n\n<p class=\"has-text-color has-small-font-size\" style=\"color:#016ca3\">B\u00fcrgermeister-Smidt-Str. 55, 28195 Bremen<\/p>\n\n\n\n<div class=\"wp-block-media-text alignwide is-stacked-on-mobile\" style=\"grid-template-columns:30% auto\"><figure class=\"wp-block-media-text__media\"><a href=\"https:\/\/www.dandelion-bildung.de\"><img loading=\"lazy\" decoding=\"async\" width=\"1024\" height=\"640\" src=\"https:\/\/www.vadib.de\/wp-content\/uploads\/2023\/07\/Logo-Dandelion-1024x640.jpg\" alt=\"\" class=\"wp-image-15869 size-full\" srcset=\"https:\/\/www.vadib.de\/wp-content\/uploads\/2023\/07\/Logo-Dandelion-1024x640.jpg 1024w, https:\/\/www.vadib.de\/wp-content\/uploads\/2023\/07\/Logo-Dandelion-300x188.jpg 300w, https:\/\/www.vadib.de\/wp-content\/uploads\/2023\/07\/Logo-Dandelion-768x480.jpg 768w, https:\/\/www.vadib.de\/wp-content\/uploads\/2023\/07\/Logo-Dandelion-1536x960.jpg 1536w, https:\/\/www.vadib.de\/wp-content\/uploads\/2023\/07\/Logo-Dandelion-2048x1280.jpg 2048w\" sizes=\"auto, (max-width: 767px) 89vw, (max-width: 1000px) 54vw, (max-width: 1071px) 543px, 580px\" \/><\/a><\/figure><div class=\"wp-block-media-text__content\">\n<p> <br>Als Bildungsinstitut und staatlich anerkannte Erg\u00e4nzungsschule b\u00fcndeln wir jahrelange Erfahrungen in einem innovativen Konzept. Unsere N\u00e4he zum Arbeitsmarkt erm\u00f6glicht es uns flexibel auf die Anforderungen des Marktes zu reagieren. Teilnehmerzufriedenheit, hohe Vermittlungs- und Integrationsquoten sind unser oberstes Ziel. Unsere Strukturen bieten Raum f\u00fcr Ideen und Konzepte. Wertsch\u00e4tzung aller Beteiligten ist unser Credo. Unser Angebot:<\/p>\n\n\n\n<ul class=\"wp-block-list\">\n<li>Weiterbildungen und Umschulungen im sozialen Bereich&nbsp;<\/li>\n\n\n\n<li>individuelles Bewerbungscoaching<\/li>\n\n\n\n<li>individuelles Sprachcoaching<\/li>\n\n\n\n<li>ganzheitliches und bedarfsorientiertes Coaching<\/li>\n\n\n\n<li>Erwerb von Grundkompetenzen<\/li>\n\n\n\n<li>Erwerb des HSA<\/li>\n<\/ul>\n<\/div><\/div>\n\n\n\n<hr class=\"wp-block-separator has-alpha-channel-opacity is-style-wide\"\/>\n\n\n\n<h2 class=\"wp-block-heading has-text-color\" style=\"color:#dc5642\">Grone-Bildungszentrum Bremen GmbH -gemeinn\u00fctzig-<\/h2>\n\n\n\n<p class=\"has-text-color has-small-font-size\" style=\"color:#016ca3\">An der Silberpr\u00e4ge 5, 28309 Bremen<\/p>\n\n\n\n<div class=\"wp-block-media-text alignwide is-stacked-on-mobile\" style=\"grid-template-columns:30% auto\"><figure class=\"wp-block-media-text__media\"><a href=\"https:\/\/www.grone.de\/ueber-uns\/gesellschaften\/grone-bildungszentren-bremen\/#facettedList\"><img loading=\"lazy\" decoding=\"async\" width=\"1024\" height=\"340\" src=\"https:\/\/www.vadib.de\/wp-content\/uploads\/2023\/03\/Logo_GRONE-1024x340.jpg\" alt=\"\" class=\"wp-image-15100 size-full\" srcset=\"https:\/\/www.vadib.de\/wp-content\/uploads\/2023\/03\/Logo_GRONE-1024x340.jpg 1024w, https:\/\/www.vadib.de\/wp-content\/uploads\/2023\/03\/Logo_GRONE-300x100.jpg 300w, https:\/\/www.vadib.de\/wp-content\/uploads\/2023\/03\/Logo_GRONE-768x255.jpg 768w, https:\/\/www.vadib.de\/wp-content\/uploads\/2023\/03\/Logo_GRONE.jpg 1389w\" sizes=\"auto, (max-width: 767px) 89vw, (max-width: 1000px) 54vw, (max-width: 1071px) 543px, 580px\" \/><\/a><\/figure><div class=\"wp-block-media-text__content\">\n<p> <br>Die Grone Bildungszentren Bremen sind an sechs Standorten in Bremen vertreten und einmal auch in Ihrer N\u00e4he. Gute Bildung&nbsp;macht sich bezahlt.&nbsp;Bildung ist ein&nbsp;unbezahlbares Gut&nbsp;im Arbeitsmarkt. Wir organisieren&nbsp;Aus- Fort- und Weiterbildungen in&nbsp;vielen verschiedenen Berufsfeldern und Branchen. Mit unserer langj\u00e4hrigen Erfahrung &#8211; mittlerweile \u00fcber 130 Jahre und \u00fcber 20 Jahre davon in Bremen &#8211; und unserer Expertise stehen wir Ihnen als verl\u00e4sslicher Partner zur Seite.<\/p>\n<\/div><\/div>\n\n\n\n<hr class=\"wp-block-separator has-alpha-channel-opacity is-style-wide\"\/>\n\n\n\n<h2 class=\"wp-block-heading has-text-color\" style=\"color:#dc5642\">IBB \u2212 Institut f\u00fcr Berufliche Bildung AG<\/h2>\n\n\n\n<p class=\"has-text-color has-small-font-size\" style=\"color:#016ca3\">Obernstr. 2-12 (Eingang: Hakenstra\u00dfe), 28195 Bremen<\/p>\n\n\n\n<div class=\"wp-block-media-text alignwide is-stacked-on-mobile\" style=\"grid-template-columns:30% auto\"><figure class=\"wp-block-media-text__media\"><a href=\"https:\/\/www.ibb.com\/weiterbildung-in-bremen\"><img loading=\"lazy\" decoding=\"async\" width=\"1024\" height=\"681\" src=\"https:\/\/www.vadib.de\/wp-content\/uploads\/2020\/03\/IBB_4c_neu-1024x681.jpg\" alt=\"\" class=\"wp-image-6784 size-full\" srcset=\"https:\/\/www.vadib.de\/wp-content\/uploads\/2020\/03\/IBB_4c_neu-1024x681.jpg 1024w, https:\/\/www.vadib.de\/wp-content\/uploads\/2020\/03\/IBB_4c_neu-300x200.jpg 300w, https:\/\/www.vadib.de\/wp-content\/uploads\/2020\/03\/IBB_4c_neu-768x511.jpg 768w, https:\/\/www.vadib.de\/wp-content\/uploads\/2020\/03\/IBB_4c_neu.jpg 1521w\" sizes=\"auto, (max-width: 767px) 89vw, (max-width: 1000px) 54vw, (max-width: 1071px) 543px, 580px\" \/><\/a><\/figure><div class=\"wp-block-media-text__content\">\n<p> <br>Seit 1985 nehmen unsere Kunden mithilfe des IBB ihre berufliche Zukunft in die Hand. Das Unternehmen hat sich zu einem der gr\u00f6\u00dften und erfolgreichsten privaten Bildungstr\u00e4ger Deutschlands entwickelt. Unsere Kunden finden in unserem Portfolio nicht nur mehrere hundert zertifizierte Qualifizierungsangebote, sondern k\u00f6nnen sich darauf verlassen, dass wir mit ihnen gemeinsam ma\u00dfgeschneiderte L\u00f6sungen f\u00fcr die Anforderungen entwickeln, vor denen sie gerade stehen. <\/p>\n<\/div><\/div>\n\n\n\n<hr class=\"wp-block-separator has-alpha-channel-opacity is-style-wide\"\/>\n\n\n\n<h2 class=\"wp-block-heading has-text-color\" style=\"color:#dc5642\">IQ Netzwerk Bremen \u2013<br>das F\u00f6rderprogramm f\u00fcr Integration durch Qualifizierung<\/h2>\n\n\n\n<p class=\"has-text-color has-small-font-size\" style=\"color:#016ca3\">RKW Bremen GmbH, Martinistra\u00dfe 68, 28195 Bremen<\/p>\n\n\n\n<div class=\"wp-block-media-text alignwide is-stacked-on-mobile\" style=\"grid-template-columns:30% auto\"><figure class=\"wp-block-media-text__media\"><a href=\"http:\/\/www.iq-netzwerk-bremen.de\/\"><img loading=\"lazy\" decoding=\"async\" width=\"531\" height=\"137\" src=\"https:\/\/www.vadib.de\/wp-content\/uploads\/2024\/07\/Logo_IQ_RGB_M.jpg\" alt=\"\" class=\"wp-image-20023 size-full\" srcset=\"https:\/\/www.vadib.de\/wp-content\/uploads\/2024\/07\/Logo_IQ_RGB_M.jpg 531w, https:\/\/www.vadib.de\/wp-content\/uploads\/2024\/07\/Logo_IQ_RGB_M-300x77.jpg 300w\" sizes=\"auto, (max-width: 531px) 100vw, 531px\" \/><\/a><\/figure><div class=\"wp-block-media-text__content\">\n<p><br>Von der Anerkennung des Berufs- oder Studienabschlusses bis zum Einstieg in den Von der Anerkennung des Berufs- oder Studienabschlusses bis zum Einstieg in den Arbeitsmarkt \u2013 als IQ Netzwerk Bremen begleiten wir <strong>zugewanderte Menschen<\/strong> auf ihrem Weg in eine <strong>qualifizierte Besch\u00e4ftigung<\/strong>.<\/p>\n\n\n\n<p>Damit Sie auch in Bremen in Ihrem erlernten Beruf arbeiten k\u00f6nnen, unterst\u00fctzen wir Sie unter anderem in diesen Punkten:<\/p>\n\n\n\n<ul class=\"wp-block-list\">\n<li>Fragen zur Berufsanerkennung<\/li>\n\n\n\n<li>Erkl\u00e4rung von Anerkennungsbescheiden<\/li>\n\n\n\n<li>Kompetenzfeststellung<\/li>\n\n\n\n<li>Coaching<\/li>\n\n\n\n<li>Beratung zu Qualifizierungsma\u00dfnahmen<\/li>\n\n\n\n<li>(Wieder-)Einstieg in den Arbeitsmarkt<\/li>\n<\/ul>\n\n\n\n<p>Alle unsere Angebote sind f\u00fcr Sie <strong>kostenfrei<\/strong>. Die Kosten \u00fcbernehmen das Bundesministerium f\u00fcr Arbeit und Soziales und der ESFplus. Die Senatorin f\u00fcr Arbeit, Soziales, Jugend und Integration stellt die Kofinanzierung.<\/p>\n<\/div><\/div>\n\n\n\n<hr class=\"wp-block-separator has-alpha-channel-opacity is-style-wide\"\/>\n\n\n\n<h2 class=\"wp-block-heading has-text-color\" style=\"color:#dc5642\">IT-Bildungshaus (HEC GmbH)<\/h2>\n\n\n\n<p class=\"has-text-color has-small-font-size\" style=\"color:#016ca3\">Konsul-Smidt-Str. 24, 28217 Bremen<\/p>\n\n\n\n<div class=\"wp-block-media-text alignwide is-stacked-on-mobile\" style=\"grid-template-columns:30% auto\"><figure class=\"wp-block-media-text__media\"><a href=\"http:\/\/www.it-bildungshaus.de\"><img loading=\"lazy\" decoding=\"async\" width=\"325\" height=\"118\" src=\"https:\/\/www.vadib.de\/wp-content\/uploads\/2023\/03\/Logo_HEC_IT-Bildungshaus.png\" alt=\"\" class=\"wp-image-15091 size-full\" srcset=\"https:\/\/www.vadib.de\/wp-content\/uploads\/2023\/03\/Logo_HEC_IT-Bildungshaus.png 325w, https:\/\/www.vadib.de\/wp-content\/uploads\/2023\/03\/Logo_HEC_IT-Bildungshaus-300x109.png 300w\" sizes=\"auto, (max-width: 325px) 100vw, 325px\" \/><\/a><\/figure><div class=\"wp-block-media-text__content\">\n<p><br>Wir sind auf die Aus- und Weiterbildung von IT-Fachkr\u00e4ften (Programmierung &amp; Co.) spezialisiert, u.a. bilden wir zum\/zur \u201eFachinformatiker:in f\u00fcr Anwendungsentwicklung\u201c aus. Wenn Du nach der Umschulung einen guten Job in der IT finden bzw. nach einer Weiterbildung Deine Aufgaben besser meistern m\u00f6chtest, sprich uns gern an. <br>Was uns ausmacht? Unsere Trainer:innen kommen alle aus der IT-Praxis. Wir kombinieren Weiterbildung und die Arbeitswelt im <em>team neusta<\/em>. Theorie und Praxis sind bei uns daher up-to-date. Unsere Umschulung zum\/zur Fachinformatiker:in startet regelm\u00e4\u00dfig 1x im Jahr immer im Juli (in Vollzeit, 2 Jahre).<\/p>\n<\/div><\/div>\n\n\n\n<hr class=\"wp-block-separator has-alpha-channel-opacity is-style-wide\"\/>\n\n\n\n<h2 class=\"wp-block-heading has-text-color\" style=\"color:#dc5642\">Jobcenter Bremen<\/h2>\n\n\n\n<p class=\"has-text-color has-small-font-size\" style=\"color:#016ca3\">Utbremer Str. 90, 28217 Bremen<\/p>\n\n\n\n<div class=\"wp-block-media-text alignwide is-stacked-on-mobile\" style=\"grid-template-columns:30% auto\"><figure class=\"wp-block-media-text__media\"><a href=\"https:\/\/www.jobcenter-bremen.de\/\"><img loading=\"lazy\" decoding=\"async\" width=\"513\" height=\"98\" src=\"https:\/\/www.vadib.de\/wp-content\/uploads\/2018\/12\/Logo_Jobcenter-Bremen.png\" alt=\"\" class=\"wp-image-3311 size-full\"\/><\/a><\/figure><div class=\"wp-block-media-text__content\">\n<p> <br>Als Grundsicherungstr\u00e4ger ist das Jobcenter unter anderem zust\u00e4ndig f\u00fcr Weiterbildung und Integration der Menschen in Ausbildung und Arbeit sowie die Sicherstellung des Lebensunterhaltes.<\/p>\n<\/div><\/div>\n\n\n\n<hr class=\"wp-block-separator has-alpha-channel-opacity is-style-wide\"\/>\n\n\n\n<h2 class=\"wp-block-heading has-text-color\" style=\"color:#dc5642\">Landesagentur f\u00fcr berufliche Weiterbildung und Transformation \u2014 LABEW+<\/h2>\n\n\n\n<p class=\"has-text-color has-small-font-size\" style=\"color:#016ca3\">RKW Bremen GmbH, Martinistra\u00dfe 68, 28195 Bremen<\/p>\n\n\n\n<div class=\"wp-block-media-text alignwide is-stacked-on-mobile\" style=\"grid-template-columns:30% auto\"><figure class=\"wp-block-media-text__media\"><a href=\"https:\/\/www.rkw-bremen.de\/unsere-themen\/landesagentur-fuer-berufliche-weiterbildung-und-transformation\/\"><img loading=\"lazy\" decoding=\"async\" width=\"1024\" height=\"422\" src=\"https:\/\/www.vadib.de\/wp-content\/uploads\/2024\/10\/LABEW_Farbe-1024x422.jpg\" alt=\"\" class=\"wp-image-20810 size-full\" srcset=\"https:\/\/www.vadib.de\/wp-content\/uploads\/2024\/10\/LABEW_Farbe-1024x422.jpg 1024w, https:\/\/www.vadib.de\/wp-content\/uploads\/2024\/10\/LABEW_Farbe-300x124.jpg 300w, https:\/\/www.vadib.de\/wp-content\/uploads\/2024\/10\/LABEW_Farbe-768x316.jpg 768w, https:\/\/www.vadib.de\/wp-content\/uploads\/2024\/10\/LABEW_Farbe.jpg 1056w\" sizes=\"auto, (max-width: 767px) 89vw, (max-width: 1000px) 54vw, (max-width: 1071px) 543px, 580px\" \/><\/a><\/figure><div class=\"wp-block-media-text__content\">\n<p><br>Die zentrale Anlaufstelle mit passgenauer Beratung und Begleitung im Verbund. Die LABEW+ setzt sich aus den Servicestellen \u201eBeruf und Familie\u201c, \u201eDeutsch am Arbeitsplatz\u201c und \u201eberufliche Weiterbildung\u201c zusammen, die in enger Abstimmung gemeinschaftlich beraten. Unternehmen wie auch Einzelpersonen werden dabei unterst\u00fctzt, Transformationsprozesse als Chance zu nutzen.<\/p>\n\n\n\n<p>Die LABEW+ bietet:<\/p>\n\n\n\n<ul class=\"wp-block-list\">\n<li>Unterst\u00fctzung bei der Suche nach geeigneten beruflichen Weiterbildungsformaten<\/li>\n\n\n\n<li>Beratung zum Nachholen eines Berufsabschlusses mittels Externen-Pr\u00fcfung<\/li>\n\n\n\n<li>Berufsbegleitende Sprachtrainings und -coachings am Arbeitsplatz<\/li>\n\n\n\n<li>F\u00f6rderungen: Qualifizierungsbonus f\u00fcr Besch\u00e4ftigte und Bremer Weiterbildungsscheck.<\/li>\n<\/ul>\n\n\n\n<p><a href=\"http:\/\/www.rkw-bremen.de\">www.rkw-bremen.de<\/a><\/p>\n<\/div><\/div>\n\n\n\n<hr class=\"wp-block-separator has-alpha-channel-opacity is-style-wide\"\/>\n\n\n\n<h2 class=\"wp-block-heading has-text-color\" style=\"color:#dc5642\">\u00d6koNet gGmbH \u2212 Betriebsteil rhizom<\/h2>\n\n\n\n<p class=\"has-text-color has-small-font-size\" style=\"color:#016ca3\">Am kleinen Moordamm 1., 28357 Bremen<\/p>\n\n\n\n<div class=\"wp-block-media-text alignwide is-stacked-on-mobile\" style=\"grid-template-columns:30% auto\"><figure class=\"wp-block-media-text__media\"><a href=\"http:\/\/www.oekonet-bremen.de\/index.php\"><img loading=\"lazy\" decoding=\"async\" width=\"250\" height=\"107\" src=\"https:\/\/www.vadib.de\/wp-content\/uploads\/2025\/03\/Logo_Oekonet.png\" alt=\"\" class=\"wp-image-22554 size-full\"\/><\/a><\/figure><div class=\"wp-block-media-text__content\">\n<p><br>Wir bei \u00d6koNet &#8211; \u00d6kologisches Netzwerk f\u00fcr Arbeit und Bildung \u2013 sind davon \u00fcberzeugt, dass ein Schl\u00fcssel zur gesellschaftlichen Teilhabe Arbeit und Bildung sind. Deshalb bieten wir in unseren vielseitigen \u00f6kologischen Angeboten Menschen mit erschwertem Zugang zum Arbeitsmarkt einen niedrigschwelligen Einstieg in ein geregeltes Arbeitsleben und die M\u00f6glichkeit einer Ausbildung oder Qualifizierung sowie pers\u00f6nliche Weiterentwicklung.<\/p>\n\n\n\n<p>In unserem Betriebsteil rhizom bieten wir f\u00fcr Frauen und M\u00e4nner eine Weiterqualifizierung mit Berufsabschluss zum\/zur G\u00e4rtner\/G\u00e4rtnerin an. Neben \u00f6kologischem Gem\u00fcseanbau unterhalten wir einen Lehrgarten, in dem der \u00f6kologische Anbau anschaulich erkl\u00e4rt wird. Es werden Mitmachaktionen f\u00fcr Schulen und fachkundige F\u00fchrungen angeboten.<\/p>\n\n\n\n<p>Mit unserem Angebot der Ganzheitlichen Betreuung (nach \u00a7 16k SGB II) bieten wir pers\u00f6nliche Beratung und Unterst\u00fctzung f\u00fcr Menschen an, die etwas in ihrem Leben ver\u00e4ndern m\u00f6chten, um sich nachhaltig zu stabilisieren. Dabei unterst\u00fctzen verl\u00e4ssliche Berater:innen die Teilnehmenden in Einzelterminen bei ihren aktuellen und ganz pers\u00f6nlichen Anliegen (z.B. Gesundheit, Finanzen, Soziales und Hindernisse im Alltag). Das Kennenlernen und ggf. eine Anbindung an die Bremer Hilfsangebote werden angestrebt.<\/p>\n<\/div><\/div>\n\n\n\n<hr class=\"wp-block-separator has-alpha-channel-opacity is-style-wide\"\/>\n\n\n\n<h2 class=\"wp-block-heading has-text-color\" style=\"color:#dc5642\">Parit\u00e4tisches Bildungswerk Bremen e.V. (PBW)<\/h2>\n\n\n\n<p class=\"has-text-color has-small-font-size\" style=\"color:#016ca3\">Faulenstr. 31, 28195 Bremen<\/p>\n\n\n\n<div class=\"wp-block-media-text alignwide is-stacked-on-mobile\" style=\"grid-template-columns:30% auto\"><figure class=\"wp-block-media-text__media\"><a href=\"https:\/\/pbwbremen.de\/\"><img loading=\"lazy\" decoding=\"async\" width=\"527\" height=\"250\" src=\"https:\/\/www.vadib.de\/wp-content\/uploads\/2023\/06\/pbw_logo.jpg\" alt=\"\" class=\"wp-image-15761 size-full\" srcset=\"https:\/\/www.vadib.de\/wp-content\/uploads\/2023\/06\/pbw_logo.jpg 527w, https:\/\/www.vadib.de\/wp-content\/uploads\/2023\/06\/pbw_logo-300x142.jpg 300w\" sizes=\"auto, (max-width: 527px) 100vw, 527px\" \/><\/a><\/figure><div class=\"wp-block-media-text__content\">\n<p> <br>Das Parit\u00e4tische Bildungswerk Bremen ist ein lebendiger Ort der Erwachsenenbildung und anerkannter Weiterbildungstr\u00e4ger. Bei uns finden Menschen aus aller Welt ein breites Angebot zur sprachlichen und beruflichen Qualifizierung: Von Integrations- und Berufssprachkursen sowie Lehrg\u00e4ngen zur beruflichen Orientierung und Vorbereitung auf Ausbildung und Arbeit \u00fcber staatlich anerkannte Ausbildungen und Umschulungen sowie vielf\u00e4ltige Fort- und Weiterbildungen f\u00fcr p\u00e4dagogische Fachkr\u00e4fte bis hin zu Angeboten zur Anerkennung von Berufsabschl\u00fcssen.<\/p>\n<\/div><\/div>\n\n\n\n<hr class=\"wp-block-separator has-alpha-channel-opacity is-style-wide\"\/>\n\n\n\n<h2 class=\"wp-block-heading has-text-color\" style=\"color:#dc5642\">PiB \u2013 Pflegekinder in Bremen gemeinn\u00fctzige GmbH<\/h2>\n\n\n\n<p class=\"has-text-color has-small-font-size\" style=\"color:#016ca3\">PiB-B\u00fcro Mitte, Bahnhofstra\u00dfe 28 \u2013 31, 28195 Bremen<\/p>\n\n\n\n<div class=\"wp-block-media-text alignwide is-stacked-on-mobile\" style=\"grid-template-columns:30% auto\"><figure class=\"wp-block-media-text__media\"><a href=\"https:\/\/www.pib-bremen.de\/\"><img loading=\"lazy\" decoding=\"async\" width=\"937\" height=\"582\" src=\"https:\/\/www.vadib.de\/wp-content\/uploads\/2025\/12\/Logo_PIB_gemeinnuetzige-GmbH.png\" alt=\"\" class=\"wp-image-25826 size-full\" srcset=\"https:\/\/www.vadib.de\/wp-content\/uploads\/2025\/12\/Logo_PIB_gemeinnuetzige-GmbH.png 937w, https:\/\/www.vadib.de\/wp-content\/uploads\/2025\/12\/Logo_PIB_gemeinnuetzige-GmbH-300x186.png 300w, https:\/\/www.vadib.de\/wp-content\/uploads\/2025\/12\/Logo_PIB_gemeinnuetzige-GmbH-768x477.png 768w\" sizes=\"auto, (max-width: 767px) 89vw, (max-width: 1000px) 54vw, (max-width: 1071px) 543px, 580px\" \/><\/a><\/figure><div class=\"wp-block-media-text__content\">\n<p><br>PiB ist der Fachdienst f\u00fcr Kindertagespflege in Bremen. Wir informieren Sie \u00fcber den abwechslungsreichen Berufsweg als selbstst\u00e4ndige Kindertagespflegeperson. Interessierte erfahren bei uns, wie sie sich qualifizieren und welche Voraussetzungen f\u00fcr diese T\u00e4tigkeit wichtig sind.<\/p>\n\n\n\n<p>Die Kindertagespflege bietet eine erf\u00fcllende Zukunftsperspektive in der Betreuung und F\u00f6rderung von Kindern bis drei Jahren. Unsere Fachberater*innen unterst\u00fctzen und begleiten Sie auf dem Weg in die Selbstst\u00e4ndigkeit und dar\u00fcber hinaus.<\/p>\n\n\n\n<p>Besuchen Sie uns und entdecken Sie, wie Sie mit einer fundierten Qualifizierung eine verantwortungsvolle und sinnstiftende T\u00e4tigkeit in der Kindertagespflege starten k\u00f6nnen.<\/p>\n<\/div><\/div>\n\n\n\n<hr class=\"wp-block-separator has-alpha-channel-opacity is-style-wide\"\/>\n\n\n\n<h2 class=\"wp-block-heading has-text-color\" style=\"color:#dc5642\">SBH Nordost GmbH<\/h2>\n\n\n\n<p class=\"has-text-color has-small-font-size\" style=\"color:#016ca3\">Am Wall 187-189, 28195 Bremen<\/p>\n\n\n\n<div class=\"wp-block-media-text alignwide is-stacked-on-mobile\" style=\"grid-template-columns:30% auto\"><figure class=\"wp-block-media-text__media\"><a href=\"https:\/\/s-b-h.de\/sbh-vor-ort\/sbh-nordost\"><img loading=\"lazy\" decoding=\"async\" width=\"1024\" height=\"533\" src=\"https:\/\/www.vadib.de\/wp-content\/uploads\/2022\/02\/SBH-Nordost-1024x533.png\" alt=\"\" class=\"wp-image-11856 size-full\" srcset=\"https:\/\/www.vadib.de\/wp-content\/uploads\/2022\/02\/SBH-Nordost-1024x533.png 1024w, https:\/\/www.vadib.de\/wp-content\/uploads\/2022\/02\/SBH-Nordost-300x156.png 300w, https:\/\/www.vadib.de\/wp-content\/uploads\/2022\/02\/SBH-Nordost-768x400.png 768w, https:\/\/www.vadib.de\/wp-content\/uploads\/2022\/02\/SBH-Nordost-1536x800.png 1536w, https:\/\/www.vadib.de\/wp-content\/uploads\/2022\/02\/SBH-Nordost.png 2044w\" sizes=\"auto, (max-width: 767px) 89vw, (max-width: 1000px) 54vw, (max-width: 1071px) 543px, 580px\" \/><\/a><\/figure><div class=\"wp-block-media-text__content\">\n<p> <br>An rund 130 Standorten engagiert sich die SBH Nordost GmbH f\u00fcr eine zeitgem\u00e4\u00dfe Bildung. Unsere Angebote reichen von der fr\u00fchkindlichen P\u00e4dagogik \u00fcber Berufsorientierung bis hin zur beruflichen Aus- und Weiterbildung. Vielf\u00e4ltige Ziele erfordern vielf\u00e4ltige Ans\u00e4tze. Vom beruflichen Einstieg bis zum beruflichen Aufstieg: Mit Beratung, Training und Qualifizierung bereiten und begleiten wir die passenden Wege.<\/p>\n<\/div><\/div>\n\n\n\n<hr class=\"wp-block-separator has-alpha-channel-opacity is-style-wide\"\/>\n\n\n\n<h2 class=\"wp-block-heading has-text-color\" style=\"color:#dc5642\">STB GmbH &amp; Co. KG Bremen<\/h2>\n\n\n\n<p class=\"has-text-color has-small-font-size\" style=\"color:#016ca3\">Faulenstra\u00dfe 23, 28195 Bremen<\/p>\n\n\n\n<div class=\"wp-block-media-text alignwide is-stacked-on-mobile\" style=\"grid-template-columns:30% auto\"><figure class=\"wp-block-media-text__media\"><a href=\"http:\/\/www.stb-bildung.de\/\"><img loading=\"lazy\" decoding=\"async\" width=\"163\" height=\"87\" src=\"https:\/\/www.vadib.de\/wp-content\/uploads\/2023\/04\/Logo_STB.jpg\" alt=\"\" class=\"wp-image-15153 size-full\"\/><\/a><\/figure><div class=\"wp-block-media-text__content\">\n<p> <br>Seit 1986 steht STB, ein anerkannter Weiterbildungstr\u00e4ger, f\u00fcr Vielfalt und Begegnung. Hier treffen Menschen aus den unterschiedlichsten Ecken der Welt aufeinander und finden einen Raum, der von Motivation und gegenseitiger Wertsch\u00e4tzung gepr\u00e4gt ist. Jeder Einzelne erh\u00e4lt bei uns die Chance, sein pers\u00f6nliches Potenzial in vollem Umfang zu entdecken und auszubauen. In Bremen und Osterholz-Scharmbeck bieten wir ein breites Spektrum an M\u00f6glichkeiten f\u00fcr sprachliche und berufliche Fortschritte: Angefangen bei (Jugend)Integrations- und Berufssprachkursen, \u00fcber individuelle Coachings, bis hin zu gezielten Hilfestellungen bei beruflichen und sozialen Integrationsprozessen. Hinter all dem steht unser engagiertes Team, welches sich nicht nur durch fachliche Expertise, sondern auch durch interkulturelle Sensibilit\u00e4t und vielsprachige F\u00e4higkeiten auszeichnet.<\/p>\n<\/div><\/div>\n\n\n\n<hr class=\"wp-block-separator has-alpha-channel-opacity is-style-wide\"\/>\n\n\n\n<h2 class=\"wp-block-heading has-text-color\" style=\"color:#dc5642\">Stra\u00dfenverkehrs-Genossenschaft Bremen eG<\/h2>\n\n\n\n<p class=\"has-text-color has-small-font-size\" style=\"color:#016ca3\">Hansator 5, 28217 Bremen<\/p>\n\n\n\n<div class=\"wp-block-media-text alignwide is-stacked-on-mobile\" style=\"grid-template-columns:30% auto\"><figure class=\"wp-block-media-text__media\"><a href=\"https:\/\/www.svg-bremen.de\/\"><img loading=\"lazy\" decoding=\"async\" width=\"394\" height=\"501\" src=\"https:\/\/www.vadib.de\/wp-content\/uploads\/2024\/07\/svg_logo_cmyk_10x13cm-brandcode-002.png\" alt=\"\" class=\"wp-image-19976 size-full\" srcset=\"https:\/\/www.vadib.de\/wp-content\/uploads\/2024\/07\/svg_logo_cmyk_10x13cm-brandcode-002.png 394w, https:\/\/www.vadib.de\/wp-content\/uploads\/2024\/07\/svg_logo_cmyk_10x13cm-brandcode-002-236x300.png 236w\" sizes=\"auto, (max-width: 394px) 100vw, 394px\" \/><\/a><\/figure><div class=\"wp-block-media-text__content\">\n<p> <br>Der Bedarf an qualifiziertem Fahrpersonal w\u00e4chst stetig. Gut ausgebildete Berufskraftfahrerinnen und Berufskraftfahrer haben auf dem Arbeitsmarkt beste Chancen, einen interessanten Arbeitsplatz zu finden.<\/p>\n\n\n\n<p>Das SVG Bildungszentrum in Bremen ist Ihr Partner f\u00fcr Ihre Aus-, Fort- und Weiterbildung aus der Transport- und Logistikbranche. Mit unseren zertifizierten Kursen bieten wir Ihnen ein weites Spektrum von individuell auf Sie zugeschnittenen beruflichen Qualifizierungsma\u00dfnahmen und Weiterbildungen.<\/p>\n<\/div><\/div>\n\n\n\n<hr class=\"wp-block-separator has-alpha-channel-opacity is-style-wide\"\/>\n\n\n\n<h2 class=\"wp-block-heading has-text-color\" style=\"color:#dc5642\">TERTIA Berufsf\u00f6rderung GmbH &amp; Co KG in Bremen Mitte<\/h2>\n\n\n\n<p class=\"has-text-color has-small-font-size\" style=\"color:#016ca3\">Am Werfttor 6-8, 28755 Bremen<\/p>\n\n\n\n<div class=\"wp-block-media-text alignwide is-stacked-on-mobile\" style=\"grid-template-columns:30% auto\"><figure class=\"wp-block-media-text__media\"><a href=\"https:\/\/www.tertia.de\/standort\/bremen-mitte\/\"><img loading=\"lazy\" decoding=\"async\" width=\"1024\" height=\"471\" src=\"https:\/\/www.vadib.de\/wp-content\/uploads\/2023\/04\/LOGO_TERTIA-1024x471.jpg\" alt=\"\" class=\"wp-image-15174 size-full\" srcset=\"https:\/\/www.vadib.de\/wp-content\/uploads\/2023\/04\/LOGO_TERTIA-1024x471.jpg 1024w, https:\/\/www.vadib.de\/wp-content\/uploads\/2023\/04\/LOGO_TERTIA-300x138.jpg 300w, https:\/\/www.vadib.de\/wp-content\/uploads\/2023\/04\/LOGO_TERTIA-768x353.jpg 768w, https:\/\/www.vadib.de\/wp-content\/uploads\/2023\/04\/LOGO_TERTIA.jpg 1307w\" sizes=\"auto, (max-width: 767px) 89vw, (max-width: 1000px) 54vw, (max-width: 1071px) 543px, 580px\" \/><\/a><\/figure><div class=\"wp-block-media-text__content\">\n<p><strong>ARBEIT \u2013 BILDUNG \u2013 COACHING in Bremen-Nord<\/strong><br><br>\u200bIn Bremen Mitte ist die TERTIA seit 2009 vertreten. Wir f\u00fchren im Auftrag der Agentur f\u00fcr Arbeit und des Jobcenters Aktivierungs- und Vermittlungsprojekte f\u00fcr verschiedene Zielgruppen durch.<\/p>\n\n\n\n<p>Individuelles Coaching f\u00fcr Bewerbungen, Pers\u00f6nlichkeitsentwicklung, Existenzgr\u00fcndungsvorbereitung, Sprachcoaching, Sozial- und Integrationscoaching, sowie Qualifizierungen und Weiterbildungen.<\/p>\n\n\n\n<p>Sie lernen bequem in unseren Niederlassungen oder zu Hause und werden dabei von unseren TERTIA-Bildungsbegleiter:innen unterst\u00fctzt. Der Computer und die erforderliche Software werden Ihnen von uns f\u00fcr den Zeitraum der Weiterbildung zur Verf\u00fcgung gestellt.<\/p>\n\n\n\n<p>Bei uns k\u00f6nnen Sie Ihren <strong>Bildungsgutschein<\/strong> oder Ihren <strong>Aktivierungs- und Vermittlungsgutschein (AVGS)<\/strong> einl\u00f6sen. &nbsp;<\/p>\n<\/div><\/div>\n\n\n\n<hr class=\"wp-block-separator has-alpha-channel-opacity is-style-wide\"\/>\n\n\n\n<h2 class=\"wp-block-heading has-text-color\" style=\"color:#dc5642\">VIA-Nord \u2013 Vermittlung und Integration von Alleinerziehenden in Bremen-Nord<\/h2>\n\n\n\n<p class=\"has-text-color has-small-font-size\" style=\"color:#016ca3\">Rotdornallee 64, Haus 4a, 28717 Bremen<\/p>\n\n\n\n<div class=\"wp-block-media-text alignwide is-stacked-on-mobile\" style=\"grid-template-columns:30% auto\"><figure class=\"wp-block-media-text__media\"><a href=\"https:\/\/www.alleinerziehende-in-arbeit.de\/\"><img loading=\"lazy\" decoding=\"async\" width=\"1024\" height=\"611\" src=\"https:\/\/www.vadib.de\/wp-content\/uploads\/2025\/12\/883-Logo2_ViaNord-hoch-1024x611.png\" alt=\"\" class=\"wp-image-25868 size-full\" srcset=\"https:\/\/www.vadib.de\/wp-content\/uploads\/2025\/12\/883-Logo2_ViaNord-hoch-1024x611.png 1024w, https:\/\/www.vadib.de\/wp-content\/uploads\/2025\/12\/883-Logo2_ViaNord-hoch-300x179.png 300w, https:\/\/www.vadib.de\/wp-content\/uploads\/2025\/12\/883-Logo2_ViaNord-hoch-768x459.png 768w, https:\/\/www.vadib.de\/wp-content\/uploads\/2025\/12\/883-Logo2_ViaNord-hoch-1536x917.png 1536w, https:\/\/www.vadib.de\/wp-content\/uploads\/2025\/12\/883-Logo2_ViaNord-hoch-2048x1223.png 2048w\" sizes=\"auto, (max-width: 767px) 89vw, (max-width: 1000px) 54vw, (max-width: 1071px) 543px, 580px\" \/><\/a><\/figure><div class=\"wp-block-media-text__content\">\n<p><br>Alleinerziehend, aber nicht allein \u2013 VIA-Nord st\u00e4rkt, unterst\u00fctzt und begleitet auf dem Weg ins Arbeitsleben. VIA richtet sich an alle alleinerziehenden M\u00fctter und V\u00e4ter \u2013 unabh\u00e4ngig von Alter, Nationalit\u00e4t, Schulbildung, vorberuflicher Erfahrungen sowie Alter der Kinder.<\/p>\n\n\n\n<ul class=\"wp-block-list\">\n<li>Du wei\u00dft nicht, wie Du alles unter einen Hut bekommst \u2013 die Verantwortung f\u00fcr Dein Kind, das Familienlaben und einen Job?<\/li>\n\n\n\n<li>Du bist als alleinerziehende Person schon l\u00e4nger nicht mehr im Job oder hast wegen dem Kind keine Ausbildung gemacht, willst aber jetzt beruflich durchstarten?<\/li>\n\n\n\n<li>Du f\u00fchlst dich mit der Situation \u00fcberfordert und brauchst Unterst\u00fctzung? Du suchst jemanden, der dir hilft, die Dinge zu sortieren und neue Ideen f\u00fcr deine Zukunft zu finden?<\/li>\n<\/ul>\n\n\n\n<p>Wir helfen Dir durchzustarten!<\/p>\n<\/div><\/div>\n\n\n\n<hr class=\"wp-block-separator has-alpha-channel-opacity is-style-wide\"\/>\n\n\n\n<h2 class=\"wp-block-heading has-text-color\" style=\"color:#dc5642\">Vita Bildungsakademie GmbH<\/h2>\n\n\n\n<p class=\"has-text-color has-small-font-size\" style=\"color:#016ca3\">Weserstra\u00dfe 81, 28757 Bremen<\/p>\n\n\n\n<div class=\"wp-block-media-text alignwide is-stacked-on-mobile\" style=\"grid-template-columns:30% auto\"><figure class=\"wp-block-media-text__media\"><a href=\"https:\/\/vita-bildung.de\/\"><img loading=\"lazy\" decoding=\"async\" width=\"284\" height=\"46\" src=\"https:\/\/www.vadib.de\/wp-content\/uploads\/2025\/11\/Vita-Bildungsakademie.png\" alt=\"\" class=\"wp-image-25572 size-full\"\/><\/a><\/figure><div class=\"wp-block-media-text__content\">\n<p><br>Ankommen. Durchstarten. Zukunft gestalten.<\/p>\n\n\n\n<p>Unser Angebot umfasst qualifizierte Trainings, Weiterbildungen und pers\u00f6nliche Coachings, die zu Ihrer Lebenssituation, Ihren Sprachkenntnissen und Ihren beruflichen Zielen passen.<\/p>\n\n\n\n<p>Menschen mit internationaler Geschichte haben viele wertvolle F\u00e4higkeiten und Erfahrungen. Wir helfen Ihnen dabei, diese St\u00e4rken zu zeigen und erfolgreich im deutschen Arbeitsmarkt einzusetzen.<\/p>\n\n\n\n<p>Wir begleiten Sie von der beruflichen Orientierung \u00fcber den Aufbau neuer Kompetenzen bis hin zur sicheren Integration in Arbeit oder Ausbildung.<\/p>\n<\/div><\/div>\n\n\n\n<hr class=\"wp-block-separator has-alpha-channel-opacity is-style-wide\"\/>\n\n\n\n<h2 class=\"wp-block-heading has-text-color\" style=\"color:#dc5642\">Waller Besch\u00e4ftigungs- und Qualifizierungsgesellschaft mbHg (WaBeQ)<\/h2>\n\n\n\n<p class=\"has-text-color has-small-font-size\" style=\"color:#016ca3\">Waller Heerstr. 56, 28217 Bremen<\/p>\n\n\n\n<div class=\"wp-block-media-text alignwide is-stacked-on-mobile\" style=\"grid-template-columns:30% auto\"><figure class=\"wp-block-media-text__media\"><a href=\"http:\/\/www.wabeq.de\/\"><img loading=\"lazy\" decoding=\"async\" width=\"599\" height=\"292\" src=\"https:\/\/www.vadib.de\/wp-content\/uploads\/2017\/08\/Logo_WABEQ_WebSite.jpg\" alt=\"\" class=\"wp-image-292 size-full\"\/><\/a><\/figure><div class=\"wp-block-media-text__content\">\n<p> <br>Die WaBeQ unterst\u00fctzt als anerkannter Besch\u00e4ftigungs- und Qualifizierungstr\u00e4ger die Integration von Langzeitarbeitslosen, Menschen mit Migrationshintergrund, Alleinerziehenden und jungen Erwachsenen in den ersten Arbeitsmarkt. Als Partnerin im Ausbildungsverbund Bremen bilden wir junge Menschen in sechs verschiedenen gewerblich-technischen und einem kaufm\u00e4nnischen Beruf aus. Dar\u00fcber hinaus engagieren wir uns in den Bereichen soziale Dienstleistungen im Wohnumfeld, soziale Wohnprojekte, Stadtentwicklung, Handwerk und Arbeitsmarktpolitik.&nbsp;<\/p>\n<\/div><\/div>\n\n\n\n<hr class=\"wp-block-separator has-alpha-channel-opacity is-style-wide\"\/>\n\n\n\n<h2 class=\"wp-block-heading has-text-color\" style=\"color:#dc5642\">WBS Training<\/h2>\n\n\n\n<p class=\"has-text-color has-small-font-size\" style=\"color:#016ca3\">Bahnhofsplatz 9-10, 28195 Bremen<\/p>\n\n\n\n<div class=\"wp-block-media-text alignwide is-stacked-on-mobile\" style=\"grid-template-columns:30% auto\"><figure class=\"wp-block-media-text__media\"><a href=\"https:\/\/www.wbstraining.de\/\" target=\"_blank\" rel=\"noreferrer noopener\"><img loading=\"lazy\" decoding=\"async\" width=\"606\" height=\"177\" src=\"https:\/\/www.vadib.de\/wp-content\/uploads\/2017\/08\/Logo_WBS_WebSite.jpg\" alt=\"\" class=\"wp-image-293 size-full\" srcset=\"https:\/\/www.vadib.de\/wp-content\/uploads\/2017\/08\/Logo_WBS_WebSite.jpg 606w, https:\/\/www.vadib.de\/wp-content\/uploads\/2017\/08\/Logo_WBS_WebSite-300x88.jpg 300w\" sizes=\"auto, (max-width: 606px) 100vw, 606px\" \/><\/a><\/figure><div class=\"wp-block-media-text__content\">\n<p><strong> <\/strong><br>Meine Weiterbildung mit #f\u00fcrmichda Gef\u00fchl.<br>Wir begleiten dich auf deinem Weg und sind f\u00fcr dich da. Ob du einen Jobverlust erlebt hast oder \u00fcber einen beruflichen Wechsel nachdenkst &#8211; verlass dich auf das #f\u00fcrmichda Gef\u00fchl und wende dich einfach an deine pers\u00f6nlichen Ansprechpersonen. Unsere Bildungsangebote zeichnen sich durch individuelle F\u00f6rderung und Vielfalt aus. Mit einem breiten Angebot von \u00fcber 3.000 Kursen, moderner digitaler Aufbereitung und interaktiven Lehrmethoden f\u00f6rdern wir nicht nur digitale Kompetenzen, sondern auch den Spa\u00df am Lernen. Unsere Kompetenz belegen anerkannte Zertifikate von Institutionen wie IHK, Microsoft, SAP, Datev, Esri und tekom. Vor \u00fcber 40 Jahren wurde unsere Kerngesellschaft WBS TRAINING AG gegr\u00fcndet. Heute besch\u00e4ftigt die WBS GRUPPE mehr als 1.800 Mitarbeitende an \u00fcber 270 Standorten, die f\u00fcr j\u00e4hrlich 30.000 Kund:innen herausragende Bildungserlebnisse gestalten. Wir sind zertifizierte Bildungspartnerin von SAP\u00ae, DATEV\u00ae und LEXWARE\u00ae.<\/p>\n<\/div><\/div>\n\n\n\n<hr class=\"wp-block-separator has-alpha-channel-opacity is-style-wide\"\/>\n\n\n\n<h2 class=\"wp-block-heading has-text-color\" style=\"color:#dc5642\">Wirtschafts- und Sozialakademie der Arbeitnehmerkammer Bremen gGmbH (wisoak)<\/h2>\n\n\n\n<p class=\"has-text-color has-small-font-size\" style=\"color:#016ca3\">Bertha-von-Suttner-Str. 17, 28207 Bremen<\/p>\n\n\n\n<div class=\"wp-block-media-text alignwide is-stacked-on-mobile\" style=\"grid-template-columns:30% auto\"><figure class=\"wp-block-media-text__media\"><a href=\"https:\/\/www.wisoak.de\/\"><img loading=\"lazy\" decoding=\"async\" width=\"600\" height=\"285\" src=\"https:\/\/www.vadib.de\/wp-content\/uploads\/2023\/04\/Logo_WISOAK.png\" alt=\"\" class=\"wp-image-15241 size-full\" srcset=\"https:\/\/www.vadib.de\/wp-content\/uploads\/2023\/04\/Logo_WISOAK.png 600w, https:\/\/www.vadib.de\/wp-content\/uploads\/2023\/04\/Logo_WISOAK-300x143.png 300w\" sizes=\"auto, (max-width: 600px) 100vw, 600px\" \/><\/a><\/figure><div class=\"wp-block-media-text__content\">\n<p> <br>Die Wirtschafts- und Sozialakademie (wisoak) bietet vielf\u00e4ltige berufliche Qualifizierungen f\u00fc Besch\u00e4ftigte und Arbeitsuchende in der Metropolregion Nordwest an. Unsere Schwerpunkte liegen in den Bereichen Wirtschaft &amp; Management, Politik &amp; Kultur, Gesundheit &amp; Soziales und der digitalen Transformation. Auch im Bereich der Ausbildung und Umschulung sind wir aktiv. Neben den Umschulungen zum:zur Kaufmann:Kauffrau f\u00fcr B\u00fcromanagement und zur Sozialassistenz bieten wir die Ausbildung in der generalistischen Pflege an.<\/p>\n<\/div><\/div>\n\n\n\n<hr class=\"wp-block-separator has-alpha-channel-opacity is-style-wide\"\/>\n\n\n\n<p class=\"has-text-color\" style=\"color:#dc5642\">Diese Messe wird von der Agentur f\u00fcr Arbeit Bremen-Bremerhaven und dem Jobcenter Bremen unterst\u00fctzt.<\/p>\n\n\n\n<figure class=\"wp-block-image size-full is-resized\"><img decoding=\"async\" src=\"https:\/\/www.vadib.de\/wp-content\/uploads\/2023\/03\/Agentur-fuer-Arbeit.png\" alt=\"\" class=\"wp-image-15041\" style=\"width:212px;height:60px\"\/><\/figure>\n\n\n\n<figure class=\"wp-block-image size-full is-resized\"><img loading=\"lazy\" decoding=\"async\" width=\"513\" height=\"98\" src=\"https:\/\/www.vadib.de\/wp-content\/uploads\/2018\/12\/Logo_Jobcenter-Bremen.png\" alt=\"\" class=\"wp-image-3311\" style=\"width:217px;height:42px\"\/><\/figure>\n\n\n\n<hr class=\"wp-block-separator has-alpha-channel-opacity is-style-wide\"\/>\n\n\n\n<figure class=\"wp-block-image size-full is-resized\"><a href=\"https:\/\/www.facebook.com\/LernmesseBremen\" target=\"_blank\" rel=\"noreferrer noopener\"><img loading=\"lazy\" decoding=\"async\" width=\"500\" height=\"94\" src=\"https:\/\/www.vadib.de\/wp-content\/uploads\/2023\/09\/Logo_facebook.png\" alt=\"\" class=\"wp-image-16450\" style=\"width:150px;height:28px\" srcset=\"https:\/\/www.vadib.de\/wp-content\/uploads\/2023\/09\/Logo_facebook.png 500w, https:\/\/www.vadib.de\/wp-content\/uploads\/2023\/09\/Logo_facebook-300x56.png 300w\" sizes=\"auto, (max-width: 500px) 100vw, 500px\" \/><\/a><\/figure>\n\n\n\n<p><\/p>\n","protected":false},"excerpt":{"rendered":"<p>Unser Messeformat \u2212 Schauen Sie HIER (VIDEO) Die Messe \u201cQualifizieren f\u00fcr Besch\u00e4ftiguung\u201d f\u00fcr die Region NORD in Bremen hat am 22. Januar 2026 im Gustav-Heinemann-B\u00fcrgerhaus in Vegesack stattgefunden. Eindr\u00fccke Die Messe &#8222;Qualifizieren f\u00fcr Besch\u00e4ftigung&#8220; im Gustav-Heinemann-B\u00fcrgerhaus in Vegesack war inzwischen die elfte Veranstaltung in diesem Format. Die dezentrale Messe hat sich inzwischen etabliert. Insbesondere f\u00fcr &hellip; <\/p>\n<p class=\"link-more\"><a href=\"https:\/\/www.vadib.de\/?page_id=23925\" class=\"more-link\"><span class=\"screen-reader-text\">\u201eMesse NORD (Jan_2026)\u201c <\/span>weiterlesen<\/a><\/p>\n","protected":false},"author":1,"featured_media":0,"parent":0,"menu_order":0,"comment_status":"closed","ping_status":"closed","template":"","meta":{"footnotes":""},"class_list":["post-23925","page","type-page","status-publish","hentry"],"_links":{"self":[{"href":"https:\/\/www.vadib.de\/index.php?rest_route=\/wp\/v2\/pages\/23925","targetHints":{"allow":["GET"]}}],"collection":[{"href":"https:\/\/www.vadib.de\/index.php?rest_route=\/wp\/v2\/pages"}],"about":[{"href":"https:\/\/www.vadib.de\/index.php?rest_route=\/wp\/v2\/types\/page"}],"author":[{"embeddable":true,"href":"https:\/\/www.vadib.de\/index.php?rest_route=\/wp\/v2\/users\/1"}],"replies":[{"embeddable":true,"href":"https:\/\/www.vadib.de\/index.php?rest_route=%2Fwp%2Fv2%2Fcomments&post=23925"}],"version-history":[{"count":78,"href":"https:\/\/www.vadib.de\/index.php?rest_route=\/wp\/v2\/pages\/23925\/revisions"}],"predecessor-version":[{"id":27038,"href":"https:\/\/www.vadib.de\/index.php?rest_route=\/wp\/v2\/pages\/23925\/revisions\/27038"}],"wp:attachment":[{"href":"https:\/\/www.vadib.de\/index.php?rest_route=%2Fwp%2Fv2%2Fmedia&parent=23925"}],"curies":[{"name":"wp","href":"https:\/\/api.w.org\/{rel}","templated":true}]}}