{"id":23532,"date":"2025-06-04T12:52:03","date_gmt":"2025-06-04T10:52:03","guid":{"rendered":"https:\/\/www.vadib.de\/?page_id=23532"},"modified":"2025-06-05T13:01:59","modified_gmt":"2025-06-05T11:01:59","slug":"fachtag-qualifizieren-fuer-beschaeftigung-2-2","status":"publish","type":"page","link":"https:\/\/www.vadib.de\/?page_id=23532","title":{"rendered":"Veranstaltung &#8222;\u00d6ffentlich gef\u00f6rderte Besch\u00e4ftigung und soziale Angebote in Quartieren&#8220; (Mai 2025)"},"content":{"rendered":"\n<h1 class=\"wp-block-heading\">\u00d6ffentlich gef\u00f6rderte Besch\u00e4ftigung und soziale Angebote in Quartieren<\/h1>\n\n\n\n<p>Ein R\u00fcckblick auf die Veranstaltung des VaDiB am 27. Mai 2025 im KWADRAT, betrieben von <em>Werkstatt Bremen<\/em>.<\/p>\n\n\n\n<div class=\"wp-block-media-text is-stacked-on-mobile is-vertically-aligned-top\"><figure class=\"wp-block-media-text__media\"><a href=\"https:\/\/www.vadib.de\/wp-content\/uploads\/2025\/06\/VA_250527_01.png\"><img loading=\"lazy\" decoding=\"async\" width=\"750\" height=\"1000\" src=\"https:\/\/www.vadib.de\/wp-content\/uploads\/2025\/06\/VA_250527_01.png\" alt=\"\" class=\"wp-image-23539 size-full\" srcset=\"https:\/\/www.vadib.de\/wp-content\/uploads\/2025\/06\/VA_250527_01.png 750w, https:\/\/www.vadib.de\/wp-content\/uploads\/2025\/06\/VA_250527_01-225x300.png 225w\" sizes=\"auto, (max-width: 706px) 89vw, (max-width: 767px) 82vw, 740px\" \/><\/a><\/figure><div class=\"wp-block-media-text__content\">\n<p> <br>Mehr als hundert Engagierte aus Politik, Verwaltung, Tr\u00e4gerlandschaft und Stadtteilen sind unserer Einladung gefolgt, um gemeinsam dar\u00fcber zu sprechen, wie es mit der \u00f6ffentlich gef\u00f6rderten Besch\u00e4ftigung in Bremen weitergeht.<\/p>\n\n\n\n<p><strong>Peter H\u00e4rtl<\/strong>, Vorstandsvorsitzender des VaDiB, und <strong>Frauke Felix<\/strong>, PBW-Vorst\u00e4ndin und stellvertretende VaDiB-Vorsitzende, moderierten die Podiumsdiskussion und begleiteten durch die Veranstaltung.<\/p>\n<\/div><\/div>\n\n\n\n<p>Leider hatte Frau Senatorin Dr. <strong>Claudia Schilling<\/strong> ihre Teilnahme kurzfristig krankheitsbedingt abgesagt; sie wurde von <strong>Kai-Ole Hausen<\/strong>, Abteilungsleiter Arbeit bei der Senatorin f\u00fcr Arbeit, Soziales, Jugend und Integration vertreten.<\/p>\n\n\n\n<p>Das gro\u00dfe Interesse an dieser Veranstaltung ist sichtbarer Ausdruck der schwierigen Situation, in die \u00f6ffentlich gef\u00f6rderte Besch\u00e4ftigung geraten ist. Anfang Dezember 2024 musste das Ressort Arbeit einr\u00e4umen, dass f\u00fcr 2025 \u2212 und erst recht f\u00fcr die Folgejahre \u2212 nur noch deutlich geringere Mittel im Bremer Landeshaushalt (Produktplan 31) f\u00fcr das Besch\u00e4ftigungspolitischen Aktionsprogramms (BAP) zur Verf\u00fcgung stehen. Gibt es keine Anpassung \u2212 sprich Erh\u00f6hung \u2212 bedeutet das f\u00fcr die Jahre 2026\/27 nur noch die H\u00e4lfte Mittel im Vergleich zu 2024. Erschwerend kommt hinzu, dass aller Voraussicht nach die Mittel im Bundeshaushalt f\u00fcr die Eingliederungstitel (EGT) der Jobcenter ebenfalls gek\u00fcrzt werden. <\/p>\n\n\n\n<p>Als Verbund arbeitsmarktpolitischer Dienstleister in Bremen fordern wir deshalb seit einem halben Jahr vom Ressort Arbeit eine Strategie, wie es in einer solchen Situation weitergehen kann. Ein Ziel dieser Veranstaltung war, unserer Forderung mehr Nachdruck zu verleihen. <\/p>\n\n\n\n<p>Eine Strategie des Ressorts Arbeit lag nicht vor. Eine Grundlage f\u00fcr die Veranstaltung war das VaDiB-Positionspapier <a href=\"https:\/\/www.vadib.de\/wp-content\/uploads\/2025\/04\/VaDiB_Positionspapier_Oeffentlich-gefoerderte-Beschaeftigung_250430.pdf\">Wie weiter mit \u00f6ffentlich gef\u00f6rderter Besch\u00e4ftigung in der Stadtgemeinde Bremen?<\/a><\/p>\n\n\n\n<hr class=\"wp-block-separator has-alpha-channel-opacity is-style-wide\"\/>\n\n\n\n<div class=\"wp-block-media-text has-media-on-the-right is-stacked-on-mobile is-vertically-aligned-top\"><div class=\"wp-block-media-text__content\">\n<p><br>Im ersten Impulsreferant verdeutlichte <strong>Birgitt Pfeiffer,<\/strong> Vorst\u00e4ndin Der Parit\u00e4tische Bremen, dass der sozialstaatliche Auftrag keine Ermessensache, sondern im Grundgesetz (Artikel 20) als Auftrag verankert ist<\/p>\n\n\n\n<p><em>Die Bundesrepublik Deutschland ist ein demokratischer und sozialer Bundesstaat.<\/em><\/p>\n\n\n\n<p>Daraus abgeleitet hat sie den &#8222;Parit\u00e4tischen Appell&#8220; an den Bremer Senat als Aufgabe formuliert.<\/p>\n\n\n\n<p><a href=\"https:\/\/www.vadib.de\/wp-content\/uploads\/2025\/06\/Paritaetischer_Pfeiffer_Was-bedeuten-sozial-orientierte-Angebote-fuer-Bremen_27.05.25.pdf\">Pr\u00e4sentation anschauen<\/a><\/p>\n<\/div><figure class=\"wp-block-media-text__media\"><a href=\"https:\/\/www.vadib.de\/wp-content\/uploads\/2025\/06\/VA_250527_02.png\"><img loading=\"lazy\" decoding=\"async\" width=\"750\" height=\"1000\" src=\"https:\/\/www.vadib.de\/wp-content\/uploads\/2025\/06\/VA_250527_02.png\" alt=\"\" class=\"wp-image-23548 size-full\" srcset=\"https:\/\/www.vadib.de\/wp-content\/uploads\/2025\/06\/VA_250527_02.png 750w, https:\/\/www.vadib.de\/wp-content\/uploads\/2025\/06\/VA_250527_02-225x300.png 225w\" sizes=\"auto, (max-width: 706px) 89vw, (max-width: 767px) 82vw, 740px\" \/><\/a><\/figure><\/div>\n\n\n\n<hr class=\"wp-block-separator has-alpha-channel-opacity is-style-wide\"\/>\n\n\n\n<div class=\"wp-block-media-text alignwide is-stacked-on-mobile is-vertically-aligned-top\"><figure class=\"wp-block-media-text__media\"><a href=\"https:\/\/www.vadib.de\/wp-content\/uploads\/2025\/06\/VA_250527_03.png\"><img loading=\"lazy\" decoding=\"async\" width=\"750\" height=\"1000\" src=\"https:\/\/www.vadib.de\/wp-content\/uploads\/2025\/06\/VA_250527_03.png\" alt=\"\" class=\"wp-image-23550 size-full\" srcset=\"https:\/\/www.vadib.de\/wp-content\/uploads\/2025\/06\/VA_250527_03.png 750w, https:\/\/www.vadib.de\/wp-content\/uploads\/2025\/06\/VA_250527_03-225x300.png 225w\" sizes=\"auto, (max-width: 706px) 89vw, (max-width: 767px) 82vw, 740px\" \/><\/a><\/figure><div class=\"wp-block-media-text__content\">\n<p><br>Im zweiten Impulsreferat schilderte <strong>J\u00f6rn Hermening<\/strong>, seit neun Jahren Ortsamtsleiter in Bremen-Hemelingen, davor seit dem Jahr 2000 Quartiersmanager in Hemelingen und Tenever, also Sozialarbeiter und Gemeinwesenarbeiter mit einem Vierteljahrhundert Erfahrung, was sozial orientierte Angebote f\u00fcr \u00f6konomisch schwache Quartiere bedeuten und wie Besch\u00e4ftigung Menschen stabilisieren kann.<\/p>\n\n\n\n<p><a href=\"https:\/\/www.vadib.de\/wp-content\/uploads\/2025\/06\/Hermening_Was-bedeuten-sozial-orientierte-Angebote-fuer-oekonomisch-schwache-Quartiere_250527.pdf\">Beitrag lesen<\/a><br><\/p>\n<\/div><\/div>\n\n\n\n<hr class=\"wp-block-separator has-alpha-channel-opacity is-style-wide\"\/>\n\n\n\n<div class=\"wp-block-media-text has-media-on-the-right is-stacked-on-mobile is-vertically-aligned-top\"><div class=\"wp-block-media-text__content\">\n<p> <br>Im dritten Impulsreferant erkl\u00e4rte <strong>Michael Lehnen<\/strong>, Leiter des Sozialamts Wuppertal, was eine Kommune in einer schwierigen Situation durch \u00dcbernahme von Verantwortung\u00a0 erreichen kann.<\/p>\n\n\n\n<p>Ein Satz in dem Zusammenhang: &#8222;Wir haben \u00fcberlegt, welche Ma\u00dfnahmen f\u00fcr den sozialen Zusammenhalt unverzichtbar sind.&#8220;<\/p>\n\n\n\n<p><a href=\"https:\/\/www.vadib.de\/wp-content\/uploads\/2025\/06\/W_Das-Wuppertaler-Modell_250527.pdf\">Pr\u00e4sentation anschauen<\/a><\/p>\n<\/div><figure class=\"wp-block-media-text__media\"><a href=\"https:\/\/www.vadib.de\/wp-content\/uploads\/2025\/06\/VA_250527_04.png\"><img loading=\"lazy\" decoding=\"async\" width=\"750\" height=\"1000\" src=\"https:\/\/www.vadib.de\/wp-content\/uploads\/2025\/06\/VA_250527_04.png\" alt=\"\" class=\"wp-image-23553 size-full\" srcset=\"https:\/\/www.vadib.de\/wp-content\/uploads\/2025\/06\/VA_250527_04.png 750w, https:\/\/www.vadib.de\/wp-content\/uploads\/2025\/06\/VA_250527_04-225x300.png 225w\" sizes=\"auto, (max-width: 706px) 89vw, (max-width: 767px) 82vw, 740px\" \/><\/a><\/figure><\/div>\n\n\n\n<hr class=\"wp-block-separator has-alpha-channel-opacity is-style-wide\"\/>\n\n\n\n<p><br>Nach einer kurzen Pause wurde auf dem Podium und mit dem Publikum diskutiert.<\/p>\n\n\n\n<figure class=\"wp-block-image size-full\"><a href=\"https:\/\/www.vadib.de\/wp-content\/uploads\/2025\/06\/VA_250527_05.png\"><img loading=\"lazy\" decoding=\"async\" width=\"1000\" height=\"750\" src=\"https:\/\/www.vadib.de\/wp-content\/uploads\/2025\/06\/VA_250527_05.png\" alt=\"\" class=\"wp-image-23565\" srcset=\"https:\/\/www.vadib.de\/wp-content\/uploads\/2025\/06\/VA_250527_05.png 1000w, https:\/\/www.vadib.de\/wp-content\/uploads\/2025\/06\/VA_250527_05-300x225.png 300w, https:\/\/www.vadib.de\/wp-content\/uploads\/2025\/06\/VA_250527_05-768x576.png 768w\" sizes=\"auto, (max-width: 767px) 89vw, (max-width: 1000px) 54vw, (max-width: 1071px) 543px, 580px\" \/><\/a><figcaption class=\"wp-element-caption\">Podiumsdiskussion (von links): <strong>Dr. Henrike M\u00fcller<\/strong>, Fraktionsvorsitzende, Sprecherin f\u00fcr Arbeitsmarktpolitik, B\u00fcndnis 90\/DIE GR\u00dcNEN, <strong>Peter H\u00e4rtl<\/strong>, Vorsitzender VaDiB \u2013 Moderation, <strong>Stephanie Podien<\/strong>, Bereichsleiterin Markt und Integration, Jobcenter Bremen, <strong>Frauke Felix<\/strong>, PBW-Vorst\u00e4ndin und stellvertretende VaDiB-Vorsitzende \u2212 Moderation, <strong>Kai-Ole Hausen<\/strong>, Abteilungsleiter Arbeit bei der Senatorin f\u00fcr Arbeit, Soziales, Jugend und Integration)<strong>, Olaf Zimmer<\/strong><em>, Mitglied der Fraktion DIE LINKE<\/em>.<\/figcaption><\/figure>\n\n\n\n<p>Einig war sich das Podium \u00fcber die Bedeutung arbeitsmarktpolitischer Ma\u00dfnahmen grunds\u00e4tzlich und als wichtiger Faktor f\u00fcr sozial orientierte Projekte in den Quartieren. Es m\u00fcsse \u2212 insbesondere in Hinblick auf den Doppelhaushalt 2026\/27 f\u00fcr das Land Bremen \u2212 daf\u00fcr in den Fraktionen beworben werden, die daf\u00fcr erforderlichen Mittel bereitzustellen.<\/p>\n\n\n\n<p>Heftig dislkutiert wurde von den Projekttr\u00e4gern, dass die Entscheidungen des Ressorts Arbeit \u00fcber Projekte und deren Fortf\u00fchrung zu lange auf sich warten lassen. Es wurden Projekte genannt, bei denen zu dem Zeitpunkt der Veranstaltung \u2212 eine Woche vor Projektende \u2212 noch kein Bescheid vorliegt, ob Projekte fortgef\u00fchrt werden k\u00f6nnen oder abgewickelt werden m\u00fcssen. Das ist f\u00fcr alle Beteilgten untragbar \u2212 f\u00fcr die Besch\u00e4ftigten in diesen Projekten, f\u00fcr das Quartier und f\u00fcr die Projekttr\u00e4ger, die Besch\u00e4ftigungsverh\u00e4ltnisse und Mietvertr\u00e4ge mit K\u00fcndigungsfristen eingegangen sind. Eine solche planlose Vorgehensweise des Ressorts Arbeit f\u00fchrt zu Vertrauensverlust bei allen Beteiligten und bei Projekttr\u00e4gern zudem zu finanziellen Problemen bis hin zur Insovenz.<\/p>\n\n\n\n<hr class=\"wp-block-separator has-alpha-channel-opacity is-style-wide\"\/>\n\n\n\n<h2 class=\"wp-block-heading\">Fazit<\/h2>\n\n\n\n<ul class=\"wp-block-list\">\n<li>Strategie und Planung, wie arbeitsmarktpolitische Mittel des Jobcenters mit den kommunalen Interessen in Bremen sinnvoll zusammengef\u00fchrt werden k\u00f6nnen, lag vom Ressort Arbeit nach wie vor noch nicht vor; lediglich eine vage Rahmenplanung stand zur Diskussion.<\/li>\n\n\n\n<li>Die Veranstaltung hat gezeigt, dass Willensbekundungen \u2212 seien sie noch so ernst gemeint \u2212 in einer aktuell so schwierigen Situation allein nicht ausreichen. Erst recht nicht, wenn sie \u00fcber einen so langen Zeitraum nach der dramatischen Zuspitzung seit Dezember 2024 immer wieder wiederholt werden.<\/li>\n\n\n\n<li>Um so deutlicher wurde dieses Defizit in Bremen durch die Pr\u00e4sentation des Vorgehens der Stadt Wuppertal. Dort haben sie diskutiert, was der Kommune wichtig ist, zus\u00e4tzliche Mittel bereitgestellt und gehandelt. Danke daf\u00fcr an Herrn Lehnen und seine Kollegin Frau Caha, dies in Bremen vorgetragen zu haben.<\/li>\n\n\n\n<li>Dieser Blick \u00fcber den Stadtrand von Bremen hinus hat die Augen ge\u00f6ffnet, wie weit der Weg in Bremen noch ist, eine gemeinsame kommunale Verantwortung zu entwickeln, aber er hat auch gezeigt, was m\u00f6glich ist.<\/li>\n<\/ul>\n","protected":false},"excerpt":{"rendered":"<p>\u00d6ffentlich gef\u00f6rderte Besch\u00e4ftigung und soziale Angebote in Quartieren Ein R\u00fcckblick auf die Veranstaltung des VaDiB am 27. Mai 2025 im KWADRAT, betrieben von Werkstatt Bremen. Mehr als hundert Engagierte aus Politik, Verwaltung, Tr\u00e4gerlandschaft und Stadtteilen sind unserer Einladung gefolgt, um gemeinsam dar\u00fcber zu sprechen, wie es mit der \u00f6ffentlich gef\u00f6rderten Besch\u00e4ftigung in Bremen weitergeht. Peter &hellip; <\/p>\n<p class=\"link-more\"><a href=\"https:\/\/www.vadib.de\/?page_id=23532\" class=\"more-link\"><span class=\"screen-reader-text\">\u201eVeranstaltung &#8222;\u00d6ffentlich gef\u00f6rderte Besch\u00e4ftigung und soziale Angebote in Quartieren&#8220; (Mai 2025)\u201c <\/span>weiterlesen<\/a><\/p>\n","protected":false},"author":1,"featured_media":0,"parent":0,"menu_order":0,"comment_status":"closed","ping_status":"closed","template":"","meta":{"footnotes":""},"class_list":["post-23532","page","type-page","status-publish","hentry"],"_links":{"self":[{"href":"https:\/\/www.vadib.de\/index.php?rest_route=\/wp\/v2\/pages\/23532","targetHints":{"allow":["GET"]}}],"collection":[{"href":"https:\/\/www.vadib.de\/index.php?rest_route=\/wp\/v2\/pages"}],"about":[{"href":"https:\/\/www.vadib.de\/index.php?rest_route=\/wp\/v2\/types\/page"}],"author":[{"embeddable":true,"href":"https:\/\/www.vadib.de\/index.php?rest_route=\/wp\/v2\/users\/1"}],"replies":[{"embeddable":true,"href":"https:\/\/www.vadib.de\/index.php?rest_route=%2Fwp%2Fv2%2Fcomments&post=23532"}],"version-history":[{"count":26,"href":"https:\/\/www.vadib.de\/index.php?rest_route=\/wp\/v2\/pages\/23532\/revisions"}],"predecessor-version":[{"id":23597,"href":"https:\/\/www.vadib.de\/index.php?rest_route=\/wp\/v2\/pages\/23532\/revisions\/23597"}],"wp:attachment":[{"href":"https:\/\/www.vadib.de\/index.php?rest_route=%2Fwp%2Fv2%2Fmedia&parent=23532"}],"curies":[{"name":"wp","href":"https:\/\/api.w.org\/{rel}","templated":true}]}}