{"id":21377,"date":"2024-12-26T10:37:50","date_gmt":"2024-12-26T09:37:50","guid":{"rendered":"https:\/\/www.vadib.de\/?page_id=21377"},"modified":"2026-08-09T16:51:37","modified_gmt":"2026-08-09T14:51:37","slug":"dezentrale-messe-ost-2023-3-2-2-4-2-3-2-2-2-2-2-2","status":"publish","type":"page","link":"https:\/\/www.vadib.de\/?page_id=21377","title":{"rendered":"Messe_T\u00fcrkisch: \u0130leri e\u011fitim fuar\u0131"},"content":{"rendered":"\n<p class=\"wp-block-paragraph\">(Google Translator)<\/p>\n\n\n\n<p class=\"wp-block-paragraph\">Ticari fuar format\u0131m\u0131z \u2013 <a href=\"https:\/\/www.vadib.de\/?page_id=17212\">BURAYA bir g\u00f6z at\u0131n<\/a> (V\u0130DEO)<\/p>\n\n\n\n<hr class=\"wp-block-separator has-alpha-channel-opacity is-style-wide\"\/>\n\n\n\n<h2 class=\"wp-block-heading\">Bremen&#8217;deki WEST b\u00f6lgesi i\u00e7in &#8222;\u0130stihdam \u0130\u00e7in Nitelik Kazanma&#8220; fuar\u0131, 2 Eyl\u00fcl 2026 \u00c7ar\u015famba g\u00fcn\u00fc Gr\u00f6pelingen&#8217;deki Morgenland Mahalle E\u011fitim Merkezi&#8217;nde (QBZ) d\u00fczenlenecektir.<\/h2>\n\n\n\n<div class=\"wp-block-media-text is-stacked-on-mobile\" style=\"grid-template-columns:32% auto\"><figure class=\"wp-block-media-text__media\"><a href=\"https:\/\/www.vadib.de\/wp-content\/uploads\/2026\/06\/WEST_2026.png\"><img loading=\"lazy\" decoding=\"async\" width=\"707\" height=\"1000\" src=\"https:\/\/www.vadib.de\/wp-content\/uploads\/2026\/06\/WEST_2026.png\" alt=\"\" class=\"wp-image-27766 size-full\" srcset=\"https:\/\/www.vadib.de\/wp-content\/uploads\/2026\/06\/WEST_2026.png 707w, https:\/\/www.vadib.de\/wp-content\/uploads\/2026\/06\/WEST_2026-212x300.png 212w\" sizes=\"auto, (max-width: 707px) 100vw, 707px\" \/><\/a><\/figure><div class=\"wp-block-media-text__content\">\n<p class=\"wp-block-paragraph\"><strong>Daha fazla e\u011fitim veya istihdam i\u00e7in bir teklif mi ar\u0131yorsunuz?<\/strong><\/p>\n\n\n\n<p class=\"wp-block-paragraph\"><strong>O zaman tam olarak buradas\u0131n.<\/strong><\/p>\n\n\n\n<p class=\"wp-block-paragraph\">\u015eimdi geni\u015f yelpazeyi tan\u0131y\u0131n. Ticaret fuar\u0131nda daha sonra do\u011frudan kat\u0131l\u0131mc\u0131lar\u0131m\u0131zla konu\u015facaks\u0131n\u0131z. Sorular\u0131n\u0131z konusunda size mutlaka yard\u0131mc\u0131 olacaklard\u0131r.<\/p>\n<\/div><\/div>\n\n\n\n<hr class=\"wp-block-separator has-alpha-channel-opacity is-style-wide\"\/>\n\n\n\n<h1 class=\"wp-block-heading\">Kat\u0131l\u0131mc\u0131 kurulu\u015flar\u0131n listesi<\/h1>\n\n\n\n<p class=\"wp-block-paragraph\">Logoya t\u0131klarsan\u0131z do\u011frudan kat\u0131l\u0131mc\u0131 kurulu\u015fun web sitesine gidersiniz<\/p>\n\n\n\n<p class=\"wp-block-paragraph\">Kat\u0131l\u0131mc\u0131 listesi, kat\u0131l\u0131mc\u0131 kay\u0131tlar\u0131n\u0131n son tarihine kadar burada ad\u0131m ad\u0131m derlenecektir.<\/p>\n\n\n\n<hr class=\"wp-block-separator has-alpha-channel-opacity is-style-wide\"\/>\n\n\n\n<h2 class=\"wp-block-heading has-text-color\" style=\"color:#dc5642\">Agentur f\u00fcr Arbeit Bremen-Bremerhaven<\/h2>\n\n\n\n<p class=\"has-text-color has-small-font-size wp-block-paragraph\" style=\"color:#016ca3\">Doventorsteinweg 48-52, 28195 Bremen<\/p>\n\n\n\n<div class=\"wp-block-media-text alignwide is-stacked-on-mobile\" style=\"grid-template-columns:30% auto\"><figure class=\"wp-block-media-text__media\"><a href=\"https:\/\/www.arbeitsagentur.de\/vor-ort\/bremen-bremerhaven\"><img decoding=\"async\" src=\"https:\/\/www.vadib.de\/wp-content\/uploads\/2023\/03\/Agentur-fuer-Arbeit.png\" alt=\"\" class=\"wp-image-15041 size-full\"\/><\/a><\/figure><div class=\"wp-block-media-text__content\">\n<p class=\"wp-block-paragraph\" id=\"block-2fee710a-c14a-45af-91da-ab70ba28f3c9\"><br>Kariyer planlama, ileri e\u011fitim, mesleki yeterlilik veya sadece h\u0131zl\u0131 bir \u015fekilde yeni bir i\u015f bulma &#8211; \u0130\u015f ve \u0130\u015f\u00e7i Bulma Kurumu, mesleki y\u00f6nelim ve geli\u015fimle ilgili sorular\u0131n\u0131zda size dan\u0131\u015fmanl\u0131k hizmeti sunar.<\/p>\n\n\n\n<p class=\"wp-block-paragraph\" id=\"block-2fee710a-c14a-45af-91da-ab70ba28f3c9\">M\u00fcmk\u00fcn olan finansman se\u00e7enekleri hakk\u0131nda bilgi veriyoruz ve karar vermenize yard\u0131mc\u0131 oluyoruz. \u0130\u015fsiz olman\u0131z, \u00e7al\u0131\u015f\u0131yor olman\u0131z veya bir s\u00fcre ailevi i\u015flerden uzak kald\u0131ktan sonra \u00e7al\u0131\u015fma hayat\u0131na geri d\u00f6nmek istemeniz fark etmez.<\/p>\n<\/div><\/div>\n\n\n\n<hr class=\"wp-block-separator has-alpha-channel-opacity is-style-wide\"\/>\n\n\n\n<h2 class=\"wp-block-heading has-text-color\" style=\"color:#dc5642\">Akademie \u00dcberlingen N. Glasmeyer GmbH<\/h2>\n\n\n\n<p class=\"has-text-color has-small-font-size wp-block-paragraph\" style=\"color:#016ca3\">An der Weide 50c, 28195 Bremen<\/p>\n\n\n\n<div class=\"wp-block-media-text alignwide is-stacked-on-mobile\" style=\"grid-template-columns:30% auto\"><figure class=\"wp-block-media-text__media\"><a href=\"https:\/\/www.akademie-ueberlingen.de\/\"><img loading=\"lazy\" decoding=\"async\" width=\"1024\" height=\"123\" src=\"https:\/\/www.vadib.de\/wp-content\/uploads\/2023\/10\/logoAkaUE3000-1024x123.jpg\" alt=\"\" class=\"wp-image-16665 size-full\" srcset=\"https:\/\/www.vadib.de\/wp-content\/uploads\/2023\/10\/logoAkaUE3000-1024x123.jpg 1024w, https:\/\/www.vadib.de\/wp-content\/uploads\/2023\/10\/logoAkaUE3000-300x36.jpg 300w, https:\/\/www.vadib.de\/wp-content\/uploads\/2023\/10\/logoAkaUE3000-768x92.jpg 768w, https:\/\/www.vadib.de\/wp-content\/uploads\/2023\/10\/logoAkaUE3000-1536x184.jpg 1536w, https:\/\/www.vadib.de\/wp-content\/uploads\/2023\/10\/logoAkaUE3000-2048x245.jpg 2048w\" sizes=\"auto, (max-width: 767px) 89vw, (max-width: 1000px) 54vw, (max-width: 1071px) 543px, 580px\" \/><\/a><\/figure><div class=\"wp-block-media-text__content\">\n<p class=\"wp-block-paragraph\"><strong> <\/strong><br>B\u00f6lgedeki i\u015fg\u00fcc\u00fc piyasas\u0131n\u0131n zorluklar\u0131n\u0131 biliyoruz. \u0130nsanlara ve i\u015f g\u00fcc\u00fc piyasas\u0131na y\u00f6nelik ihtiya\u00e7 odakl\u0131 \u00e7\u00f6z\u00fcmler sunuyoruz. Kat\u0131l\u0131mc\u0131lar\u0131m\u0131z\u0131n mesleki ve ki\u015fisel geli\u015fimleri bize ilham veriyor ve niteliksel standartlar\u0131m\u0131z\u0131n \u00e7\u0131tas\u0131n\u0131 belirliyor.<\/p>\n\n\n\n<p class=\"wp-block-paragraph\">Hizmetlerimiz S\u0130Z\u0130N bireysel hedeflerinize\/durumlar\u0131n\u0131za g\u00f6re \u015fekillendirilir. Becerilerinize ve bilgi seviyenize \u00f6zel olarak haz\u0131rlanm\u0131\u015f ileri e\u011fitim ve s\u00fcrekli e\u011fitim kurslar\u0131n\u0131n yan\u0131 s\u0131ra bireysel ve grup ko\u00e7lu\u011fu da sunuyoruz.<br>Potansiyelinizi tam olarak geli\u015ftirmenize yard\u0131mc\u0131 oluyoruz!<\/p>\n<\/div><\/div>\n\n\n\n<hr class=\"wp-block-separator has-alpha-channel-opacity is-style-wide\"\/>\n\n\n\n<h2 class=\"wp-block-heading has-text-color\" style=\"color:#dc5642\">alfatraining Bildungszentrum GmbH<\/h2>\n\n\n\n<p class=\"has-text-color has-small-font-size wp-block-paragraph\" style=\"color:#016ca3\">Eduard-Schopf-Allee 1a, 28217 Bremen<\/p>\n\n\n\n<div class=\"wp-block-media-text alignwide is-stacked-on-mobile\" style=\"grid-template-columns:30% auto\"><figure class=\"wp-block-media-text__media\"><a href=\"https:\/\/www.alfatraining.de\/\"><img loading=\"lazy\" decoding=\"async\" width=\"887\" height=\"577\" src=\"https:\/\/www.vadib.de\/wp-content\/uploads\/2025\/05\/alfatrain_300dpi.jpg\" alt=\"\" class=\"wp-image-23321 size-full\" srcset=\"https:\/\/www.vadib.de\/wp-content\/uploads\/2025\/05\/alfatrain_300dpi.jpg 887w, https:\/\/www.vadib.de\/wp-content\/uploads\/2025\/05\/alfatrain_300dpi-300x195.jpg 300w, https:\/\/www.vadib.de\/wp-content\/uploads\/2025\/05\/alfatrain_300dpi-768x500.jpg 768w\" sizes=\"auto, (max-width: 767px) 89vw, (max-width: 1000px) 54vw, (max-width: 1071px) 543px, 580px\" \/><\/a><\/figure><div class=\"wp-block-media-text__content\">\n<p class=\"wp-block-paragraph\"><br>Kariyer de\u011fi\u015fikli\u011fi mi ar\u0131yorsunuz? \u00d6nde gelen bir profesyonel geli\u015fim sa\u011flay\u0131c\u0131s\u0131 olarak, dijital d\u00f6n\u00fc\u015f\u00fcme odaklanan geni\u015f bir yelpazede y\u00fcksek kaliteli kurslar sunuyoruz. Nitelikli uzmanlar taraf\u0131ndan canl\u0131 ve \u00e7evrimi\u00e7i olarak verilen kurslar\u0131m\u0131za evinizden veya 200&#8217;den fazla lokasyonumuzdan birinde kat\u0131labilirsiniz.<\/p>\n<\/div><\/div>\n\n\n\n<hr class=\"wp-block-separator has-alpha-channel-opacity is-style-wide\"\/>\n\n\n\n<h2 class=\"wp-block-heading has-text-color\" style=\"color:#dc5642\">Bremer Volkshochschule<\/h2>\n\n\n\n<p class=\"has-text-color has-small-font-size wp-block-paragraph\" style=\"color:#016ca3\">Faulenstr. 69, 28195 Bremen<\/p>\n\n\n\n<div class=\"wp-block-media-text alignwide is-stacked-on-mobile\" style=\"grid-template-columns:30% auto\"><figure class=\"wp-block-media-text__media\"><a href=\"https:\/\/www.vhs-bremen.de\/\"><img loading=\"lazy\" decoding=\"async\" width=\"537\" height=\"129\" src=\"https:\/\/www.vadib.de\/wp-content\/uploads\/2023\/04\/Logo_VHS.jpg\" alt=\"\" class=\"wp-image-15147 size-full\" srcset=\"https:\/\/www.vadib.de\/wp-content\/uploads\/2023\/04\/Logo_VHS.jpg 537w, https:\/\/www.vadib.de\/wp-content\/uploads\/2023\/04\/Logo_VHS-300x72.jpg 300w\" sizes=\"auto, (max-width: 537px) 100vw, 537px\" \/><\/a><\/figure><div class=\"wp-block-media-text__content\">\n<p class=\"wp-block-paragraph\"><br>Bremen Yeti\u015fkin E\u011fitim Merkezi (Volkshochschule), \u015fehrin en b\u00fcy\u00fck s\u00fcrekli e\u011fitim sa\u011flay\u0131c\u0131s\u0131d\u0131r. Her y\u0131l yakla\u015f\u0131k 50.000 kat\u0131l\u0131mc\u0131, 4.500&#8217;den fazla kurs ve \u00f6\u011frenme f\u0131rsat\u0131ndan yararlanmaktad\u0131r. Mesleki becerilerinizi, dil becerilerinizi ve temel yetkinliklerinizi geli\u015ftirmenize destek oluyoruz. Sundu\u011fumuz hizmetler, &#8222;nas\u0131l \u00f6\u011frenilece\u011fini \u00f6\u011frenmekten&#8220; tan\u0131nm\u0131\u015f dereceler veren yeterlilik kurslar\u0131na ve ileri e\u011fitim programlar\u0131na kadar uzanmaktad\u0131r..<\/p>\n<\/div><\/div>\n\n\n\n<hr class=\"wp-block-separator has-alpha-channel-opacity is-style-wide\"\/>\n\n\n\n<h2 class=\"wp-block-heading has-text-color\" style=\"color:#dc5642\">BWU\u2013 Bildungszentrum der Wirtschaft im Unterwesergebiet<\/h2>\n\n\n\n<p class=\"has-text-color has-small-font-size wp-block-paragraph\" style=\"color:#016ca3\">T\u00f6ferbohmstr., 28195 Bremen<\/p>\n\n\n\n<div class=\"wp-block-media-text alignwide is-stacked-on-mobile\" style=\"grid-template-columns:30% auto\"><figure class=\"wp-block-media-text__media\"><a href=\"https:\/\/bwu-bremen.de\/\"><img loading=\"lazy\" decoding=\"async\" width=\"625\" height=\"349\" src=\"https:\/\/www.vadib.de\/wp-content\/uploads\/2026\/03\/BWU_BNW_Logo_2014_RZ.jpg\" alt=\"\" class=\"wp-image-26805 size-full\" srcset=\"https:\/\/www.vadib.de\/wp-content\/uploads\/2026\/03\/BWU_BNW_Logo_2014_RZ.jpg 625w, https:\/\/www.vadib.de\/wp-content\/uploads\/2026\/03\/BWU_BNW_Logo_2014_RZ-300x168.jpg 300w\" sizes=\"auto, (max-width: 625px) 100vw, 625px\" \/><\/a><\/figure><div class=\"wp-block-media-text__content\">\n<p class=\"wp-block-paragraph\"><br>50 Y\u0131ll\u0131k Deneyim \u2013 Kariyeriniz \u0130\u00e7in Turbo<\/p>\n\n\n\n<p class=\"wp-block-paragraph\">50 y\u0131l\u0131 a\u015fk\u0131n s\u00fcredir, insanlar\u0131n profesyonel becerilerini geli\u015ftirmelerine yard\u0131mc\u0131 oluyoruz.<\/p>\n\n\n\n<p class=\"wp-block-paragraph\">Bizim i\u00e7in kalite, pratik uygunluk anlam\u0131na gelir: E\u011fitim programlar\u0131m\u0131z, i\u015f d\u00fcnyas\u0131n\u0131n g\u00fcncel ihtiya\u00e7lar\u0131yla s\u0131k\u0131 bir \u015fekilde uyumludur. Bu, yaln\u0131zca m\u00fckemmel bir nitelik kazanman\u0131z\u0131 de\u011fil, ayn\u0131 zamanda Bremen merkezli \u015firketlerle olan m\u00fckemmel ba\u011flant\u0131lar\u0131m\u0131zdan da yararlanman\u0131z\u0131 sa\u011flar \u2013 yeni i\u015finiz i\u00e7in ideal bir kap\u0131 a\u00e7\u0131c\u0131.<\/p>\n\n\n\n<p class=\"wp-block-paragraph\">Birlikte daha da g\u00fc\u00e7l\u00fc: A\u015fa\u011f\u0131 Saksonya \u0130\u015f Birli\u011fi E\u011fitim Merkezi (BNW) ile birle\u015fmemiz sayesinde, art\u0131k Bremen ve \u00e7evresindeki \u00f6nde gelen e\u011fitim sa\u011flay\u0131c\u0131lar\u0131 aras\u0131nday\u0131z.<\/p>\n<\/div><\/div>\n\n\n\n<hr class=\"wp-block-separator has-alpha-channel-opacity is-style-wide\"\/>\n\n\n\n<h2 class=\"wp-block-heading has-text-color\" style=\"color:#dc5642\">cbm GmbH<\/h2>\n\n\n\n<p class=\"has-text-color has-small-font-size wp-block-paragraph\" style=\"color:#016ca3\">Wegesende 3-4, 28195 Bremen<\/p>\n\n\n\n<div class=\"wp-block-media-text alignwide is-stacked-on-mobile\" style=\"grid-template-columns:30% auto\"><figure class=\"wp-block-media-text__media\"><a href=\"https:\/\/cbm-bremen.de\/\" target=\"_blank\" rel=\"noreferrer noopener\"><img loading=\"lazy\" decoding=\"async\" width=\"1024\" height=\"303\" src=\"https:\/\/www.vadib.de\/wp-content\/uploads\/2023\/09\/cbm_Logo_4c_blaue_Typo2017_weisserHintergrund-1024x303.jpg\" alt=\"\" class=\"wp-image-16405 size-full\" srcset=\"https:\/\/www.vadib.de\/wp-content\/uploads\/2023\/09\/cbm_Logo_4c_blaue_Typo2017_weisserHintergrund-1024x303.jpg 1024w, https:\/\/www.vadib.de\/wp-content\/uploads\/2023\/09\/cbm_Logo_4c_blaue_Typo2017_weisserHintergrund-300x89.jpg 300w, https:\/\/www.vadib.de\/wp-content\/uploads\/2023\/09\/cbm_Logo_4c_blaue_Typo2017_weisserHintergrund-768x227.jpg 768w, https:\/\/www.vadib.de\/wp-content\/uploads\/2023\/09\/cbm_Logo_4c_blaue_Typo2017_weisserHintergrund.jpg 1140w\" sizes=\"auto, (max-width: 767px) 89vw, (max-width: 1000px) 54vw, (max-width: 1071px) 543px, 580px\" \/><\/a><\/figure><div class=\"wp-block-media-text__content\">\n<p class=\"wp-block-paragraph\"><br>E\u011fitimi seviyoruz! Ve 1994&#8217;ten beri Bremen&#8217;de BT uzmanlar\u0131na y\u00f6nelik e\u011fitim veren ilk firmay\u0131z: uygulama geli\u015ftirme, sistem entegrasyonu ve medya tasar\u0131m\u0131. Ve bunu mezunlar\u0131m\u0131z\u0131n final s\u0131navlar\u0131nda ald\u0131klar\u0131 en y\u00fcksek notlardan da g\u00f6rebiliyoruz. Bizde, bili\u015fim yetkinli\u011finin yan\u0131 s\u0131ra do\u011frudan ileti\u015fimin ve ekip \u00e7al\u0131\u015fmas\u0131n\u0131n da vazge\u00e7ilmez oldu\u011funu \u00f6\u011freneceksiniz. Ayr\u0131ca dost\u00e7a ve sayg\u0131l\u0131 etkile\u015fimi ve yap\u0131c\u0131 geri bildirim k\u00fclt\u00fcr\u00fcn\u00fc de savunuyoruz. Size sunduklar\u0131m\u0131z:<\/p>\n\n\n\n<ul class=\"wp-block-list\">\n<li>BT ve medyada yeniden e\u011fitim<\/li>\n\n\n\n<li>BT ve Medya e\u011fitimi<\/li>\n\n\n\n<li>\u0130\u015fletme ve Y\u00f6netimde \u0130leri E\u011fitim<\/li>\n\n\n\n<li>\u00d6zel dersler: BT&#8217;de Kad\u0131nlar ve Bilgisayar Bilimine Giri\u015f<\/li>\n\n\n\n<li>\u00d6\u011frenme Merkezi: BT, Medya ve \u0130\u015fletme &amp; Y\u00f6netim olmak \u00fczere toplam 39 farkl\u0131 mod\u00fclden olu\u015fan Karma \u00d6\u011frenme<\/li>\n\n\n\n<li>\u0130\u015f Ko\u00e7lu\u011fu ve G\u00f6\u00e7menler \u0130\u00e7in \u0130\u015f Ko\u00e7lu\u011fu<\/li>\n<\/ul>\n<\/div><\/div>\n\n\n\n<hr class=\"wp-block-separator has-alpha-channel-opacity is-style-wide\"\/>\n\n\n\n<h2 class=\"wp-block-heading has-text-color\" style=\"color:#dc5642\">cimdata Bildungsakademie GmbH<\/h2>\n\n\n\n<p class=\"has-text-color has-small-font-size wp-block-paragraph\" style=\"color:#016ca3\">Langenstr. 30, 28195 Bremen<\/p>\n\n\n\n<div class=\"wp-block-media-text alignwide is-stacked-on-mobile\" style=\"grid-template-columns:30% auto\"><figure class=\"wp-block-media-text__media\"><a href=\"https:\/\/www.cimdata.de\/bremen\/\"><img loading=\"lazy\" decoding=\"async\" width=\"461\" height=\"109\" src=\"https:\/\/www.vadib.de\/wp-content\/uploads\/2024\/12\/Logo_cimdata.png\" alt=\"\" class=\"wp-image-21675 size-full\" srcset=\"https:\/\/www.vadib.de\/wp-content\/uploads\/2024\/12\/Logo_cimdata.png 461w, https:\/\/www.vadib.de\/wp-content\/uploads\/2024\/12\/Logo_cimdata-300x71.png 300w\" sizes=\"auto, (max-width: 461px) 100vw, 461px\" \/><\/a><\/figure><div class=\"wp-block-media-text__content\">\n<p class=\"wp-block-paragraph\"><br>Cimdata E\u011fitim Akademisi 1983 y\u0131l\u0131nda kurulmu\u015f olup, her zaman uygulamaya y\u00f6nelik ve \u015firketlerin gereksinimlerine yak\u0131n s\u00fcrekli e\u011fitimi savunmu\u015ftur.<br>Alan\u0131nda deneyimli \u00f6\u011fretim g\u00f6revlileriyle yak\u0131n i\u015fbirli\u011fi i\u00e7inde e\u011fitim i\u00e7eriklerimizi s\u00fcrekli geli\u015ftiriyor ve son geli\u015fmeleri s\u00fcrekli takip ediyoruz.<\/p>\n\n\n\n<p class=\"wp-block-paragraph\">cimdata\u2019n\u0131n e\u011fitim teklifleri i\u015f merkezleri ve istihdam ajanslar\u0131 taraf\u0131ndan tan\u0131nmaktad\u0131r.<br>Enstit\u00fclerimizin hemen hepsinde, di\u011ferlerinin yan\u0131 s\u0131ra, \u015funlar\u0131 sunuyoruz: A\u015fa\u011f\u0131daki hizmetler:<\/p>\n\n\n\n<ul class=\"wp-block-list\">\n<li>9 farkl\u0131 konu alan\u0131nda ileri e\u011fitim<\/li>\n\n\n\n<li>Bili\u015fim, medya ve ticari sekt\u00f6rlere y\u00f6nelik 11 farkl\u0131 yeniden e\u011fitim kursu<\/li>\n\n\n\n<li>Bireysel ko\u00e7luk<\/li>\n<\/ul>\n\n\n\n<p class=\"wp-block-paragraph\">Sizi i\u015f piyasas\u0131na uygun hale getiriyoruz, ko\u00e7luk ekibimiz ba\u015fvurular\u0131n\u0131zda size destek oluyor &#8211; ki\u015fisel ve profesyonel geli\u015fiminiz i\u00e7in!<br><\/p>\n<\/div><\/div>\n\n\n\n<hr class=\"wp-block-separator has-alpha-channel-opacity is-style-wide\"\/>\n\n\n\n<h2 class=\"wp-block-heading has-text-color\" style=\"color:#dc5642\">ComFair GmbH<\/h2>\n\n\n\n<p class=\"has-text-color has-small-font-size wp-block-paragraph\" style=\"color:#016ca3\">B\u00fcrgermeister-Smidt-Stra\u00dfe 80, 28195 Bremen<\/p>\n\n\n\n<div class=\"wp-block-media-text alignwide is-stacked-on-mobile\" style=\"grid-template-columns:30% auto\"><figure class=\"wp-block-media-text__media\"><a href=\"http:\/\/www.comfair.de\/\"><img loading=\"lazy\" decoding=\"async\" width=\"641\" height=\"181\" src=\"https:\/\/www.vadib.de\/wp-content\/uploads\/2023\/03\/Logo_ComFair.png\" alt=\"\" class=\"wp-image-15131 size-full\" srcset=\"https:\/\/www.vadib.de\/wp-content\/uploads\/2023\/03\/Logo_ComFair.png 641w, https:\/\/www.vadib.de\/wp-content\/uploads\/2023\/03\/Logo_ComFair-300x85.png 300w\" sizes=\"auto, (max-width: 641px) 100vw, 641px\" \/><\/a><\/figure><div class=\"wp-block-media-text__content\">\n<p class=\"wp-block-paragraph\"><br>Bremen&#8217;in kalbindeki e\u011fitim orta\u011f\u0131n\u0131z\u0131z. 1998 y\u0131l\u0131ndan bu yana, i\u015f arayanlar ve rehabilitasyon s\u00fcrecindekiler i\u00e7in kariyer y\u00f6nlendirme ve yeniden e\u011fitim\/ileri e\u011fitim odakl\u0131y\u0131z. Hizmetlerimiz hakk\u0131nda sorular\u0131n\u0131z m\u0131 var? \u00dccretsiz ve hi\u00e7bir y\u00fck\u00fcml\u00fcl\u00fck alt\u0131na girmeden dan\u0131\u015fmanl\u0131k hizmeti sunuyoruz. Telefon, e-posta veya \u015fahsen bizimle ileti\u015fime ge\u00e7mekten \u00e7ekinmeyin. Sizden haber bekliyoruz!<\/p>\n<\/div><\/div>\n\n\n\n<hr class=\"wp-block-separator has-alpha-channel-opacity is-style-wide\"\/>\n\n\n\n<h2 class=\"wp-block-heading has-text-color\" style=\"color:#dc5642\"> DAA \u2212 Deutsche Angestellten-Akademie Bremen GmbH<\/h2>\n\n\n\n<p class=\"has-text-color has-small-font-size wp-block-paragraph\" style=\"color:#016ca3\">B\u00fcrgermeister-Smidt-Stra\u00dfe 41, 28195 Bremen<\/p>\n\n\n\n<div class=\"wp-block-media-text alignwide is-stacked-on-mobile\" style=\"grid-template-columns:30% auto\"><figure class=\"wp-block-media-text__media\"><a href=\"http:\/\/www.daa-bremen.de\/\"><img loading=\"lazy\" decoding=\"async\" width=\"827\" height=\"675\" src=\"https:\/\/www.vadib.de\/wp-content\/uploads\/2023\/10\/DAA_Logo_Standard_4c.jpg\" alt=\"\" class=\"wp-image-16671 size-full\" srcset=\"https:\/\/www.vadib.de\/wp-content\/uploads\/2023\/10\/DAA_Logo_Standard_4c.jpg 827w, https:\/\/www.vadib.de\/wp-content\/uploads\/2023\/10\/DAA_Logo_Standard_4c-300x245.jpg 300w, https:\/\/www.vadib.de\/wp-content\/uploads\/2023\/10\/DAA_Logo_Standard_4c-768x627.jpg 768w\" sizes=\"auto, (max-width: 767px) 89vw, (max-width: 1000px) 54vw, (max-width: 1071px) 543px, 580px\" \/><\/a><\/figure><div class=\"wp-block-media-text__content\">\n<p class=\"wp-block-paragraph\"><br>Bremen&#8217;in tam kalbinde \u2013 ve size \u00e7ok yak\u0131n!<\/p>\n\n\n\n<p class=\"wp-block-paragraph\">Yolculu\u011funuza ba\u015flay\u0131n ve (profesyonel) gelece\u011finizin kontrol\u00fcn\u00fc elinize al\u0131n! (Ticari) e\u011fitim alan\u0131ndaki 40 y\u0131ll\u0131k deneyimimizle, sizi destekleyece\u011fiz ve (kariyer) yolunuz i\u00e7in tam olarak ihtiyac\u0131n\u0131z olan\u0131 bulaca\u011f\u0131z. Sizin kararl\u0131l\u0131\u011f\u0131n\u0131z ve bizim uzmanl\u0131\u011f\u0131m\u0131z sizi oraya ula\u015ft\u0131racak.<\/p>\n\n\n\n<p class=\"wp-block-paragraph\">\u00d6nemli kilometre ta\u015flar\u0131m\u0131z \u015funlard\u0131r:<\/p>\n\n\n\n<ul class=\"wp-block-list\">\n<li>C1 seviyesine kadar Almanca kurslar\u0131<\/li>\n\n\n\n<li>Lise bitirme belgesi<\/li>\n\n\n\n<li>Yeniden e\u011fitim<\/li>\n\n\n\n<li>S\u00fcrekli e\u011fitim ve mesleki geli\u015fim<\/li>\n\n\n\n<li>Ko\u00e7luk<\/li>\n<\/ul>\n\n\n\n<p class=\"wp-block-paragraph\">(E\u011fitim) \u00e7antan\u0131z\u0131 haz\u0131rlay\u0131n ve bir sonraki a\u015famaya birlikte ba\u015flayal\u0131m!<\/p>\n\n\n\n<p class=\"wp-block-paragraph\">Size yard\u0131mc\u0131 olmaktan mutluluk duyar\u0131z.<\/p>\n<\/div><\/div>\n\n\n\n<hr class=\"wp-block-separator has-alpha-channel-opacity is-style-wide\"\/>\n\n\n\n<h2 class=\"wp-block-heading has-text-color\" style=\"color:#dc5642\">dandelion Bildung GmbH<\/h2>\n\n\n\n<p class=\"has-text-color has-small-font-size wp-block-paragraph\" style=\"color:#016ca3\">B\u00fcrgermeister-Smidt-Str. 55, 28195 Bremen<\/p>\n\n\n\n<div class=\"wp-block-media-text alignwide is-stacked-on-mobile\" style=\"grid-template-columns:30% auto\"><figure class=\"wp-block-media-text__media\"><a href=\"https:\/\/www.dandelion-bildung.de\"><img loading=\"lazy\" decoding=\"async\" width=\"1024\" height=\"640\" src=\"https:\/\/www.vadib.de\/wp-content\/uploads\/2023\/07\/Logo-Dandelion-1024x640.jpg\" alt=\"\" class=\"wp-image-15869 size-full\" srcset=\"https:\/\/www.vadib.de\/wp-content\/uploads\/2023\/07\/Logo-Dandelion-1024x640.jpg 1024w, https:\/\/www.vadib.de\/wp-content\/uploads\/2023\/07\/Logo-Dandelion-300x188.jpg 300w, https:\/\/www.vadib.de\/wp-content\/uploads\/2023\/07\/Logo-Dandelion-768x480.jpg 768w, https:\/\/www.vadib.de\/wp-content\/uploads\/2023\/07\/Logo-Dandelion-1536x960.jpg 1536w, https:\/\/www.vadib.de\/wp-content\/uploads\/2023\/07\/Logo-Dandelion-2048x1280.jpg 2048w\" sizes=\"auto, (max-width: 767px) 89vw, (max-width: 1000px) 54vw, (max-width: 1071px) 543px, 580px\" \/><\/a><\/figure><div class=\"wp-block-media-text__content\">\n<p class=\"wp-block-paragraph\">E\u011fitim kurumu ve devlet onayl\u0131 yard\u0131mc\u0131 okul olarak, y\u0131llar\u0131n deneyimini yenilik\u00e7i bir konseptte birle\u015ftiriyoruz. \u0130\u015fg\u00fcc\u00fc piyasas\u0131na yak\u0131nl\u0131\u011f\u0131m\u0131z, piyasa ihtiya\u00e7lar\u0131na esnek bir \u015fekilde cevap vermemizi sa\u011fl\u0131yor. Kat\u0131l\u0131mc\u0131 memnuniyeti, y\u00fcksek yerle\u015ftirme ve entegrasyon oranlar\u0131 en b\u00fcy\u00fck \u00f6nceli\u011fimizdir. Yap\u0131lar\u0131m\u0131z fikirlere ve kavramlara alan sunar. Eme\u011fi ge\u00e7en herkese \u015f\u00fckranlar\u0131m\u0131z\u0131 sunmak inanc\u0131m\u0131zd\u0131r. \u00dcr\u00fcn yelpazemiz:<\/p>\n\n\n\n<ul class=\"wp-block-list\">\n<li>Sosyal sekt\u00f6rde ileri e\u011fitim ve yeniden e\u011fitim<\/li>\n\n\n\n<li>bireysel uygulama ko\u00e7lu\u011fu<\/li>\n\n\n\n<li>bireysel dil ko\u00e7lu\u011fu<\/li>\n\n\n\n<li>b\u00fct\u00fcnsel ve ihtiya\u00e7 odakl\u0131 ko\u00e7luk<\/li>\n\n\n\n<li>Temel becerilerin edinilmesi<\/li>\n\n\n\n<li>HSA&#8217;n\u0131n sat\u0131n al\u0131nmas\u0131<\/li>\n<\/ul>\n<\/div><\/div>\n\n\n\n<hr class=\"wp-block-separator has-alpha-channel-opacity is-style-wide\"\/>\n\n\n\n<h2 class=\"wp-block-heading has-text-color\" style=\"color:#dc5642\">Deutsches Rotes Kreuz (DRK) \/ Zentrum f\u00fcr Schule und Beruf (zsb)<\/h2>\n\n\n\n<p class=\"has-text-color has-small-font-size wp-block-paragraph\" style=\"color:#016ca3\">L\u00f6wenhof 1, 28217 Bremen<\/p>\n\n\n\n<div class=\"wp-block-media-text alignwide is-stacked-on-mobile\" style=\"grid-template-columns:30% auto\"><figure class=\"wp-block-media-text__media\"><a href=\"https:\/\/www.zsb-drk-bremen.de\/\"><img loading=\"lazy\" decoding=\"async\" width=\"207\" height=\"79\" src=\"https:\/\/www.vadib.de\/wp-content\/uploads\/2020\/06\/Logo_ZSB.png\" alt=\"\" class=\"wp-image-7766 size-full\"\/><\/a><\/figure><div class=\"wp-block-media-text__content\">\n<p class=\"wp-block-paragraph\"><br>Okul ve Kariyer Merkezi (zsb), okul ve kariyer aras\u0131ndaki etkile\u015fim alan\u0131nda 25 y\u0131ll\u0131k \u00e7\u00f6z\u00fcm odakl\u0131 \u00e7al\u0131\u015fmalar\u0131na bakmaktad\u0131r. \u00c7al\u0131\u015fmalar\u0131m\u0131z, gen\u00e7lik hizmetleri, okullar, e\u011fitim kurumlar\u0131, dil kurslar\u0131, mesleki e\u011fitim ve istihdam\u0131n \u00e7e\u015fitli kesi\u015fim noktalar\u0131nda ger\u00e7ekle\u015fmekte olup, bu alandaki di\u011fer kurulu\u015flar, ilgili yetkililer ve payda\u015flarla yak\u0131n bir a\u011f i\u00e7indedir. Proje \u00e7al\u0131\u015fmalar\u0131m\u0131z sayesinde hedef kitlemizi gen\u00e7lik hizmetlerinin s\u0131n\u0131rlar\u0131n\u0131n \u00f6tesine geni\u015flettik ve b\u00f6ylece art\u0131k Bremen&#8217;deki m\u00fcltecileri ve yeni gelenleri desteklemede \u00f6nemli ve uzman bir ortak haline geldik.<\/p>\n<\/div><\/div>\n\n\n\n<hr class=\"wp-block-separator has-alpha-channel-opacity is-style-wide\"\/>\n\n\n\n<h2 class=\"wp-block-heading has-text-color\" style=\"color:#dc5642\">DIS AG Akademie<\/h2>\n\n\n\n<p class=\"has-text-color has-small-font-size wp-block-paragraph\" style=\"color:#016ca3\">Mary-Somerville-Str. 8; 28359 Bremen<\/p>\n\n\n\n<div class=\"wp-block-media-text alignwide is-stacked-on-mobile\" style=\"grid-template-columns:30% auto\"><figure class=\"wp-block-media-text__media\"><a href=\"https:\/\/www.dis-ag.com\/akademie\/\"><img loading=\"lazy\" decoding=\"async\" width=\"249\" height=\"249\" src=\"https:\/\/www.vadib.de\/wp-content\/uploads\/2026\/06\/Logo_DIS-AG.png\" alt=\"\" class=\"wp-image-27811 size-full\" srcset=\"https:\/\/www.vadib.de\/wp-content\/uploads\/2026\/06\/Logo_DIS-AG.png 249w, https:\/\/www.vadib.de\/wp-content\/uploads\/2026\/06\/Logo_DIS-AG-150x150.png 150w, https:\/\/www.vadib.de\/wp-content\/uploads\/2026\/06\/Logo_DIS-AG-100x100.png 100w\" sizes=\"auto, (max-width: 249px) 100vw, 249px\" \/><\/a><\/figure><div class=\"wp-block-media-text__content\">\n<p class=\"wp-block-paragraph\"><\/p>\n<\/div><\/div>\n\n\n\n<hr class=\"wp-block-separator has-alpha-channel-opacity is-style-wide\"\/>\n\n\n\n<h2 class=\"wp-block-heading has-text-color\" style=\"color:#dc5642\">Grone-Bildungszentrum Bremen GmbH -gemeinn\u00fctzig-<\/h2>\n\n\n\n<p class=\"has-text-color has-small-font-size wp-block-paragraph\" style=\"color:#016ca3\">An der Silberpr\u00e4ge 5, 28309 Bremen<\/p>\n\n\n\n<div class=\"wp-block-media-text alignwide is-stacked-on-mobile\" style=\"grid-template-columns:30% auto\"><figure class=\"wp-block-media-text__media\"><a href=\"https:\/\/www.grone.de\/ueber-uns\/gesellschaften\/grone-bildungszentren-bremen\/#facettedList\"><img loading=\"lazy\" decoding=\"async\" width=\"1024\" height=\"340\" src=\"https:\/\/www.vadib.de\/wp-content\/uploads\/2023\/03\/Logo_GRONE-1024x340.jpg\" alt=\"\" class=\"wp-image-15100 size-full\" srcset=\"https:\/\/www.vadib.de\/wp-content\/uploads\/2023\/03\/Logo_GRONE-1024x340.jpg 1024w, https:\/\/www.vadib.de\/wp-content\/uploads\/2023\/03\/Logo_GRONE-300x100.jpg 300w, https:\/\/www.vadib.de\/wp-content\/uploads\/2023\/03\/Logo_GRONE-768x255.jpg 768w, https:\/\/www.vadib.de\/wp-content\/uploads\/2023\/03\/Logo_GRONE.jpg 1389w\" sizes=\"auto, (max-width: 767px) 89vw, (max-width: 1000px) 54vw, (max-width: 1071px) 543px, 580px\" \/><\/a><\/figure><div class=\"wp-block-media-text__content\">\n<p class=\"wp-block-paragraph\"><br>Grone E\u011fitim Merkezleri Bremen, size en yak\u0131n olan\u0131 da dahil olmak \u00fczere Bremen&#8217;de alt\u0131 farkl\u0131 lokasyonda temsil edilmektedir. \u0130yi bir e\u011fitim kar\u015f\u0131l\u0131\u011f\u0131n\u0131 verir. E\u011fitim, i\u015f piyasas\u0131nda paha bi\u00e7ilmez bir varl\u0131kt\u0131r. Bir\u00e7ok farkl\u0131 meslek alan\u0131nda ve sekt\u00f6rde ba\u015flang\u0131\u00e7, ileri ve s\u00fcrekli e\u011fitim kurslar\u0131 d\u00fczenliyoruz. 130 y\u0131l\u0131 a\u015fk\u0131n deneyimimiz (20 y\u0131ldan fazlas\u0131 Bremen&#8217;de) ve uzmanl\u0131\u011f\u0131m\u0131zla, yan\u0131n\u0131zda g\u00fcvenilir bir orta\u011f\u0131z.<\/p>\n<\/div><\/div>\n\n\n\n<hr class=\"wp-block-separator has-alpha-channel-opacity is-style-wide\"\/>\n\n\n\n<h2 class=\"wp-block-heading has-text-color\" style=\"color:#dc5642\">IBB Institut f\u00fcr Berufliche Bildung AG<\/h2>\n\n\n\n<p class=\"has-text-color has-small-font-size wp-block-paragraph\" style=\"color:#016ca3\">Obernstr. 2-12, Eingang: Kleine Waagestr. 1, 28195 Bremen<\/p>\n\n\n\n<div class=\"wp-block-media-text alignwide is-stacked-on-mobile\" style=\"grid-template-columns:30% auto\"><figure class=\"wp-block-media-text__media\"><a href=\"https:\/\/www.ibb.com\/weiterbildung-in-bremen\"><img loading=\"lazy\" decoding=\"async\" width=\"1024\" height=\"681\" src=\"https:\/\/www.vadib.de\/wp-content\/uploads\/2020\/03\/IBB_4c_neu-1024x681.jpg\" alt=\"\" class=\"wp-image-6784 size-full\" srcset=\"https:\/\/www.vadib.de\/wp-content\/uploads\/2020\/03\/IBB_4c_neu-1024x681.jpg 1024w, https:\/\/www.vadib.de\/wp-content\/uploads\/2020\/03\/IBB_4c_neu-300x200.jpg 300w, https:\/\/www.vadib.de\/wp-content\/uploads\/2020\/03\/IBB_4c_neu-768x511.jpg 768w, https:\/\/www.vadib.de\/wp-content\/uploads\/2020\/03\/IBB_4c_neu.jpg 1521w\" sizes=\"auto, (max-width: 767px) 89vw, (max-width: 1000px) 54vw, (max-width: 1071px) 543px, 580px\" \/><\/a><\/figure><div class=\"wp-block-media-text__content\">\n<p class=\"wp-block-paragraph\"><br>M\u00fc\u015fterilerimiz 1985 y\u0131l\u0131ndan bu yana \u0130BB&#8217;nin deste\u011fiyle mesleki geleceklerinin kontrol\u00fcn\u00fc ellerine al\u0131yorlar. \u015eirket, Almanya&#8217;n\u0131n en b\u00fcy\u00fck ve en ba\u015far\u0131l\u0131 \u00f6zel e\u011fitim sa\u011flay\u0131c\u0131lar\u0131ndan biri haline geldi. M\u00fc\u015fterilerimiz portf\u00f6y\u00fcm\u00fczde y\u00fczlerce sertifikal\u0131 yeterlilik teklifi bulmakla kalm\u0131yor, ayn\u0131 zamanda \u015fu anda kar\u015f\u0131 kar\u015f\u0131ya olduklar\u0131 gereksinimlere y\u00f6nelik \u00f6zel \u00e7\u00f6z\u00fcmler geli\u015ftirmek i\u00e7in onlarla birlikte \u00e7al\u0131\u015fmam\u0131za da g\u00fcvenebiliyorlar.<\/p>\n<\/div><\/div>\n\n\n\n<hr class=\"wp-block-separator has-alpha-channel-opacity is-style-wide\"\/>\n\n\n\n<h2 class=\"wp-block-heading has-text-color\" style=\"color:#dc5642\">IQ Netzwerk Bremen \u2013<br>das F\u00f6rderprogramm f\u00fcr Integration durch Qualifizierung<\/h2>\n\n\n\n<p class=\"has-text-color has-small-font-size wp-block-paragraph\" style=\"color:#016ca3\">RKW Bremen GmbH, Martinistra\u00dfe 68, 28195 Bremen<\/p>\n\n\n\n<div class=\"wp-block-media-text alignwide is-stacked-on-mobile\" style=\"grid-template-columns:30% auto\"><figure class=\"wp-block-media-text__media\"><a href=\"http:\/\/www.iq-netzwerk-bremen.de\/\"><img loading=\"lazy\" decoding=\"async\" width=\"531\" height=\"137\" src=\"https:\/\/www.vadib.de\/wp-content\/uploads\/2024\/07\/Logo_IQ_RGB_M.jpg\" alt=\"\" class=\"wp-image-20023 size-full\" srcset=\"https:\/\/www.vadib.de\/wp-content\/uploads\/2024\/07\/Logo_IQ_RGB_M.jpg 531w, https:\/\/www.vadib.de\/wp-content\/uploads\/2024\/07\/Logo_IQ_RGB_M-300x77.jpg 300w\" sizes=\"auto, (max-width: 531px) 100vw, 531px\" \/><\/a><\/figure><div class=\"wp-block-media-text__content\">\n<p class=\"wp-block-paragraph\"><br>IQ Netzwerk Bremen olarak mesleki veya \u00f6\u011frenim niteliklerinin tan\u0131nmas\u0131ndan i\u015f piyasas\u0131na giri\u015fe kadar, g\u00f6\u00e7menlere nitelikli istihdama giden yolda e\u015flik ediyoruz.<\/p>\n\n\n\n<p class=\"wp-block-paragraph\">Bremen&#8217;de \u00f6\u011frendi\u011finiz meslekte \u00e7al\u0131\u015fabilmeniz i\u00e7in sizi di\u011fer \u015feylerin yan\u0131 s\u0131ra a\u015fa\u011f\u0131daki alanlarda da destekliyoruz:<\/p>\n\n\n\n<ul class=\"wp-block-list\">\n<li>Fmesleki tan\u0131nma anlam\u0131na gelir<\/li>\n\n\n\n<li>Tan\u0131nma beyan\u0131 bildirimleri<\/li>\n\n\n\n<li>Yetkinlik de\u011ferlendirmesi<\/li>\n\n\n\n<li>Ko\u00e7luk<\/li>\n\n\n\n<li>Yeterlilik tedbirlerinin finansman\u0131<\/li>\n\n\n\n<li>\u0130\u015f piyasas\u0131na (yeniden) giri\u015f<\/li>\n<\/ul>\n\n\n\n<p class=\"wp-block-paragraph\">T\u00fcm tekliflerimiz sizler i\u00e7in \u00fccretsizdir. Masraflar Federal \u00c7al\u0131\u015fma ve Sosyal \u0130\u015fler Bakanl\u0131\u011f\u0131 ve ESFplus taraf\u0131ndan kar\u015f\u0131lan\u0131r. \u00c7al\u0131\u015fma, Sosyal \u0130\u015fler, Gen\u00e7lik ve Entegrasyon Senat\u00f6r\u00fc e\u015f finansman sa\u011flamaktad\u0131r.<\/p>\n<\/div><\/div>\n\n\n\n<hr class=\"wp-block-separator has-alpha-channel-opacity is-style-wide\"\/>\n\n\n\n<h2 class=\"wp-block-heading has-text-color\" style=\"color:#dc5642\">Das IT-Bildungshaus (ein Gesch\u00e4ftsbereich der HEC GmbH)<\/h2>\n\n\n\n<p class=\"has-text-color has-small-font-size wp-block-paragraph\" style=\"color:#016ca3\">Konsul-Smidt-Str. 24, 28217 Bremen<\/p>\n\n\n\n<div class=\"wp-block-media-text alignwide is-stacked-on-mobile\" style=\"grid-template-columns:30% auto\"><figure class=\"wp-block-media-text__media\"><a href=\"http:\/\/www.it-bildungshaus.de\"><img loading=\"lazy\" decoding=\"async\" width=\"1024\" height=\"410\" src=\"https:\/\/www.vadib.de\/wp-content\/uploads\/2026\/07\/3434600463-HEC_IT-Bildungshaus-1024x410.png\" alt=\"\" class=\"wp-image-28117 size-full\" srcset=\"https:\/\/www.vadib.de\/wp-content\/uploads\/2026\/07\/3434600463-HEC_IT-Bildungshaus-1024x410.png 1024w, https:\/\/www.vadib.de\/wp-content\/uploads\/2026\/07\/3434600463-HEC_IT-Bildungshaus-300x120.png 300w, https:\/\/www.vadib.de\/wp-content\/uploads\/2026\/07\/3434600463-HEC_IT-Bildungshaus-768x307.png 768w, https:\/\/www.vadib.de\/wp-content\/uploads\/2026\/07\/3434600463-HEC_IT-Bildungshaus.png 1440w\" sizes=\"auto, (max-width: 767px) 89vw, (max-width: 1000px) 54vw, (max-width: 1071px) 543px, 580px\" \/><\/a><\/figure><div class=\"wp-block-media-text__content\">\n<p class=\"wp-block-paragraph\"><br>On y\u0131ld\u0131r, BT e\u011fitim merkezimiz dijital i\u015f d\u00fcnyas\u0131na y\u00f6nelik profesyonelleri ba\u015far\u0131yla yeti\u015ftiriyor. Uygulama geli\u015ftirme ve sistem entegrasyonu alanlar\u0131nda BT uzmanlar\u0131 i\u00e7in AZAV sertifikal\u0131 yeniden e\u011fitim programlar\u0131m\u0131zda, ki\u015fiselle\u015ftirilmi\u015f destek, y\u00fcz y\u00fcze \u00f6\u011frenme ve ger\u00e7ek d\u00fcnya pratik deneyimini, dijitalle\u015fme ve yapay zeka gibi gelece\u011fe y\u00f6nelik konularla birle\u015ftiriyoruz. HEC GmbH&#8217;nin bir b\u00f6l\u00fcm\u00fc ve neusta \u015firketler grubunun bir par\u00e7as\u0131 olarak, BT sekt\u00f6r\u00fcyle do\u011frudan temas halindeyiz ve g\u00fcncel teknolojileri, y\u00f6ntemleri ve gereksinimleri do\u011frudan e\u011fitim programlar\u0131m\u0131za entegre ediyoruz. Bu sayede, dijital bir gelecekte bireyler ve \u015firketler i\u00e7in s\u00fcrd\u00fcr\u00fclebilir kariyer olanaklar\u0131 yarat\u0131yoruz.<\/p>\n<\/div><\/div>\n\n\n\n<hr class=\"wp-block-separator has-alpha-channel-opacity is-style-wide\"\/>\n\n\n\n<h2 class=\"wp-block-heading has-text-color\" style=\"color:#dc5642\">Jobcenter Bremen \u2212 Gesch\u00e4ftsstelle Mitte<\/h2>\n\n\n\n<p class=\"has-text-color has-small-font-size wp-block-paragraph\" style=\"color:#016ca3\">Doventorsteinweg 48-52, 28195 Bremen<\/p>\n\n\n\n<div class=\"wp-block-media-text alignwide is-stacked-on-mobile\" style=\"grid-template-columns:30% auto\"><figure class=\"wp-block-media-text__media\"><a href=\"https:\/\/www.jobcenter-bremen.de\/\"><img loading=\"lazy\" decoding=\"async\" width=\"513\" height=\"98\" src=\"https:\/\/www.vadib.de\/wp-content\/uploads\/2018\/12\/Logo_Jobcenter-Bremen.png\" alt=\"\" class=\"wp-image-3311 size-full\"\/><\/a><\/figure><div class=\"wp-block-media-text__content\">\n<p class=\"wp-block-paragraph\"><br>Temel gelir deste\u011fi sa\u011flayan bir kurum olarak i\u015f merkezi, di\u011fer g\u00f6revlerinin yan\u0131 s\u0131ra, insanlar\u0131n ileri e\u011fitim almalar\u0131n\u0131, e\u011fitime ve i\u015f hayat\u0131na entegre olmalar\u0131n\u0131 ve ge\u00e7imlerini sa\u011flamalar\u0131n\u0131 da g\u00fcvence alt\u0131na almakla sorumludur.<\/p>\n<\/div><\/div>\n\n\n\n<hr class=\"wp-block-separator has-alpha-channel-opacity is-style-wide\"\/>\n\n\n\n<h2 class=\"wp-block-heading has-text-color\" style=\"color:#dc5642\">Landesagentur f\u00fcr berufliche Weiterbildung und Transformation \u2014 LABEW+<\/h2>\n\n\n\n<p class=\"has-text-color has-small-font-size wp-block-paragraph\" style=\"color:#016ca3\">RKW Bremen GmbH, Martinistra\u00dfe 68, 28195 Bremen<\/p>\n\n\n\n<div class=\"wp-block-media-text alignwide is-stacked-on-mobile\" style=\"grid-template-columns:30% auto\"><figure class=\"wp-block-media-text__media\"><a href=\"https:\/\/labew-bremen.de\/\"><img loading=\"lazy\" decoding=\"async\" width=\"1024\" height=\"422\" src=\"https:\/\/www.vadib.de\/wp-content\/uploads\/2024\/10\/LABEW_Farbe-1024x422.jpg\" alt=\"\" class=\"wp-image-20810 size-full\" srcset=\"https:\/\/www.vadib.de\/wp-content\/uploads\/2024\/10\/LABEW_Farbe-1024x422.jpg 1024w, https:\/\/www.vadib.de\/wp-content\/uploads\/2024\/10\/LABEW_Farbe-300x124.jpg 300w, https:\/\/www.vadib.de\/wp-content\/uploads\/2024\/10\/LABEW_Farbe-768x316.jpg 768w, https:\/\/www.vadib.de\/wp-content\/uploads\/2024\/10\/LABEW_Farbe.jpg 1056w\" sizes=\"auto, (max-width: 767px) 89vw, (max-width: 1000px) 54vw, (max-width: 1071px) 543px, 580px\" \/><\/a><\/figure><div class=\"wp-block-media-text__content\">\n<p class=\"wp-block-paragraph\"><br>Profesyonel geli\u015fim ve d\u00f6n\u00fc\u015f\u00fcm\u00fcn t\u00fcm y\u00f6nleriyle ilgili ki\u015fiye \u00f6zel ve \u00fccretsiz dan\u0131\u015fmanl\u0131k ve destek sunan merkezi ileti\u015fim noktas\u0131. LABEW+, &#8222;\u0130\u015f ve Aile&#8220;, &#8222;\u0130\u015fyerinde Almanca Dil E\u011fitimi&#8220; ve &#8222;Profesyonel Geli\u015fim&#8220; olmak \u00fczere \u00fc\u00e7 hizmet merkezinden olu\u015fmaktad\u0131r ve bu merkezler rehberlik sa\u011flamak i\u00e7in yak\u0131n i\u015fbirli\u011fi i\u00e7inde \u00e7al\u0131\u015fmaktad\u0131r. Hem \u015firketler hem de bireyler, de\u011fi\u015fim s\u00fcre\u00e7lerini f\u0131rsat olarak kullanma konusunda destek almaktad\u0131r.<\/p>\n\n\n\n<p class=\"wp-block-paragraph\">LABEW+ \u015funlar\u0131 sunmaktad\u0131r:<\/p>\n\n\n\n<ul class=\"wp-block-list\">\n<li>Uygun mesleki geli\u015fim programlar\u0131 bulma konusunda destek<\/li>\n\n\n\n<li>D\u0131\u015f s\u0131navlar yoluyla mesleki yeterlilik elde etme konusunda tavsiye<\/li>\n\n\n\n<li>\u0130\u015fyeri dil e\u011fitimi ve ko\u00e7lu\u011fu<\/li>\n\n\n\n<li>Belirli ileti\u015fim noktalar\u0131 hakk\u0131nda oryantasyon ve rehberlik<\/li>\n\n\n\n<li>Finansman olanaklar\u0131 hakk\u0131nda bilgi: \u00c7al\u0131\u015fanlar i\u00e7in yeterlilik bonusu ve Bremen s\u00fcrekli e\u011fitim kuponu.<\/li>\n<\/ul>\n<\/div><\/div>\n\n\n\n<hr class=\"wp-block-separator has-alpha-channel-opacity is-style-wide\"\/>\n\n\n\n<h2 class=\"wp-block-heading has-text-color\" style=\"color:#dc5642\">ma-co maritimes competenzcentrum (gemeinn\u00fctzig)<\/h2>\n\n\n\n<p class=\"has-text-color has-small-font-size wp-block-paragraph\" style=\"color:#016ca3\">Tilsiter Str. 6-10, 28217 Bremen<\/p>\n\n\n\n<div class=\"wp-block-media-text alignwide is-stacked-on-mobile\" style=\"grid-template-columns:30% auto\"><figure class=\"wp-block-media-text__media\"><a href=\"https:\/\/www.ma-co.de\/\"><img loading=\"lazy\" decoding=\"async\" width=\"1024\" height=\"692\" src=\"https:\/\/www.vadib.de\/wp-content\/uploads\/2023\/03\/maco_Logo_Dokumente-Breite-4cm-1024x692.png\" alt=\"\" class=\"wp-image-14906 size-full\" srcset=\"https:\/\/www.vadib.de\/wp-content\/uploads\/2023\/03\/maco_Logo_Dokumente-Breite-4cm-1024x692.png 1024w, https:\/\/www.vadib.de\/wp-content\/uploads\/2023\/03\/maco_Logo_Dokumente-Breite-4cm-300x203.png 300w, https:\/\/www.vadib.de\/wp-content\/uploads\/2023\/03\/maco_Logo_Dokumente-Breite-4cm-768x519.png 768w, https:\/\/www.vadib.de\/wp-content\/uploads\/2023\/03\/maco_Logo_Dokumente-Breite-4cm-1536x1038.png 1536w, https:\/\/www.vadib.de\/wp-content\/uploads\/2023\/03\/maco_Logo_Dokumente-Breite-4cm.png 1598w\" sizes=\"auto, (max-width: 767px) 89vw, (max-width: 1000px) 54vw, (max-width: 1071px) 543px, 580px\" \/><\/a><\/figure><div class=\"wp-block-media-text__content\">\n<p class=\"wp-block-paragraph\"><br>Ma-co denizcilik yetkinlik merkezi, Alman deniz limanlar\u0131 ve limanla ilgili lojistik i\u00e7in e\u011fitim sa\u011flay\u0131c\u0131s\u0131 olup, lokasyonlar\u0131nda modern e\u011fitim ve sosyal olanaklar sunmaktad\u0131r. Ayr\u0131ca, &#8222;Uygulamadan uygulamaya&#8220; slogan\u0131yla pratik beceri geli\u015ftirme i\u00e7in uygun a\u00e7\u0131k ve kapal\u0131 alanlar mevcuttur. Ma-co ayr\u0131ca \u00fclke genelindeki \u015firketlerde yerinde e\u011fitimler de vermektedir. Ma-co, \u00e7al\u0131\u015fanlar\u0131n nitelik kazanmas\u0131n\u0131n yan\u0131 s\u0131ra, \u015firketlerin \u00f6zel ihtiya\u00e7lar\u0131na g\u00f6re i\u015f arayanlar\u0131 da e\u011fiterek onlar\u0131 birincil i\u015fg\u00fcc\u00fc piyasas\u0131na haz\u0131rlamaktad\u0131r.<\/p>\n<\/div><\/div>\n\n\n\n<hr class=\"wp-block-separator has-alpha-channel-opacity is-style-wide\"\/>\n\n\n\n<h2 class=\"wp-block-heading has-text-color\" style=\"color:#dc5642\">Parit\u00e4tisches Bildungswerk Bremen e.V. (PBW)<\/h2>\n\n\n\n<p class=\"has-text-color has-small-font-size wp-block-paragraph\" style=\"color:#016ca3\">Faulenstr. 31, 28195 Bremen<\/p>\n\n\n\n<div class=\"wp-block-media-text alignwide is-stacked-on-mobile\" style=\"grid-template-columns:30% auto\"><figure class=\"wp-block-media-text__media\"><a href=\"https:\/\/pbwbremen.de\/\"><img loading=\"lazy\" decoding=\"async\" width=\"527\" height=\"250\" src=\"https:\/\/www.vadib.de\/wp-content\/uploads\/2023\/06\/pbw_logo.jpg\" alt=\"\" class=\"wp-image-15761 size-full\" srcset=\"https:\/\/www.vadib.de\/wp-content\/uploads\/2023\/06\/pbw_logo.jpg 527w, https:\/\/www.vadib.de\/wp-content\/uploads\/2023\/06\/pbw_logo-300x142.jpg 300w\" sizes=\"auto, (max-width: 527px) 100vw, 527px\" \/><\/a><\/figure><div class=\"wp-block-media-text__content\">\n<p class=\"wp-block-paragraph\"><br>Parit\u00e4tisches Bildungswerk Bremen yeti\u015fkin e\u011fitimi i\u00e7in canl\u0131 bir yerdir ve tan\u0131nm\u0131\u015f bir ileri e\u011fitim sa\u011flay\u0131c\u0131s\u0131d\u0131r. D\u00fcnyan\u0131n d\u00f6rt bir yan\u0131ndan insanlar bizde \u00e7ok \u00e7e\u015fitli dil ve mesleki yeterlilikler buluyor: entegrasyon ve mesleki dil kurslar\u0131ndan mesleki oryantasyon ve e\u011fitim ve \u00e7al\u0131\u015fmaya haz\u0131rl\u0131k kurslar\u0131ndan, devlet taraf\u0131ndan tan\u0131nan e\u011fitim ve yeniden e\u011fitime ve geni\u015f kapsaml\u0131 kurslara kadar. e\u011fitim uzmanlar\u0131 i\u00e7in \u00e7e\u015fitli ileri e\u011fitimler Mesleki niteliklerin tan\u0131nmas\u0131 i\u00e7in teklifler.<\/p>\n<\/div><\/div>\n\n\n\n<hr class=\"wp-block-separator has-alpha-channel-opacity is-style-wide\"\/>\n\n\n\n<h2 class=\"wp-block-heading has-text-color\" style=\"color:#dc5642\">PiB \u2013 Pflegekinder in Bremen gemeinn\u00fctzige GmbH<\/h2>\n\n\n\n<p class=\"has-text-color has-small-font-size wp-block-paragraph\" style=\"color:#016ca3\">PiB-B\u00fcro Mitte, Bahnhofstra\u00dfe 28 \u2013 31, 28195 Bremen<\/p>\n\n\n\n<div class=\"wp-block-media-text alignwide is-stacked-on-mobile\" style=\"grid-template-columns:30% auto\"><figure class=\"wp-block-media-text__media\"><a href=\"https:\/\/www.pib-bremen.de\/\"><img loading=\"lazy\" decoding=\"async\" width=\"937\" height=\"582\" src=\"https:\/\/www.vadib.de\/wp-content\/uploads\/2025\/12\/Logo_PIB_gemeinnuetzige-GmbH.png\" alt=\"\" class=\"wp-image-25826 size-full\" srcset=\"https:\/\/www.vadib.de\/wp-content\/uploads\/2025\/12\/Logo_PIB_gemeinnuetzige-GmbH.png 937w, https:\/\/www.vadib.de\/wp-content\/uploads\/2025\/12\/Logo_PIB_gemeinnuetzige-GmbH-300x186.png 300w, https:\/\/www.vadib.de\/wp-content\/uploads\/2025\/12\/Logo_PIB_gemeinnuetzige-GmbH-768x477.png 768w\" sizes=\"auto, (max-width: 767px) 89vw, (max-width: 1000px) 54vw, (max-width: 1071px) 543px, 580px\" \/><\/a><\/figure><div class=\"wp-block-media-text__content\">\n<p class=\"wp-block-paragraph\"><br>PiB, Bremen&#8217;de \u00e7ocuk g\u00fcnd\u00fcz bak\u0131m\u0131 alan\u0131nda uzmanla\u015fm\u0131\u015f bir hizmettir. Serbest \u00e7al\u0131\u015fan bir \u00e7ocuk g\u00fcnd\u00fcz bak\u0131m\u0131 sa\u011flay\u0131c\u0131s\u0131 olarak \u00e7e\u015fitli kariyer yollar\u0131 hakk\u0131nda sizi bilgilendiriyoruz. \u0130lgilenenler, bu pozisyon i\u00e7in nas\u0131l ba\u015fvuruda bulunabileceklerini ve \u00f6nemli gereklilikleri \u00f6\u011frenebilirler.<\/p>\n\n\n\n<p class=\"wp-block-paragraph\">\u00c7ocuk g\u00fcnd\u00fcz bak\u0131m\u0131, \u00fc\u00e7 ya\u015f\u0131na kadar olan \u00e7ocuklar\u0131n bak\u0131m\u0131 ve geli\u015fiminde tatmin edici gelecek olanaklar\u0131 sunar. Uzman dan\u0131\u015fmanlar\u0131m\u0131z, serbest meslek sahibi olma yolculu\u011funuzda ve sonras\u0131nda size destek ve rehberlik sa\u011flar.<\/p>\n\n\n\n<p class=\"wp-block-paragraph\">Bizi ziyaret edin ve sa\u011flam niteliklerle \u00e7ocuk g\u00fcnd\u00fcz bak\u0131m\u0131 alan\u0131nda sorumlu ve anlaml\u0131 bir kariyere nas\u0131l ba\u015flayabilece\u011finizi ke\u015ffedin.<\/p>\n<\/div><\/div>\n\n\n\n<hr class=\"wp-block-separator has-alpha-channel-opacity is-style-wide\"\/>\n\n\n\n<h2 class=\"wp-block-heading has-text-color\" style=\"color:#dc5642\">SBH Nordost GmbH<\/h2>\n\n\n\n<p class=\"has-text-color has-small-font-size wp-block-paragraph\" style=\"color:#016ca3\">Am Wall 187-189, 28195 Bremen<\/p>\n\n\n\n<div class=\"wp-block-media-text alignwide is-stacked-on-mobile\" style=\"grid-template-columns:30% auto\"><figure class=\"wp-block-media-text__media\"><a href=\"https:\/\/s-b-h.de\/sbh-vor-ort\/sbh-nordost\"><img loading=\"lazy\" decoding=\"async\" width=\"1024\" height=\"533\" src=\"https:\/\/www.vadib.de\/wp-content\/uploads\/2022\/02\/SBH-Nordost-1024x533.png\" alt=\"\" class=\"wp-image-11856 size-full\" srcset=\"https:\/\/www.vadib.de\/wp-content\/uploads\/2022\/02\/SBH-Nordost-1024x533.png 1024w, https:\/\/www.vadib.de\/wp-content\/uploads\/2022\/02\/SBH-Nordost-300x156.png 300w, https:\/\/www.vadib.de\/wp-content\/uploads\/2022\/02\/SBH-Nordost-768x400.png 768w, https:\/\/www.vadib.de\/wp-content\/uploads\/2022\/02\/SBH-Nordost-1536x800.png 1536w, https:\/\/www.vadib.de\/wp-content\/uploads\/2022\/02\/SBH-Nordost.png 2044w\" sizes=\"auto, (max-width: 767px) 89vw, (max-width: 1000px) 54vw, (max-width: 1071px) 543px, 580px\" \/><\/a><\/figure><div class=\"wp-block-media-text__content\">\n<p class=\"wp-block-paragraph\"><br>SBH Nordost GmbH, yakla\u015f\u0131k 130 noktada \u00e7a\u011fda\u015f e\u011fitim hizmeti sunmaya kendini adam\u0131\u015ft\u0131r. Erken \u00e7ocukluk e\u011fitimi, kariyer rehberli\u011fi, mesleki e\u011fitim ve s\u00fcrekli e\u011fitim gibi geni\u015f bir yelpazede e\u011fitim olanaklar\u0131 sunuyoruz. Farkl\u0131 hedefler, farkl\u0131 yakla\u015f\u0131mlar gerektirir. Kariyere giri\u015ften kariyer ilerlemesine kadar: Dan\u0131\u015fmanl\u0131k, e\u011fitim ve yeterliliklerle sizi do\u011fru yollara haz\u0131rl\u0131yor ve e\u015flik ediyoruz.<\/p>\n<\/div><\/div>\n\n\n\n<hr class=\"wp-block-separator has-alpha-channel-opacity is-style-wide\"\/>\n\n\n\n<h2 class=\"wp-block-heading has-text-color\" style=\"color:#dc5642\">STB GmbH &amp; Co. KG Bremen<\/h2>\n\n\n\n<p class=\"has-text-color has-small-font-size wp-block-paragraph\" style=\"color:#016ca3\">Faulenstra\u00dfe 23, 28195 Bremen<\/p>\n\n\n\n<div class=\"wp-block-media-text alignwide is-stacked-on-mobile\" style=\"grid-template-columns:30% auto\"><figure class=\"wp-block-media-text__media\"><a href=\"http:\/\/www.stb-bildung.de\/\"><img loading=\"lazy\" decoding=\"async\" width=\"163\" height=\"87\" src=\"https:\/\/www.vadib.de\/wp-content\/uploads\/2023\/04\/Logo_STB.jpg\" alt=\"\" class=\"wp-image-15153 size-full\"\/><\/a><\/figure><div class=\"wp-block-media-text__content\">\n<p class=\"wp-block-paragraph\"><br>1986&#8217;dan beri tan\u0131nm\u0131\u015f bir s\u00fcrekli e\u011fitim sa\u011flay\u0131c\u0131s\u0131 olan STB, \u00e7e\u015fitlili\u011fin ve kar\u015f\u0131la\u015fmalar\u0131n savunucusu olmu\u015ftur. Burada d\u00fcnyan\u0131n d\u00f6rt bir yan\u0131ndan insanlar bir araya geliyor ve motivasyonun ve kar\u015f\u0131l\u0131kl\u0131 takdirin \u00f6n planda oldu\u011fu bir ortam buluyor. Her bireye ki\u015fisel potansiyelini tam olarak ke\u015ffetme ve geli\u015ftirme f\u0131rsat\u0131 veriyoruz. Bremen ve Osterholz-Scharmbeck&#8217;te dil ve mesleki geli\u015fim i\u00e7in geni\u015f yelpazede f\u0131rsatlar sunuyoruz: (gen\u00e7lik) entegrasyonundan ve mesleki dil kurslar\u0131ndan bireysel ko\u00e7lu\u011fa ve mesleki ve sosyal entegrasyon s\u00fcre\u00e7lerinde hedeflenen deste\u011fe kadar. T\u00fcm bunlar\u0131n arkas\u0131nda, yaln\u0131zca mesleki uzmanl\u0131\u011f\u0131yla de\u011fil, ayn\u0131 zamanda k\u00fclt\u00fcrleraras\u0131 duyarl\u0131l\u0131\u011f\u0131 ve \u00e7ok dilli becerileriyle de \u00f6ne \u00e7\u0131kan \u00f6zverili ekibimiz yer al\u0131yor.<\/p>\n<\/div><\/div>\n\n\n\n<hr class=\"wp-block-separator has-alpha-channel-opacity is-style-wide\"\/>\n\n\n\n<h2 class=\"wp-block-heading has-text-color\" style=\"color:#dc5642\">Stra\u00dfenverkehrs-Genossenschaft Bremen eG<\/h2>\n\n\n\n<p class=\"has-text-color has-small-font-size wp-block-paragraph\" style=\"color:#016ca3\">Hansator 5, 28217 Bremen<\/p>\n\n\n\n<div class=\"wp-block-media-text alignwide is-stacked-on-mobile\" style=\"grid-template-columns:30% auto\"><figure class=\"wp-block-media-text__media\"><a href=\"https:\/\/www.svg-bremen.de\/\"><img loading=\"lazy\" decoding=\"async\" width=\"394\" height=\"501\" src=\"https:\/\/www.vadib.de\/wp-content\/uploads\/2024\/07\/svg_logo_cmyk_10x13cm-brandcode-002.png\" alt=\"\" class=\"wp-image-19976 size-full\" srcset=\"https:\/\/www.vadib.de\/wp-content\/uploads\/2024\/07\/svg_logo_cmyk_10x13cm-brandcode-002.png 394w, https:\/\/www.vadib.de\/wp-content\/uploads\/2024\/07\/svg_logo_cmyk_10x13cm-brandcode-002-236x300.png 236w\" sizes=\"auto, (max-width: 394px) 100vw, 394px\" \/><\/a><\/figure><div class=\"wp-block-media-text__content\">\n<p class=\"wp-block-paragraph\"><br>Nitelikli s\u00fcr\u00fcc\u00fclere olan ihtiya\u00e7 s\u00fcrekli art\u0131yor. \u0130yi e\u011fitimli profesyonel s\u00fcr\u00fcc\u00fclerin i\u015f piyasas\u0131nda ilgi \u00e7ekici bir i\u015f bulma \u015fanslar\u0131 en y\u00fcksektir.<\/p>\n\n\n\n<p class=\"wp-block-paragraph\">Bremen&#8217;deki SVG E\u011fitim Merkezi, ta\u015f\u0131mac\u0131l\u0131k ve lojistik sekt\u00f6r\u00fcnde e\u011fitim, ileri e\u011fitim ve s\u00fcrekli e\u011fitim konular\u0131nda orta\u011f\u0131n\u0131zd\u0131r. Sertifikal\u0131 kurslar\u0131m\u0131zla, bireysel ihtiya\u00e7lar\u0131n\u0131za g\u00f6re uyarlanm\u0131\u015f geni\u015f yelpazede mesleki yeterlilik \u00f6nlemleri ve ileri e\u011fitimler sunuyoruz.<\/p>\n<\/div><\/div>\n\n\n\n<hr class=\"wp-block-separator has-alpha-channel-opacity is-style-wide\"\/>\n\n\n\n<h2 class=\"wp-block-heading has-text-color\" style=\"color:#dc5642\">TERTIA Berufsf\u00f6rderung GmbH &amp; Co KG in Bremen Mitte<\/h2>\n\n\n\n<p class=\"has-text-color has-small-font-size wp-block-paragraph\" style=\"color:#016ca3\">Westerstr. 93a, 28199 Bremen<\/p>\n\n\n\n<div class=\"wp-block-media-text alignwide is-stacked-on-mobile\" style=\"grid-template-columns:30% auto\"><figure class=\"wp-block-media-text__media\"><a href=\"https:\/\/www.tertia.de\/standort\/bremen-mitte\/\"><img loading=\"lazy\" decoding=\"async\" width=\"1024\" height=\"471\" src=\"https:\/\/www.vadib.de\/wp-content\/uploads\/2023\/04\/LOGO_TERTIA-1024x471.jpg\" alt=\"\" class=\"wp-image-15174 size-full\" srcset=\"https:\/\/www.vadib.de\/wp-content\/uploads\/2023\/04\/LOGO_TERTIA-1024x471.jpg 1024w, https:\/\/www.vadib.de\/wp-content\/uploads\/2023\/04\/LOGO_TERTIA-300x138.jpg 300w, https:\/\/www.vadib.de\/wp-content\/uploads\/2023\/04\/LOGO_TERTIA-768x353.jpg 768w, https:\/\/www.vadib.de\/wp-content\/uploads\/2023\/04\/LOGO_TERTIA.jpg 1307w\" sizes=\"auto, (max-width: 767px) 89vw, (max-width: 1000px) 54vw, (max-width: 1071px) 543px, 580px\" \/><\/a><\/figure><div class=\"wp-block-media-text__content\">\n<p class=\"wp-block-paragraph\"><strong>Bremen-Kuzey&#8217;de \u00c7ALI\u015eMA \u2013 E\u011e\u0130T\u0130M \u2013 KO\u00c7LUK<\/strong><\/p>\n\n\n\n<p class=\"wp-block-paragraph\">TERTIA, 2009 y\u0131l\u0131ndan beri Bremen Merkez&#8217;de faaliyet g\u00f6stermektedir. \u0130\u015f ve \u0130\u015f\u00e7i Bulma Kurumu ve \u0130\u015f Merkezi ad\u0131na \u00e7e\u015fitli hedef gruplara y\u00f6nelik aktivasyon ve yerle\u015ftirme projeleri y\u00fcr\u00fctmekteyiz.<\/p>\n\n\n\n<p class=\"wp-block-paragraph\">\u0130\u015f ba\u015fvurular\u0131, ki\u015fisel geli\u015fim, i\u015f kurma haz\u0131rl\u0131\u011f\u0131, dil ko\u00e7lu\u011fu, sosyal ve entegrasyon ko\u00e7lu\u011fu, yeterlilik ve ileri e\u011fitim konular\u0131nda bireysel ko\u00e7luk hizmeti vermekteyiz.<\/p>\n\n\n\n<p class=\"wp-block-paragraph\">\u015eubelerimizde veya evinizde rahatl\u0131kla e\u011fitim alabilir ve TERTIA e\u011fitim dan\u0131\u015fmanlar\u0131m\u0131zdan destek alabilirsiniz. E\u011fitim s\u00fcresince size bir bilgisayar ve gerekli yaz\u0131l\u0131mlar\u0131 sa\u011fl\u0131yoruz.<\/p>\n\n\n\n<p class=\"wp-block-paragraph\">E\u011fitim \u00e7ekinizi veya aktivasyon ve yerle\u015ftirme \u00e7ekinizi (AVGS) bizden kullanabilirsiniz.<\/p>\n<\/div><\/div>\n\n\n\n<hr class=\"wp-block-separator has-alpha-channel-opacity is-style-wide\"\/>\n\n\n\n<h2 class=\"wp-block-heading has-text-color\" style=\"color:#dc5642\">Waller Besch\u00e4ftigungs- und Qualifizierungsgesellschaft mbHg (WaBeQ)<\/h2>\n\n\n\n<p class=\"has-text-color has-small-font-size wp-block-paragraph\" style=\"color:#016ca3\">Waller Heerstr. 56, 28217 Bremen<\/p>\n\n\n\n<div class=\"wp-block-media-text alignwide is-stacked-on-mobile\" style=\"grid-template-columns:30% auto\"><figure class=\"wp-block-media-text__media\"><a href=\"http:\/\/www.wabeq.de\/\"><img loading=\"lazy\" decoding=\"async\" width=\"1024\" height=\"518\" src=\"https:\/\/www.vadib.de\/wp-content\/uploads\/2026\/03\/WABEQ-LOGO_farbig-1024x518.png\" alt=\"\" class=\"wp-image-26730 size-full\" srcset=\"https:\/\/www.vadib.de\/wp-content\/uploads\/2026\/03\/WABEQ-LOGO_farbig-1024x518.png 1024w, https:\/\/www.vadib.de\/wp-content\/uploads\/2026\/03\/WABEQ-LOGO_farbig-300x152.png 300w, https:\/\/www.vadib.de\/wp-content\/uploads\/2026\/03\/WABEQ-LOGO_farbig-768x388.png 768w, https:\/\/www.vadib.de\/wp-content\/uploads\/2026\/03\/WABEQ-LOGO_farbig.png 1169w\" sizes=\"auto, (max-width: 767px) 89vw, (max-width: 1000px) 54vw, (max-width: 1071px) 543px, 580px\" \/><\/a><\/figure><div class=\"wp-block-media-text__content\">\n<p class=\"wp-block-paragraph\"><br>WaBeQ, komo un dunad\u00f3 di empleo i entrenamentu rekonos\u00e9, ta sosten\u00e9 e integrashon di esnan desemple\u00e1 di largu plaso, hendenan ku un antecedente di migrashon, mayornan soltero i adultonan y\u00f2n den e merkado laboral primario. Komo un organisashon di bienestar hubenil denter di e sektor di servisio pa mucha i hubentut, nos ta oper\u00e1 dos grupo residensial pa te ku 20 h\u00f3ben kada un na Bremen-Burgdamm i tambe ta duna entrenamentu profeshonal den fasilidatnan eksterno (BaE\/integrativo &amp; kooperativo). Nos ta enbolb\u00ed den servisio sosial denter di komunidat, proyektonan di bibienda sosial, desaroyo urbano, ofishinan kualifik\u00e1, i pol\u00edtika di merkado laboral.<\/p>\n<\/div><\/div>\n\n\n\n<hr class=\"wp-block-separator has-alpha-channel-opacity is-style-wide\"\/>\n\n\n\n<h2 class=\"wp-block-heading has-text-color\" style=\"color:#dc5642\">WBS Training<\/h2>\n\n\n\n<p class=\"has-text-color has-small-font-size wp-block-paragraph\" style=\"color:#016ca3\">Bahnhofsplatz 9-10, 28195 Bremen<\/p>\n\n\n\n<div class=\"wp-block-media-text alignwide is-stacked-on-mobile\" style=\"grid-template-columns:30% auto\"><figure class=\"wp-block-media-text__media\"><a href=\"https:\/\/www.wbstraining.de\/\" target=\"_blank\" rel=\"noreferrer noopener\"><img loading=\"lazy\" decoding=\"async\" width=\"606\" height=\"177\" src=\"https:\/\/www.vadib.de\/wp-content\/uploads\/2017\/08\/Logo_WBS_WebSite.jpg\" alt=\"\" class=\"wp-image-293 size-full\" srcset=\"https:\/\/www.vadib.de\/wp-content\/uploads\/2017\/08\/Logo_WBS_WebSite.jpg 606w, https:\/\/www.vadib.de\/wp-content\/uploads\/2017\/08\/Logo_WBS_WebSite-300x88.jpg 300w\" sizes=\"auto, (max-width: 606px) 100vw, 606px\" \/><\/a><\/figure><div class=\"wp-block-media-text__content\">\n<p class=\"wp-block-paragraph\"><strong> <\/strong><br>f\u00fcrmichda duygusuyla s\u00fcrekli e\u011fitimim.<\/p>\n\n\n\n<p class=\"wp-block-paragraph\">Yolculu\u011funuzda size e\u015flik ediyor ve yan\u0131n\u0131zday\u0131z. \u0130ster i\u015f kayb\u0131 ya\u015fad\u0131ysan\u0131z ister kariyer de\u011fi\u015fikli\u011fi yapmay\u0131 d\u00fc\u015f\u00fcn\u00fcyorsan\u0131z, #f\u00fcrmichda duygusuna g\u00fcvenin ve ki\u015fisel irtibat ki\u015finizle ileti\u015fime ge\u00e7in. E\u011fitim tekliflerimiz bireysel destek ve \u00e7e\u015fitlilikle \u00f6ne \u00e7\u0131k\u0131yor. 3.000&#8217;den fazla ders, modern dijital sunumlar ve etkile\u015fimli \u00f6\u011fretim y\u00f6ntemleriyle yaln\u0131zca dijital becerileri de\u011fil, ayn\u0131 zamanda \u00f6\u011frenmenin keyfini de te\u015fvik ediyoruz. Uzmanl\u0131\u011f\u0131m\u0131z, Sanayi ve Ticaret Odas\u0131 (IHK), Microsoft, SAP, Datev, Esri ve Tekom gibi kurumlardan ald\u0131\u011f\u0131m\u0131z tan\u0131nm\u0131\u015f sertifikalarla kan\u0131tlanm\u0131\u015ft\u0131r. Ana \u015firketimiz WBS TRAINING AG, 40 y\u0131l\u0131 a\u015fk\u0131n bir s\u00fcre \u00f6nce kuruldu. Bug\u00fcn WBS GROUP, 270&#8217;ten fazla lokasyonda 1.800&#8217;den fazla ki\u015fiyi istihdam ediyor ve her y\u0131l 30.000 m\u00fc\u015fteriye ola\u011fan\u00fcst\u00fc e\u011fitim deneyimleri sunuyor. SAP\u00ae, DATEV\u00ae ve LEXWARE\u00ae sertifikal\u0131 e\u011fitim orta\u011f\u0131y\u0131z.<\/p>\n<\/div><\/div>\n\n\n\n<hr class=\"wp-block-separator has-alpha-channel-opacity is-style-wide\"\/>\n\n\n\n<h2 class=\"wp-block-heading has-text-color\" style=\"color:#dc5642\">Wirtschafts- und Sozialakademie der Arbeitnehmerkammer Bremen gGmbH (wisoak)<\/h2>\n\n\n\n<p class=\"has-text-color has-small-font-size wp-block-paragraph\" style=\"color:#016ca3\">Bertha-von-Suttner-Str. 17, 28207 Bremen<\/p>\n\n\n\n<div class=\"wp-block-media-text alignwide is-stacked-on-mobile\" style=\"grid-template-columns:30% auto\"><figure class=\"wp-block-media-text__media\"><a href=\"https:\/\/www.wisoak.de\/\"><img loading=\"lazy\" decoding=\"async\" width=\"600\" height=\"285\" src=\"https:\/\/www.vadib.de\/wp-content\/uploads\/2023\/04\/Logo_WISOAK.png\" alt=\"\" class=\"wp-image-15241 size-full\" srcset=\"https:\/\/www.vadib.de\/wp-content\/uploads\/2023\/04\/Logo_WISOAK.png 600w, https:\/\/www.vadib.de\/wp-content\/uploads\/2023\/04\/Logo_WISOAK-300x143.png 300w\" sizes=\"auto, (max-width: 600px) 100vw, 600px\" \/><\/a><\/figure><div class=\"wp-block-media-text__content\">\n<p class=\"wp-block-paragraph\"><br>\u0130\u015fletme ve Sosyal Akademi (wisoak), Kuzeybat\u0131 Metropol B\u00f6lgesi&#8217;ndeki \u00e7al\u0131\u015fanlar ve i\u015f arayanlar i\u00e7in geni\u015f bir yelpazede mesleki yeterlilik sunmaktad\u0131r. Odak noktam\u0131z i\u015fletme ve y\u00f6netim, siyaset ve k\u00fclt\u00fcr, sa\u011fl\u0131k ve sosyal hizmetler ve dijital d\u00f6n\u00fc\u015f\u00fcmd\u00fcr. Ayr\u0131ca e\u011fitim ve yeniden e\u011fitim alan\u0131nda da faaliyet g\u00f6steriyoruz. Ofis y\u00f6netimi ve sosyal yard\u0131m alanlar\u0131nda yeniden e\u011fitim programlar\u0131n\u0131n yan\u0131 s\u0131ra genel hem\u015firelik e\u011fitimi de veriyoruz.<\/p>\n<\/div><\/div>\n\n\n\n<hr class=\"wp-block-separator has-alpha-channel-opacity is-style-wide\"\/>\n\n\n\n<p class=\"has-text-color wp-block-paragraph\" style=\"color:#dc5642\">Bu fuar Bremen-Bremerhaven \u0130\u015f Ajans\u0131 ve Bremen \u0130\u015f Merkezi taraf\u0131ndan desteklenmektedir.<\/p>\n\n\n\n<figure class=\"wp-block-image size-full is-resized\"><img decoding=\"async\" src=\"https:\/\/www.vadib.de\/wp-content\/uploads\/2023\/03\/Agentur-fuer-Arbeit.png\" alt=\"\" class=\"wp-image-15041\" style=\"width:212px;height:60px\"\/><\/figure>\n\n\n\n<figure class=\"wp-block-image size-full is-resized\"><img loading=\"lazy\" decoding=\"async\" width=\"513\" height=\"98\" src=\"https:\/\/www.vadib.de\/wp-content\/uploads\/2018\/12\/Logo_Jobcenter-Bremen.png\" alt=\"\" class=\"wp-image-3311\" style=\"width:217px;height:42px\"\/><\/figure>\n\n\n\n<hr class=\"wp-block-separator has-alpha-channel-opacity is-style-wide\"\/>\n\n\n\n<figure class=\"wp-block-image size-full is-resized\"><a href=\"https:\/\/www.facebook.com\/LernmesseBremen\"><img loading=\"lazy\" decoding=\"async\" width=\"500\" height=\"94\" src=\"https:\/\/www.vadib.de\/wp-content\/uploads\/2023\/09\/Logo_facebook.png\" alt=\"\" class=\"wp-image-16450\" style=\"width:150px;height:28px\" srcset=\"https:\/\/www.vadib.de\/wp-content\/uploads\/2023\/09\/Logo_facebook.png 500w, https:\/\/www.vadib.de\/wp-content\/uploads\/2023\/09\/Logo_facebook-300x56.png 300w\" sizes=\"auto, (max-width: 500px) 100vw, 500px\" \/><\/a><\/figure>\n","protected":false},"excerpt":{"rendered":"<p>(Google Translator) Ticari fuar format\u0131m\u0131z \u2013 BURAYA bir g\u00f6z at\u0131n (V\u0130DEO) Bremen&#8217;deki WEST b\u00f6lgesi i\u00e7in &#8222;\u0130stihdam \u0130\u00e7in Nitelik Kazanma&#8220; fuar\u0131, 2 Eyl\u00fcl 2026 \u00c7ar\u015famba g\u00fcn\u00fc Gr\u00f6pelingen&#8217;deki Morgenland Mahalle E\u011fitim Merkezi&#8217;nde (QBZ) d\u00fczenlenecektir. Daha fazla e\u011fitim veya istihdam i\u00e7in bir teklif mi ar\u0131yorsunuz? O zaman tam olarak buradas\u0131n. \u015eimdi geni\u015f yelpazeyi tan\u0131y\u0131n. Ticaret fuar\u0131nda daha sonra &hellip; <\/p>\n<p class=\"link-more\"><a href=\"https:\/\/www.vadib.de\/?page_id=21377\" class=\"more-link\"><span class=\"screen-reader-text\">\u201eMesse_T\u00fcrkisch: \u0130leri e\u011fitim fuar\u0131\u201c <\/span>weiterlesen<\/a><\/p>\n","protected":false},"author":1,"featured_media":0,"parent":0,"menu_order":0,"comment_status":"closed","ping_status":"closed","template":"","meta":{"footnotes":""},"class_list":["post-21377","page","type-page","status-publish","hentry"],"_links":{"self":[{"href":"https:\/\/www.vadib.de\/index.php?rest_route=\/wp\/v2\/pages\/21377","targetHints":{"allow":["GET"]}}],"collection":[{"href":"https:\/\/www.vadib.de\/index.php?rest_route=\/wp\/v2\/pages"}],"about":[{"href":"https:\/\/www.vadib.de\/index.php?rest_route=\/wp\/v2\/types\/page"}],"author":[{"embeddable":true,"href":"https:\/\/www.vadib.de\/index.php?rest_route=\/wp\/v2\/users\/1"}],"replies":[{"embeddable":true,"href":"https:\/\/www.vadib.de\/index.php?rest_route=%2Fwp%2Fv2%2Fcomments&post=21377"}],"version-history":[{"count":90,"href":"https:\/\/www.vadib.de\/index.php?rest_route=\/wp\/v2\/pages\/21377\/revisions"}],"predecessor-version":[{"id":28253,"href":"https:\/\/www.vadib.de\/index.php?rest_route=\/wp\/v2\/pages\/21377\/revisions\/28253"}],"wp:attachment":[{"href":"https:\/\/www.vadib.de\/index.php?rest_route=%2Fwp%2Fv2%2Fmedia&parent=21377"}],"curies":[{"name":"wp","href":"https:\/\/api.w.org\/{rel}","templated":true}]}}